{"id":2951,"date":"2021-09-03T15:54:29","date_gmt":"2021-09-03T15:54:29","guid":{"rendered":"https:\/\/galerijajaksic.com\/lovre-jaksic\/"},"modified":"2021-09-24T10:40:43","modified_gmt":"2021-09-24T10:40:43","slug":"lovre-jaksic","status":"publish","type":"page","link":"https:\/\/galerijajaksic.com\/en\/lovre-jaksic\/","title":{"rendered":"Lovre Jak\u0161i\u0107"},"content":{"rendered":"<p>[vc_row][vc_column width=&#8221;1\/3&#8243;][vc_single_image image=&#8221;480&#8243; img_size=&#8221;326&#215;270&#8243; alignment=&#8221;center&#8221; onclick=&#8221;link_image&#8221; css_animation=&#8221;fadeIn&#8221;][\/vc_column][vc_column width=&#8221;2\/3&#8243;][vc_column_text]Lovre Jak\u0161i\u0107 is an academic sculptor who, from the very beginning of his schooling, has actively created art for private and public spaces and has continuously exhibited on the art scene. Due to the long family tradition of stone processing, Lovre is mostly dedicated to stone. In his work, he has many joint and independent projects. Thanks to his knowledge and abilities, he often makes monumental stone sculptures for private orders. His work in the field of public sculpture is also numerous. Lovre&#8217;s public sculptures are placed in several locations on the islands of Bra\u010d, Split, and Vukovar.<\/p>\n<p>He was born on September 18, 1981, in Split. After graduating from the School of Fine Arts in Split, majoring in Sculpting Design, he studied at the Academy of Arts of the University of Split, where he graduated in 2005 from the Department of Sculpture under the mentorship of prof. Kazimir Hraste. He is a member of HULU in Split.[\/vc_column_text][\/vc_column][\/vc_row][vc_row full_width=&#8221;stretch_row_content&#8221;][vc_column][vc_row_inner equal_height=&#8221;yes&#8221; content_placement=&#8221;middle&#8221; css=&#8221;.vc_custom_1542969769803{background-color: #f9f7ef !important;}&#8221;][vc_column_inner width=&#8221;1\/4&#8243; css=&#8221;.vc_custom_1542656447168{background-color: #4e4e50 !important;}&#8221;][vc_column_text css=&#8221;.vc_custom_1542908492442{padding-top: 0px !important;padding-right: 0px !important;padding-bottom: 0px !important;padding-left: 0px !important;}&#8221;]<\/p>\n<h2 style=\"text-align: center;\"><span style=\"color: #ffffff;\"><a style=\"color: #ffffff;\" href=\"https:\/\/galerijajaksic.com\/en\/lovre-jaksic\/exhibitions\/\"><span style=\"font-size: 50px; font-weight: 200;\">Exhibitions<\/span><\/a><\/span><\/h2>\n<p>[\/vc_column_text][\/vc_column_inner][vc_column_inner width=&#8221;3\/4&#8243;][vc_column_text]Lovre Jak\u0161i\u0107 has been actively exhibiting independently and in group exhibitions since 1996. Apart from the temporary public exhibitions, many of Lovre&#8217;s sculptures are in permanent display in places that enrich the public space.<\/p>\n<p style=\"text-align: right;\"><a href=\"https:\/\/galerijajaksic.com\/en\/lovre-jaksic\/exhibitions\/\"> read more &#8230; <\/a><\/p>\n<p>[\/vc_column_text][\/vc_column_inner][\/vc_row_inner][\/vc_column][\/vc_row][vc_row][vc_column width=&#8221;1\/3&#8243;][vc_single_image image=&#8221;571&#8243; img_size=&#8221;large&#8221; alignment=&#8221;center&#8221; onclick=&#8221;link_image&#8221;][\/vc_column][vc_column width=&#8221;1\/3&#8243;][vc_single_image image=&#8221;572&#8243; img_size=&#8221;large&#8221; alignment=&#8221;center&#8221; onclick=&#8221;link_image&#8221;][\/vc_column][vc_column width=&#8221;1\/3&#8243;][vc_single_image image=&#8221;573&#8243; img_size=&#8221;large&#8221; alignment=&#8221;center&#8221; onclick=&#8221;link_image&#8221;][\/vc_column][\/vc_row][vc_row full_width=&#8221;stretch_row_content&#8221; el_id=&#8221;lovre-radovi&#8221;][vc_column][vc_row_inner equal_height=&#8221;yes&#8221; content_placement=&#8221;middle&#8221; css=&#8221;.vc_custom_1542979985234{background-color: #f9f7ef !important;}&#8221;][vc_column_inner width=&#8221;3\/4&#8243;]<div class=\"blockquote\"><blockquote>&#8220;Lovre&#8217;s experience of form, due to its focus on the immediacy and vitality of the material, which it addresses daily, is constantly encouraged to reconsider and vary the solutions achieved.&#8221;<\/blockquote><p class=\"author\"><i class=\"icon-user\"><\/i><span>Barbara Vujanovi\u0107, art historian<\/span><\/p><\/div>\n[\/vc_column_inner][vc_column_inner width=&#8221;1\/4&#8243; css=&#8221;.vc_custom_1542656447168{background-color: #4e4e50 !important;}&#8221;][vc_column_text css=&#8221;.vc_custom_1542656559647{padding-top: 0px !important;padding-right: 0px !important;padding-bottom: 0px !important;padding-left: 0px !important;}&#8221;]<\/p>\n<h2 style=\"text-align: center;\"><span style=\"color: #f9f7ef; font-size: 50px; font-weight: 200;\">Opus<\/span><\/h2>\n<p>[\/vc_column_text][\/vc_column_inner][\/vc_row_inner][\/vc_column][\/vc_row][vc_row][vc_column][vc_column_text]<style type=\"text\/css\">.minimal-light .esg-navigationbutton{margin-top:16px;background:#f9f7ef}.esgbox-caption{text-transform:uppercase}a.eg-henryharrison-element-1,a.eg-henryharrison-element-2{-webkit-transition:all .4s linear;   -moz-transition:all .4s linear;   -o-transition:all .4s linear;   -ms-transition:all .4s linear;   transition:all .4s linear}.eg-jimmy-carter-element-11 i:before{margin-left:0px; margin-right:0px}.eg-harding-element-17{letter-spacing:1px}.eg-harding-wrapper .esg-entry-media{overflow:hidden; box-sizing:border-box;   -webkit-box-sizing:border-box;   -moz-box-sizing:border-box;   padding:30px 30px 0px 30px}.eg-harding-wrapper .esg-media-poster{overflow:hidden; border-radius:50%;   -webkit-border-radius:50%;   -moz-border-radius:50%}.eg-ulysses-s-grant-wrapper .esg-entry-media{overflow:hidden; box-sizing:border-box;   -webkit-box-sizing:border-box;   -moz-box-sizing:border-box;   padding:30px 30px 0px 30px}.eg-ulysses-s-grant-wrapper .esg-media-poster{overflow:hidden; border-radius:50%;   -webkit-border-radius:50%;   -moz-border-radius:50%}.eg-richard-nixon-wrapper .esg-entry-media{overflow:hidden; box-sizing:border-box;   -webkit-box-sizing:border-box;   -moz-box-sizing:border-box;   padding:30px 30px 0px 30px}.eg-richard-nixon-wrapper .esg-media-poster{overflow:hidden; border-radius:50%;   -webkit-border-radius:50%;   -moz-border-radius:50%}.eg-herbert-hoover-wrapper .esg-media-poster{filter:url(\"data:image\/svg+xml;utf8,<svg xmlns='http:\/\/www.w3.org\/2000\/svg'><filter id='grayscale'><feColorMatrix type='matrix' values='0.3333 0.3333 0.3333 0 0 0.3333 0.3333 0.3333 0 0 0.3333 0.3333 0.3333 0 0 0 0 0 1 0'\/><\/filter><\/svg>#grayscale\");   filter:gray;   -webkit-filter:grayscale(100%)}.eg-herbert-hoover-wrapper:hover .esg-media-poster{filter:url(\"data:image\/svg+xml;utf8,<svg xmlns='http:\/\/www.w3.org\/2000\/svg'><filter id='grayscale'><feColorMatrix type='matrix' values='1 0 0 0 0,0 1 0 0 0,0 0 1 0 0,0 0 0 1 0'\/><\/filter><\/svg>#grayscale\");  -webkit-filter:grayscale(0%)}.eg-lyndon-johnson-wrapper .esg-media-poster{filter:url(\"data:image\/svg+xml;utf8,<svg xmlns='http:\/\/www.w3.org\/2000\/svg'><filter id='grayscale'><feColorMatrix type='matrix' values='0.3333 0.3333 0.3333 0 0 0.3333 0.3333 0.3333 0 0 0.3333 0.3333 0.3333 0 0 0 0 0 1 0'\/><\/filter><\/svg>#grayscale\");   filter:gray;   -webkit-filter:grayscale(100%)}.eg-lyndon-johnson-wrapper:hover .esg-media-poster{filter:url(\"data:image\/svg+xml;utf8,<svg xmlns='http:\/\/www.w3.org\/2000\/svg'><filter id='grayscale'><feColorMatrix type='matrix' values='1 0 0 0 0,0 1 0 0 0,0 0 1 0 0,0 0 0 1 0'\/><\/filter><\/svg>#grayscale\");  -webkit-filter:grayscale(0%)}.esg-overlay.eg-ronald-reagan-container{background:-moz-linear-gradient(top,rgba(0,0,0,0) 50%,rgba(0,0,0,0.83) 99%,rgba(0,0,0,0.85) 100%); background:-webkit-gradient(linear,left top,left bottom,color-stop(50%,rgba(0,0,0,0)),color-stop(99%,rgba(0,0,0,0.83)),color-stop(100%,rgba(0,0,0,0.85))); background:-webkit-linear-gradient(top,rgba(0,0,0,0) 50%,rgba(0,0,0,0.83) 99%,rgba(0,0,0,0.85) 100%); background:-o-linear-gradient(top,rgba(0,0,0,0) 50%,rgba(0,0,0,0.83) 99%,rgba(0,0,0,0.85) 100%); background:-ms-linear-gradient(top,rgba(0,0,0,0) 50%,rgba(0,0,0,0.83) 99%,rgba(0,0,0,0.85) 100%); background:linear-gradient(to bottom,rgba(0,0,0,0) 50%,rgba(0,0,0,0.83) 99%,rgba(0,0,0,0.85) 100%); filter:progid:DXImageTransform.Microsoft.gradient( startColorstr='#00000000',endColorstr='#d9000000',GradientType=0 )}.eg-georgebush-wrapper .esg-entry-cover{background:-moz-linear-gradient(top,rgba(0,0,0,0) 50%,rgba(0,0,0,0.83) 99%,rgba(0,0,0,0.85) 100%); background:-webkit-gradient(linear,left top,left bottom,color-stop(50%,rgba(0,0,0,0)),color-stop(99%,rgba(0,0,0,0.83)),color-stop(100%,rgba(0,0,0,0.85))); background:-webkit-linear-gradient(top,rgba(0,0,0,0) 50%,rgba(0,0,0,0.83) 99%,rgba(0,0,0,0.85) 100%); background:-o-linear-gradient(top,rgba(0,0,0,0) 50%,rgba(0,0,0,0.83) 99%,rgba(0,0,0,0.85) 100%); background:-ms-linear-gradient(top,rgba(0,0,0,0) 50%,rgba(0,0,0,0.83) 99%,rgba(0,0,0,0.85) 100%); background:linear-gradient(to bottom,rgba(0,0,0,0) 50%,rgba(0,0,0,0.83) 99%,rgba(0,0,0,0.85) 100%); filter:progid:DXImageTransform.Microsoft.gradient( startColorstr='#00000000',endColorstr='#d9000000',GradientType=0 )}.eg-jefferson-wrapper{-webkit-border-radius:5px !important; -moz-border-radius:5px !important; border-radius:5px !important; -webkit-mask-image:url(data:image\/png;base64,iVBORw0KGgoAAAANSUhEUgAAAAEAAAABCAIAAACQd1PeAAAAGXRFWHRTb2Z0d2FyZQBBZG9iZSBJbWFnZVJlYWR5ccllPAAAAA5JREFUeNpiYGBgAAgwAAAEAAGbA+oJAAAAAElFTkSuQmCC) !important}.eg-monroe-element-1{text-shadow:0px 1px 3px rgba(0,0,0,0.1)}.eg-lyndon-johnson-wrapper .esg-entry-cover{background:-moz-radial-gradient(center,ellipse cover,rgba(0,0,0,0.35) 0%,rgba(18,18,18,0) 96%,rgba(19,19,19,0) 100%); background:-webkit-gradient(radial,center center,0px,center center,100%,color-stop(0%,rgba(0,0,0,0.35)),color-stop(96%,rgba(18,18,18,0)),color-stop(100%,rgba(19,19,19,0))); background:-webkit-radial-gradient(center,ellipse cover,rgba(0,0,0,0.35) 0%,rgba(18,18,18,0) 96%,rgba(19,19,19,0) 100%); background:-o-radial-gradient(center,ellipse cover,rgba(0,0,0,0.35) 0%,rgba(18,18,18,0) 96%,rgba(19,19,19,0) 100%); background:-ms-radial-gradient(center,ellipse cover,rgba(0,0,0,0.35) 0%,rgba(18,18,18,0) 96%,rgba(19,19,19,0) 100%); background:radial-gradient(ellipse at center,rgba(0,0,0,0.35) 0%,rgba(18,18,18,0) 96%,rgba(19,19,19,0) 100%); filter:progid:DXImageTransform.Microsoft.gradient( startColorstr='#59000000',endColorstr='#00131313',GradientType=1 )}.eg-wilbert-wrapper .esg-entry-cover{background:-moz-radial-gradient(center,ellipse cover,rgba(0,0,0,0.35) 0%,rgba(18,18,18,0) 96%,rgba(19,19,19,0) 100%); background:-webkit-gradient(radial,center center,0px,center center,100%,color-stop(0%,rgba(0,0,0,0.35)),color-stop(96%,rgba(18,18,18,0)),color-stop(100%,rgba(19,19,19,0))); background:-webkit-radial-gradient(center,ellipse cover,rgba(0,0,0,0.35) 0%,rgba(18,18,18,0) 96%,rgba(19,19,19,0) 100%); background:-o-radial-gradient(center,ellipse cover,rgba(0,0,0,0.35) 0%,rgba(18,18,18,0) 96%,rgba(19,19,19,0) 100%); background:-ms-radial-gradient(center,ellipse cover,rgba(0,0,0,0.35) 0%,rgba(18,18,18,0) 96%,rgba(19,19,19,0) 100%); background:radial-gradient(ellipse at center,rgba(0,0,0,0.35) 0%,rgba(18,18,18,0) 96%,rgba(19,19,19,0) 100%); filter:progid:DXImageTransform.Microsoft.gradient( startColorstr='#59000000',endColorstr='#00131313',GradientType=1 )}.eg-wilbert-wrapper .esg-media-poster{-webkit-transition:0.4s ease-in-out;  -moz-transition:0.4s ease-in-out;  -o-transition:0.4s ease-in-out;  transition:0.4s ease-in-out;  filter:url(\"data:image\/svg+xml;utf8,<svg xmlns='http:\/\/www.w3.org\/2000\/svg'><filter id='grayscale'><feColorMatrix type='matrix' values='0.3333 0.3333 0.3333 0 0 0.3333 0.3333 0.3333 0 0 0.3333 0.3333 0.3333 0 0 0 0 0 1 0'\/><\/filter><\/svg>#grayscale\");   filter:gray;   -webkit-filter:grayscale(100%)}.eg-wilbert-wrapper:hover .esg-media-poster{filter:url(\"data:image\/svg+xml;utf8,<svg xmlns='http:\/\/www.w3.org\/2000\/svg'><filter id='grayscale'><feColorMatrix type='matrix' values='1 0 0 0 0,0 1 0 0 0,0 0 1 0 0,0 0 0 1 0'\/><\/filter><\/svg>#grayscale\");  -webkit-filter:grayscale(0%)}.eg-phillie-element-3:after{content:\" \";width:0px;height:0px;border-style:solid;border-width:5px 5px 0 5px;border-color:#000 transparent transparent transparent;left:50%;margin-left:-5px; bottom:-5px; position:absolute}.eg-howardtaft-wrapper .esg-media-poster{filter:url(\"data:image\/svg+xml;utf8,<svg xmlns='http:\/\/www.w3.org\/2000\/svg'><filter id='grayscale'><feColorMatrix type='matrix' values='1 0 0 0 0,0 1 0 0 0,0 0 1 0 0,0 0 0 1 0'\/><\/filter><\/svg>#grayscale\");  -webkit-filter:grayscale(0%)}.eg-howardtaft-wrapper:hover .esg-media-poster{filter:url(\"data:image\/svg+xml;utf8,<svg xmlns='http:\/\/www.w3.org\/2000\/svg'><filter id='grayscale'><feColorMatrix type='matrix' values='0.3333 0.3333 0.3333 0 0 0.3333 0.3333 0.3333 0 0 0.3333 0.3333 0.3333 0 0 0 0 0 1 0'\/><\/filter><\/svg>#grayscale\");   filter:gray;   -webkit-filter:grayscale(100%)}.myportfolio-container .added_to_cart.wc-forward{font-family:\"Open Sans\"; font-size:13px; color:#fff; margin-top:10px}.esgbox-title.esgbox-title-outside-wrap{font-size:15px; font-weight:700; text-align:center}.esgbox-title.esgbox-title-inside-wrap{padding-bottom:10px; font-size:15px; font-weight:700; text-align:center}.esg-content.eg-twitterstream-element-33-a{display:inline-block}.eg-twitterstream-element-35{word-break:break-all}.esg-overlay.eg-twitterstream-container{background:-moz-linear-gradient(top,rgba(0,0,0,0) 50%,rgba(0,0,0,0.83) 99%,rgba(0,0,0,0.85) 100%); background:-webkit-gradient(linear,left top,left bottom,color-stop(50%,rgba(0,0,0,0)),color-stop(99%,rgba(0,0,0,0.83)),color-stop(100%,rgba(0,0,0,0.85))); background:-webkit-linear-gradient(top,rgba(0,0,0,0) 50%,rgba(0,0,0,0.83) 99%,rgba(0,0,0,0.85) 100%); background:-o-linear-gradient(top,rgba(0,0,0,0) 50%,rgba(0,0,0,0.83) 99%,rgba(0,0,0,0.85) 100%); background:-ms-linear-gradient(top,rgba(0,0,0,0) 50%,rgba(0,0,0,0.83) 99%,rgba(0,0,0,0.85) 100%); background:linear-gradient(to bottom,rgba(0,0,0,0) 50%,rgba(0,0,0,0.83) 99%,rgba(0,0,0,0.85) 100%); filter:progid:DXImageTransform.Microsoft.gradient( startColorstr='#00000000',endColorstr='#d9000000',GradientType=0 )}.esg-content.eg-facebookstream-element-33-a{display:inline-block}.eg-facebookstream-element-0{word-break:break-all}.esg-overlay.eg-flickrstream-container{background:-moz-linear-gradient(top,rgba(0,0,0,0) 50%,rgba(0,0,0,0.83) 99%,rgba(0,0,0,0.85) 100%); background:-webkit-gradient(linear,left top,left bottom,color-stop(50%,rgba(0,0,0,0)),color-stop(99%,rgba(0,0,0,0.83)),color-stop(100%,rgba(0,0,0,0.85))); background:-webkit-linear-gradient(top,rgba(0,0,0,0) 50%,rgba(0,0,0,0.83) 99%,rgba(0,0,0,0.85) 100%); background:-o-linear-gradient(top,rgba(0,0,0,0) 50%,rgba(0,0,0,0.83) 99%,rgba(0,0,0,0.85) 100%); background:-ms-linear-gradient(top,rgba(0,0,0,0) 50%,rgba(0,0,0,0.83) 99%,rgba(0,0,0,0.85) 100%); background:linear-gradient(to bottom,rgba(0,0,0,0) 50%,rgba(0,0,0,0.83) 99%,rgba(0,0,0,0.85) 100%); filter:progid:DXImageTransform.Microsoft.gradient( startColorstr='#00000000',endColorstr='#d9000000',GradientType=0 )}<\/style>\n<style type=\"text\/css\">.minimal-light .navigationbuttons,.minimal-light .esg-pagination,.minimal-light .esg-filters{text-align:center}.minimal-light .esg-filterbutton,.minimal-light .esg-navigationbutton,.minimal-light .esg-sortbutton,.minimal-light .esg-cartbutton a{color:#999; margin-right:5px; cursor:pointer; padding:0px 16px; border:1px solid #e5e5e5; line-height:38px; border-radius:5px; -moz-border-radius:5px; -webkit-border-radius:5px; font-size:12px; font-weight:700; font-family:\"Open Sans\",sans-serif; display:inline-block; background:#fff; margin-bottom:5px}.minimal-light .esg-navigationbutton *{color:#999}.minimal-light .esg-navigationbutton{padding:0px 16px}.minimal-light .esg-pagination-button:last-child{margin-right:0}.minimal-light .esg-left,.minimal-light .esg-right{padding:0px 11px}.minimal-light .esg-sortbutton-wrapper,.minimal-light .esg-cartbutton-wrapper{display:inline-block}.minimal-light .esg-sortbutton-order,.minimal-light .esg-cartbutton-order{display:inline-block;  vertical-align:top;  border:1px solid #e5e5e5;  width:40px;  line-height:38px;  border-radius:0px 5px 5px 0px;  -moz-border-radius:0px 5px 5px 0px;  -webkit-border-radius:0px 5px 5px 0px;  font-size:12px;  font-weight:700;  color:#999;  cursor:pointer;  background:#fff}.minimal-light .esg-cartbutton{color:#333; cursor:default !important}.minimal-light .esg-cartbutton .esgicon-basket{color:#333;   font-size:15px;   line-height:15px;   margin-right:10px}.minimal-light .esg-cartbutton-wrapper{cursor:default !important}.minimal-light .esg-sortbutton,.minimal-light .esg-cartbutton{display:inline-block; position:relative; cursor:pointer; margin-right:0px; border-right:none; border-radius:5px 0px 0px 5px; -moz-border-radius:5px 0px 0px 5px; -webkit-border-radius:5px 0px 0px 5px}.minimal-light .esg-navigationbutton:hover,.minimal-light .esg-filterbutton:hover,.minimal-light .esg-sortbutton:hover,.minimal-light .esg-sortbutton-order:hover,.minimal-light .esg-cartbutton a:hover,.minimal-light .esg-filterbutton.selected{background-color:#fff;   border-color:#bbb;   color:#333;   box-shadow:0px 3px 5px 0px rgba(0,0,0,0.13)}.minimal-light .esg-navigationbutton:hover *{color:#333}.minimal-light .esg-sortbutton-order.tp-desc:hover{border-color:#bbb; color:#333; box-shadow:0px -3px 5px 0px rgba(0,0,0,0.13) !important}.minimal-light .esg-filter-checked{padding:1px 3px;  color:#cbcbcb;  background:#cbcbcb;  margin-left:7px;  font-size:9px;  font-weight:300;  line-height:9px;  vertical-align:middle}.minimal-light .esg-filterbutton.selected .esg-filter-checked,.minimal-light .esg-filterbutton:hover .esg-filter-checked{padding:1px 3px 1px 3px;  color:#fff;  background:#000;  margin-left:7px;  font-size:9px;  font-weight:300;  line-height:9px;  vertical-align:middle}<\/style>\n<style type=\"text\/css\">.eg-jaksic-izlozbe-element-14{font-size:16px; line-height:20px; color:#bababa; font-weight:700; display:inline-block; float:none; clear:both; margin:15px 0px 0px 0px ; padding:5px 10px 5px 10px ; border-radius:0px 0px 0px 0px ; background:rgba(255,255,255,0); position:relative; z-index:2 !important; font-family:\"Open Sans\"; text-transform:uppercase}.eg-jaksic-izlozbe-element-15{font-size:12px !important; line-height:19px !important; color:#bababa !important; font-weight:600 !important; display:block !important; text-align:center !important; clear:both !important; margin:10px 0px 0px 0px !important; padding:0px 40px 0px 40px !important; border-radius:0px 0px 0px 0px !important; background:transparent !important; position:relative !important; z-index:2 !important; text-transform:uppercase !important}<\/style>\n<style type=\"text\/css\"><\/style>\n<style type=\"text\/css\">.eg-jaksic-izlozbe-container{background:rgba(0,0,0,0.65)}<\/style>\n<style type=\"text\/css\">.eg-jaksic-izlozbe-content{background:#ffffff; padding:0px 0px 0px 0px; border-width:0px 0px 0px 0px; border-radius:0px 0px 0px 0px; border-color:transparent; border-style:double; text-align:left}<\/style>\n<style type=\"text\/css\">.esg-grid .mainul li.eg-jaksic-izlozbe-wrapper{background:#3f424a; padding:0px 0px 0px 0px; border-width:0px 0px 0px 0px; border-radius:0px 0px 0px 0px; border-color:transparent; border-style:none}<\/style>\n<style type=\"text\/css\">.esg-grid .mainul li.eg-jaksic-izlozbe-wrapper .esg-media-poster{background-size:cover; background-position:center center; background-repeat:no-repeat}<\/style>\n<!-- THE ESSENTIAL GRID 3.0.14 CUSTOM -->\n\n<article class=\"myportfolio-container minimal-light esg-entry-skin-jaksic-izlozbe source_type_custom\" id=\"esg-grid-8-1-wrap\">\n\n   <div id=\"esg-grid-8-1\" class=\"esg-grid\" style=\"background: transparent;padding: 0px 0px 0px 0px ; box-sizing:border-box; -moz-box-sizing:border-box; -webkit-box-sizing:border-box;\">\n<article class=\"esg-filters esg-singlefilters\" style=\"margin-bottom: 10px; text-align: center; \"><!-- THE FILTER BUTTON --><div class=\"esg-filter-wrapper  esg-fgc-8\" style=\"margin-left: 2.5px; margin-right: 2.5px;\"><div class=\"esg-mobile-filter-button\"><span>Filter Categories<\/span><i class=\"eg-icon-down-open\"><\/i><\/div><div class=\"esg-filterbutton selected esg-allfilter\" data-filter=\"filterall\" data-fid=\"-1\"><span>Radovi<\/span><\/div><div class=\"esg-filterbutton\" data-fid=\"figurativneskulpture\" data-filter=\"filter-figurativneskulpture\"><span>Figurativne skulpture<\/span><span class=\"esg-filter-checked\"><i class=\"eg-icon-ok-1\"><\/i><\/span><\/div><div class=\"esg-filterbutton\" data-fid=\"javniradovi\" data-filter=\"filter-javniradovi\"><span>Javni radovi<\/span><span class=\"esg-filter-checked\"><i class=\"eg-icon-ok-1\"><\/i><\/span><\/div><div class=\"esg-filterbutton-last esg-filterbutton\" data-fid=\"moderneskulpture\" data-filter=\"filter-moderneskulpture\"><span>Moderne skulpture<\/span><span class=\"esg-filter-checked\"><i class=\"eg-icon-ok-1\"><\/i><\/span><\/div><div class=\"eg-clearfix\"><\/div><\/div><\/article><div class=\"esg-clear-no-height\"><\/div><ul>\n<li id=\"eg-8-post-id-0_3132\" data-skin=\"jaksic-izlozbe\" class=\"filterall filter-moderneskulpture eg-jaksic-izlozbe-wrapper eg-post-id-0\" data-date=\"\">\n    <div class=\"esg-media-cover-wrapper\">\n<div class=\"esg-entry-media\"><img src=\"https:\/\/galerijajaksic.com\/wp-content\/plugins\/essential-grid\/public\/assets\/images\/300x200transparent.png\" data-lazythumb=\"https:\/\/galerijajaksic.com\/wp-content\/uploads\/2019\/02\/1_lovre_jaksic_skulpture_bijeli_bracki_kamen4-25x25.jpg\" data-no-lazy=\"1\" data-lazysrc=\"https:\/\/galerijajaksic.com\/wp-content\/uploads\/2019\/02\/1_lovre_jaksic_skulpture_bijeli_bracki_kamen4.jpg\" alt=\"karijatide skulpture od kamena\" width=\"1080\" height=\"810\" data-bgposition=\"center top\"><\/div>\n\n            <div class=\"esg-entry-cover esg-transition\" data-delay=\"0\" data-duration=\"deafult\" data-clickable=\"on\" data-transition=\"esg-fade\">\n\n<a class=\"eg-invisiblebutton  esgbox\" href=\"https:\/\/galerijajaksic.com\/wp-content\/uploads\/2019\/02\/1_lovre_jaksic_skulpture_bijeli_bracki_kamen4.jpg\" data-thumb=\"https:\/\/galerijajaksic.com\/wp-content\/uploads\/2019\/02\/1_lovre_jaksic_skulpture_bijeli_bracki_kamen4-200x150.jpg\"  data-caption=\"&lt;div class=&quot;esgbox-caption-title&quot;&gt;KARIJATIDE&lt;\/div&gt;\"  data-width=\"1080\"  data-height=\"810\" ><\/a>                <div class=\"esg-overlay esg-transition eg-jaksic-izlozbe-container\" data-delay=\"0\" data-duration=\"default\" data-transition=\"esg-fade\"><\/div>\n\n              <div class=\"esg-center eg-jaksic-izlozbe-element-8 esg-none esg-clear esg-line-break\"><\/div>\n\t\t\t\t<div class=\"esg-center eg-jaksic-izlozbe-element-14 esg-transition\" data-delay=\"0.1\" data-duration=\"default\" data-transition=\"esg-flipup\">KARIJATIDE<\/div>\n\t\t\t\t<div class=\"esg-center eg-jaksic-izlozbe-element-15 esg-transition\" data-delay=\"0.46\" data-duration=\"default\" data-transition=\"esg-flipdown\">bijeli bra\u010dki kamen  \/ visina: 225 cm<\/div>\n              <div class=\"esg-center eg-jaksic-izlozbe-element-9 esg-none esg-clear esg-line-break\"><\/div>\n           <\/div>\n   <\/div>\n\n<\/li>\n<li id=\"eg-8-post-id-1_7288\" data-skin=\"jaksic-izlozbe\" class=\"filterall filter-moderneskulpture eg-jaksic-izlozbe-wrapper eg-post-id-1\" data-date=\"\">\n    <div class=\"esg-media-cover-wrapper\">\n<div class=\"esg-entry-media\"><img src=\"https:\/\/galerijajaksic.com\/wp-content\/plugins\/essential-grid\/public\/assets\/images\/300x200transparent.png\" data-lazythumb=\"https:\/\/galerijajaksic.com\/wp-content\/uploads\/2019\/02\/1_lovre_jaksic_skulpture_bijeli_bracki_kamen1-25x25.jpg\" data-no-lazy=\"1\" data-lazysrc=\"https:\/\/galerijajaksic.com\/wp-content\/uploads\/2019\/02\/1_lovre_jaksic_skulpture_bijeli_bracki_kamen1.jpg\" alt=\"Karijatide skulpture od kamena\" width=\"796\" height=\"1080\" data-bgposition=\"center top\"><\/div>\n\n            <div class=\"esg-entry-cover esg-transition\" data-delay=\"0\" data-duration=\"deafult\" data-clickable=\"on\" data-transition=\"esg-fade\">\n\n<a class=\"eg-invisiblebutton  esgbox\" href=\"https:\/\/galerijajaksic.com\/wp-content\/uploads\/2019\/02\/1_lovre_jaksic_skulpture_bijeli_bracki_kamen1.jpg\" data-thumb=\"https:\/\/galerijajaksic.com\/wp-content\/uploads\/2019\/02\/1_lovre_jaksic_skulpture_bijeli_bracki_kamen1-200x271.jpg\"  data-caption=\"&lt;div class=&quot;esgbox-caption-title&quot;&gt;KARIJATIDE \/ detalj&lt;\/div&gt;\"  data-width=\"796\"  data-height=\"1080\" ><\/a>                <div class=\"esg-overlay esg-transition eg-jaksic-izlozbe-container\" data-delay=\"0\" data-duration=\"default\" data-transition=\"esg-fade\"><\/div>\n\n              <div class=\"esg-center eg-jaksic-izlozbe-element-8 esg-none esg-clear esg-line-break\"><\/div>\n\t\t\t\t<div class=\"esg-center eg-jaksic-izlozbe-element-14 esg-transition\" data-delay=\"0.1\" data-duration=\"default\" data-transition=\"esg-flipup\">KARIJATIDE \/ detalj<\/div>\n\t\t\t\t<div class=\"esg-center eg-jaksic-izlozbe-element-15 esg-transition\" data-delay=\"0.46\" data-duration=\"default\" data-transition=\"esg-flipdown\">bijeli bra\u010dki kamen  \/ visina: 225 cm<\/div>\n              <div class=\"esg-center eg-jaksic-izlozbe-element-9 esg-none esg-clear esg-line-break\"><\/div>\n           <\/div>\n   <\/div>\n\n<\/li>\n<li id=\"eg-8-post-id-2_359\" data-skin=\"jaksic-izlozbe\" class=\"filterall filter-moderneskulpture eg-jaksic-izlozbe-wrapper eg-post-id-2\" data-date=\"\">\n    <div class=\"esg-media-cover-wrapper\">\n<div class=\"esg-entry-media\"><img src=\"https:\/\/galerijajaksic.com\/wp-content\/plugins\/essential-grid\/public\/assets\/images\/300x200transparent.png\" data-lazythumb=\"https:\/\/galerijajaksic.com\/wp-content\/uploads\/2019\/02\/1_lovre_jaksic_skulpture_bijeli_bracki_kamen2-25x25.jpg\" data-no-lazy=\"1\" data-lazysrc=\"https:\/\/galerijajaksic.com\/wp-content\/uploads\/2019\/02\/1_lovre_jaksic_skulpture_bijeli_bracki_kamen2.jpg\" alt=\"karijatide skulpture od kamena\" width=\"817\" height=\"1080\" data-bgposition=\"center top\"><\/div>\n\n            <div class=\"esg-entry-cover esg-transition\" data-delay=\"0\" data-duration=\"deafult\" data-clickable=\"on\" data-transition=\"esg-fade\">\n\n<a class=\"eg-invisiblebutton  esgbox\" href=\"https:\/\/galerijajaksic.com\/wp-content\/uploads\/2019\/02\/1_lovre_jaksic_skulpture_bijeli_bracki_kamen2.jpg\" data-thumb=\"https:\/\/galerijajaksic.com\/wp-content\/uploads\/2019\/02\/1_lovre_jaksic_skulpture_bijeli_bracki_kamen2-200x264.jpg\"  data-caption=\"&lt;div class=&quot;esgbox-caption-title&quot;&gt;KARIJATIDE \/ DETALJ&lt;\/div&gt;\"  data-width=\"817\"  data-height=\"1080\" ><\/a>                <div class=\"esg-overlay esg-transition eg-jaksic-izlozbe-container\" data-delay=\"0\" data-duration=\"default\" data-transition=\"esg-fade\"><\/div>\n\n              <div class=\"esg-center eg-jaksic-izlozbe-element-8 esg-none esg-clear esg-line-break\"><\/div>\n\t\t\t\t<div class=\"esg-center eg-jaksic-izlozbe-element-14 esg-transition\" data-delay=\"0.1\" data-duration=\"default\" data-transition=\"esg-flipup\">KARIJATIDE \/ DETALJ<\/div>\n\t\t\t\t<div class=\"esg-center eg-jaksic-izlozbe-element-15 esg-transition\" data-delay=\"0.46\" data-duration=\"default\" data-transition=\"esg-flipdown\">bijeli bra\u010dki kamen  \/ visina: 225 cm<\/div>\n              <div class=\"esg-center eg-jaksic-izlozbe-element-9 esg-none esg-clear esg-line-break\"><\/div>\n           <\/div>\n   <\/div>\n\n<\/li>\n<li id=\"eg-8-post-id-3_7314\" data-skin=\"jaksic-izlozbe\" class=\"filterall filter-moderneskulpture eg-jaksic-izlozbe-wrapper eg-post-id-3\" data-date=\"\">\n    <div class=\"esg-media-cover-wrapper\">\n<div class=\"esg-entry-media\"><img src=\"https:\/\/galerijajaksic.com\/wp-content\/plugins\/essential-grid\/public\/assets\/images\/300x200transparent.png\" data-lazythumb=\"https:\/\/galerijajaksic.com\/wp-content\/uploads\/2019\/02\/1_lovre_jaksic_skulpture_karijatide_bijeli_brac\u030cki_kamen-25x25.jpg\" data-no-lazy=\"1\" data-lazysrc=\"https:\/\/galerijajaksic.com\/wp-content\/uploads\/2019\/02\/1_lovre_jaksic_skulpture_karijatide_bijeli_brac\u030cki_kamen.jpg\" alt=\"an\u0111eo skulpture od kamena\" width=\"720\" height=\"1080\" data-bgposition=\"center top\"><\/div>\n\n            <div class=\"esg-entry-cover esg-transition\" data-delay=\"0\" data-duration=\"deafult\" data-clickable=\"on\" data-transition=\"esg-fade\">\n\n<a class=\"eg-invisiblebutton  esgbox\" href=\"https:\/\/galerijajaksic.com\/wp-content\/uploads\/2019\/02\/1_lovre_jaksic_skulpture_karijatide_bijeli_brac\u030cki_kamen.jpg\" data-thumb=\"https:\/\/galerijajaksic.com\/wp-content\/uploads\/2019\/02\/1_lovre_jaksic_skulpture_karijatide_bijeli_brac\u030cki_kamen-200x300.jpg\"  data-caption=\"&lt;div class=&quot;esgbox-caption-title&quot;&gt;KARIJATIDE&lt;\/div&gt;\"  data-width=\"720\"  data-height=\"1080\" ><\/a>                <div class=\"esg-overlay esg-transition eg-jaksic-izlozbe-container\" data-delay=\"0\" data-duration=\"default\" data-transition=\"esg-fade\"><\/div>\n\n              <div class=\"esg-center eg-jaksic-izlozbe-element-8 esg-none esg-clear esg-line-break\"><\/div>\n\t\t\t\t<div class=\"esg-center eg-jaksic-izlozbe-element-14 esg-transition\" data-delay=\"0.1\" data-duration=\"default\" data-transition=\"esg-flipup\">KARIJATIDE<\/div>\n\t\t\t\t<div class=\"esg-center eg-jaksic-izlozbe-element-15 esg-transition\" data-delay=\"0.46\" data-duration=\"default\" data-transition=\"esg-flipdown\">bijeli bra\u010dki kamen  \/ visina: 225 cm<\/div>\n              <div class=\"esg-center eg-jaksic-izlozbe-element-9 esg-none esg-clear esg-line-break\"><\/div>\n           <\/div>\n   <\/div>\n\n<\/li>\n<li id=\"eg-8-post-id-4_6518\" data-skin=\"jaksic-izlozbe\" class=\"filterall filter-moderneskulpture eg-jaksic-izlozbe-wrapper eg-post-id-4\" data-date=\"\">\n    <div class=\"esg-media-cover-wrapper\">\n<div class=\"esg-entry-media\"><img src=\"https:\/\/galerijajaksic.com\/wp-content\/plugins\/essential-grid\/public\/assets\/images\/300x200transparent.png\" data-lazythumb=\"https:\/\/galerijajaksic.com\/wp-content\/uploads\/2019\/02\/2_lovre_jaksic_an\u0111eo_skulpture_bijeli_brac\u030cki_kamen1-25x25.jpg\" data-no-lazy=\"1\" data-lazysrc=\"https:\/\/galerijajaksic.com\/wp-content\/uploads\/2019\/02\/2_lovre_jaksic_an\u0111eo_skulpture_bijeli_brac\u030cki_kamen1.jpg\" alt=\"karijatide skulpture od kamena\" width=\"757\" height=\"1080\" data-bgposition=\"center top\"><\/div>\n\n            <div class=\"esg-entry-cover esg-transition\" data-delay=\"0\" data-duration=\"deafult\" data-clickable=\"on\" data-transition=\"esg-fade\">\n\n<a class=\"eg-invisiblebutton  esgbox\" href=\"https:\/\/galerijajaksic.com\/wp-content\/uploads\/2019\/02\/2_lovre_jaksic_an\u0111eo_skulpture_bijeli_brac\u030cki_kamen1.jpg\" data-thumb=\"https:\/\/galerijajaksic.com\/wp-content\/uploads\/2019\/02\/2_lovre_jaksic_an\u0111eo_skulpture_bijeli_brac\u030cki_kamen1-200x285.jpg\"  data-caption=\"&lt;div class=&quot;esgbox-caption-title&quot;&gt;AN\u0110EO&lt;\/div&gt;\"  data-width=\"757\"  data-height=\"1080\" ><\/a>                <div class=\"esg-overlay esg-transition eg-jaksic-izlozbe-container\" data-delay=\"0\" data-duration=\"default\" data-transition=\"esg-fade\"><\/div>\n\n              <div class=\"esg-center eg-jaksic-izlozbe-element-8 esg-none esg-clear esg-line-break\"><\/div>\n\t\t\t\t<div class=\"esg-center eg-jaksic-izlozbe-element-14 esg-transition\" data-delay=\"0.1\" data-duration=\"default\" data-transition=\"esg-flipup\">AN\u0110EO<\/div>\n\t\t\t\t<div class=\"esg-center eg-jaksic-izlozbe-element-15 esg-transition\" data-delay=\"0.46\" data-duration=\"default\" data-transition=\"esg-flipdown\">bijeli bra\u010dki kamen \/ visina: 245 cm<\/div>\n              <div class=\"esg-center eg-jaksic-izlozbe-element-9 esg-none esg-clear esg-line-break\"><\/div>\n           <\/div>\n   <\/div>\n\n<\/li>\n<li id=\"eg-8-post-id-5_4189\" data-skin=\"jaksic-izlozbe\" class=\"filterall filter-moderneskulpture eg-jaksic-izlozbe-wrapper eg-post-id-5\" data-date=\"\">\n    <div class=\"esg-media-cover-wrapper\">\n<div class=\"esg-entry-media\"><img src=\"https:\/\/galerijajaksic.com\/wp-content\/plugins\/essential-grid\/public\/assets\/images\/300x200transparent.png\" data-lazythumb=\"https:\/\/galerijajaksic.com\/wp-content\/uploads\/2019\/02\/2_lovre_jaksic_an\u0111eo_skulpture_bijeli_brac\u030cki_kamen4-25x25.jpg\" data-no-lazy=\"1\" data-lazysrc=\"https:\/\/galerijajaksic.com\/wp-content\/uploads\/2019\/02\/2_lovre_jaksic_an\u0111eo_skulpture_bijeli_brac\u030cki_kamen4.jpg\" alt=\"an\u0111eo skulpture od kamena\" width=\"758\" height=\"1080\" data-bgposition=\"center top\"><\/div>\n\n            <div class=\"esg-entry-cover esg-transition\" data-delay=\"0\" data-duration=\"deafult\" data-clickable=\"on\" data-transition=\"esg-fade\">\n\n<a class=\"eg-invisiblebutton  esgbox\" href=\"https:\/\/galerijajaksic.com\/wp-content\/uploads\/2019\/02\/2_lovre_jaksic_an\u0111eo_skulpture_bijeli_brac\u030cki_kamen4.jpg\" data-thumb=\"https:\/\/galerijajaksic.com\/wp-content\/uploads\/2019\/02\/2_lovre_jaksic_an\u0111eo_skulpture_bijeli_brac\u030cki_kamen4-200x285.jpg\"  data-caption=\"&lt;div class=&quot;esgbox-caption-title&quot;&gt;AN\u0110EO&lt;\/div&gt;\"  data-width=\"758\"  data-height=\"1080\" ><\/a>                <div class=\"esg-overlay esg-transition eg-jaksic-izlozbe-container\" data-delay=\"0\" data-duration=\"default\" data-transition=\"esg-fade\"><\/div>\n\n              <div class=\"esg-center eg-jaksic-izlozbe-element-8 esg-none esg-clear esg-line-break\"><\/div>\n\t\t\t\t<div class=\"esg-center eg-jaksic-izlozbe-element-14 esg-transition\" data-delay=\"0.1\" data-duration=\"default\" data-transition=\"esg-flipup\">AN\u0110EO<\/div>\n\t\t\t\t<div class=\"esg-center eg-jaksic-izlozbe-element-15 esg-transition\" data-delay=\"0.46\" data-duration=\"default\" data-transition=\"esg-flipdown\">bijeli bra\u010dki kamen \/ visina: 245 cm<\/div>\n              <div class=\"esg-center eg-jaksic-izlozbe-element-9 esg-none esg-clear esg-line-break\"><\/div>\n           <\/div>\n   <\/div>\n\n<\/li>\n<li id=\"eg-8-post-id-6_6296\" data-skin=\"jaksic-izlozbe\" class=\"filterall filter-moderneskulpture eg-jaksic-izlozbe-wrapper eg-post-id-6\" data-date=\"\">\n    <div class=\"esg-media-cover-wrapper\">\n<div class=\"esg-entry-media\"><img src=\"https:\/\/galerijajaksic.com\/wp-content\/plugins\/essential-grid\/public\/assets\/images\/300x200transparent.png\" data-lazythumb=\"https:\/\/galerijajaksic.com\/wp-content\/uploads\/2019\/02\/2_lovre_jaksic_an\u0111eo_skulpture_bijeli_brac\u030cki_kamen2-25x25.jpg\" data-no-lazy=\"1\" data-lazysrc=\"https:\/\/galerijajaksic.com\/wp-content\/uploads\/2019\/02\/2_lovre_jaksic_an\u0111eo_skulpture_bijeli_brac\u030cki_kamen2.jpg\" alt=\"an\u0111eo skulpture od kamena\" width=\"721\" height=\"1080\"><\/div>\n\n            <div class=\"esg-entry-cover esg-transition\" data-delay=\"0\" data-duration=\"deafult\" data-clickable=\"on\" data-transition=\"esg-fade\">\n\n<a class=\"eg-invisiblebutton  esgbox\" href=\"https:\/\/galerijajaksic.com\/wp-content\/uploads\/2019\/02\/2_lovre_jaksic_an\u0111eo_skulpture_bijeli_brac\u030cki_kamen2.jpg\" data-thumb=\"https:\/\/galerijajaksic.com\/wp-content\/uploads\/2019\/02\/2_lovre_jaksic_an\u0111eo_skulpture_bijeli_brac\u030cki_kamen2-200x300.jpg\"  data-caption=\"&lt;div class=&quot;esgbox-caption-title&quot;&gt;AN\u0110EO \/ detalj&lt;\/div&gt;\"  data-width=\"721\"  data-height=\"1080\" ><\/a>                <div class=\"esg-overlay esg-transition eg-jaksic-izlozbe-container\" data-delay=\"0\" data-duration=\"default\" data-transition=\"esg-fade\"><\/div>\n\n              <div class=\"esg-center eg-jaksic-izlozbe-element-8 esg-none esg-clear esg-line-break\"><\/div>\n\t\t\t\t<div class=\"esg-center eg-jaksic-izlozbe-element-14 esg-transition\" data-delay=\"0.1\" data-duration=\"default\" data-transition=\"esg-flipup\">AN\u0110EO \/ detalj<\/div>\n\t\t\t\t<div class=\"esg-center eg-jaksic-izlozbe-element-15 esg-transition\" data-delay=\"0.46\" data-duration=\"default\" data-transition=\"esg-flipdown\">bijeli bra\u010dki kamen \/ visina: 245 cm<\/div>\n              <div class=\"esg-center eg-jaksic-izlozbe-element-9 esg-none esg-clear esg-line-break\"><\/div>\n           <\/div>\n   <\/div>\n\n<\/li>\n<li id=\"eg-8-post-id-7_8819\" data-skin=\"jaksic-izlozbe\" class=\"filterall filter-moderneskulpture eg-jaksic-izlozbe-wrapper eg-post-id-7\" data-date=\"\">\n    <div class=\"esg-media-cover-wrapper\">\n<div class=\"esg-entry-media\"><img src=\"https:\/\/galerijajaksic.com\/wp-content\/plugins\/essential-grid\/public\/assets\/images\/300x200transparent.png\" data-lazythumb=\"https:\/\/galerijajaksic.com\/wp-content\/uploads\/2019\/02\/2_lovre_jaksic_an\u0111eo_skulpture_bijeli_brac\u030cki_kamen3-25x25.jpg\" data-no-lazy=\"1\" data-lazysrc=\"https:\/\/galerijajaksic.com\/wp-content\/uploads\/2019\/02\/2_lovre_jaksic_an\u0111eo_skulpture_bijeli_brac\u030cki_kamen3.jpg\" alt=\"an\u0111eo skulpture od kamena\" width=\"1080\" height=\"810\"><\/div>\n\n            <div class=\"esg-entry-cover esg-transition\" data-delay=\"0\" data-duration=\"deafult\" data-clickable=\"on\" data-transition=\"esg-fade\">\n\n<a class=\"eg-invisiblebutton  esgbox\" href=\"https:\/\/galerijajaksic.com\/wp-content\/uploads\/2019\/02\/2_lovre_jaksic_an\u0111eo_skulpture_bijeli_brac\u030cki_kamen3.jpg\" data-thumb=\"https:\/\/galerijajaksic.com\/wp-content\/uploads\/2019\/02\/2_lovre_jaksic_an\u0111eo_skulpture_bijeli_brac\u030cki_kamen3-200x150.jpg\"  data-caption=\"&lt;div class=&quot;esgbox-caption-title&quot;&gt;AN\u0110EO&lt;\/div&gt;\"  data-width=\"1080\"  data-height=\"810\" ><\/a>                <div class=\"esg-overlay esg-transition eg-jaksic-izlozbe-container\" data-delay=\"0\" data-duration=\"default\" data-transition=\"esg-fade\"><\/div>\n\n              <div class=\"esg-center eg-jaksic-izlozbe-element-8 esg-none esg-clear esg-line-break\"><\/div>\n\t\t\t\t<div class=\"esg-center eg-jaksic-izlozbe-element-14 esg-transition\" data-delay=\"0.1\" data-duration=\"default\" data-transition=\"esg-flipup\">AN\u0110EO<\/div>\n\t\t\t\t<div class=\"esg-center eg-jaksic-izlozbe-element-15 esg-transition\" data-delay=\"0.46\" data-duration=\"default\" data-transition=\"esg-flipdown\">bijeli bra\u010dki kamen \/ visina: 245 cm<\/div>\n              <div class=\"esg-center eg-jaksic-izlozbe-element-9 esg-none esg-clear esg-line-break\"><\/div>\n           <\/div>\n   <\/div>\n\n<\/li>\n<li id=\"eg-8-post-id-8_5342\" data-skin=\"jaksic-izlozbe\" class=\"filterall filter-moderneskulpture eg-jaksic-izlozbe-wrapper eg-post-id-8\" data-date=\"\">\n    <div class=\"esg-media-cover-wrapper\">\n<div class=\"esg-entry-media\"><img src=\"https:\/\/galerijajaksic.com\/wp-content\/plugins\/essential-grid\/public\/assets\/images\/300x200transparent.png\" data-lazythumb=\"https:\/\/galerijajaksic.com\/wp-content\/uploads\/2019\/03\/4_kamene_skulpture_portreti_brac\u030cki_kamen_lovre_jaksic4-25x25.jpg\" data-no-lazy=\"1\" data-lazysrc=\"https:\/\/galerijajaksic.com\/wp-content\/uploads\/2019\/03\/4_kamene_skulpture_portreti_brac\u030cki_kamen_lovre_jaksic4.jpg\" alt=\"kamena skulptura portret bijeli bra\u010dki kamen Lovre Jak\u0161i\u0107\" width=\"736\" height=\"1060\" data-bgposition=\"center top\"><\/div>\n\n            <div class=\"esg-entry-cover esg-transition\" data-delay=\"0\" data-duration=\"deafult\" data-clickable=\"on\" data-transition=\"esg-fade\">\n\n<a class=\"eg-invisiblebutton  esgbox\" href=\"https:\/\/galerijajaksic.com\/wp-content\/uploads\/2019\/03\/4_kamene_skulpture_portreti_brac\u030cki_kamen_lovre_jaksic4.jpg\" data-thumb=\"https:\/\/galerijajaksic.com\/wp-content\/uploads\/2019\/03\/4_kamene_skulpture_portreti_brac\u030cki_kamen_lovre_jaksic4-200x288.jpg\"  data-caption=\"&lt;div class=&quot;esgbox-caption-title&quot;&gt;BLIND MAN&lt;\/div&gt;\"  data-width=\"736\"  data-height=\"1060\" ><\/a>                <div class=\"esg-overlay esg-transition eg-jaksic-izlozbe-container\" data-delay=\"0\" data-duration=\"default\" data-transition=\"esg-fade\"><\/div>\n\n              <div class=\"esg-center eg-jaksic-izlozbe-element-8 esg-none esg-clear esg-line-break\"><\/div>\n\t\t\t\t<div class=\"esg-center eg-jaksic-izlozbe-element-14 esg-transition\" data-delay=\"0.1\" data-duration=\"default\" data-transition=\"esg-flipup\">BLIND MAN<\/div>\n\t\t\t\t<div class=\"esg-center eg-jaksic-izlozbe-element-15 esg-transition\" data-delay=\"0.46\" data-duration=\"default\" data-transition=\"esg-flipdown\">bijeli bra\u010dki kamen \/ visina: 62 cm<\/div>\n              <div class=\"esg-center eg-jaksic-izlozbe-element-9 esg-none esg-clear esg-line-break\"><\/div>\n           <\/div>\n   <\/div>\n\n<\/li>\n<li id=\"eg-8-post-id-9_1353\" data-skin=\"jaksic-izlozbe\" class=\"filterall filter-moderneskulpture eg-jaksic-izlozbe-wrapper eg-post-id-9\" data-date=\"\">\n    <div class=\"esg-media-cover-wrapper\">\n<div class=\"esg-entry-media\"><img src=\"https:\/\/galerijajaksic.com\/wp-content\/plugins\/essential-grid\/public\/assets\/images\/300x200transparent.png\" data-lazythumb=\"https:\/\/galerijajaksic.com\/wp-content\/uploads\/2019\/03\/4_kamene_skulpture_portreti_brac\u030cki_kamen_lovre_jaksic1-25x25.jpg\" data-no-lazy=\"1\" data-lazysrc=\"https:\/\/galerijajaksic.com\/wp-content\/uploads\/2019\/03\/4_kamene_skulpture_portreti_brac\u030cki_kamen_lovre_jaksic1.jpg\" alt=\"kamena skulptura portret bijeli bra\u010dki kamen Lovre Jak\u0161i\u0107\" width=\"815\" height=\"1080\" data-bgposition=\"center top\"><\/div>\n\n            <div class=\"esg-entry-cover esg-transition\" data-delay=\"0\" data-duration=\"deafult\" data-clickable=\"on\" data-transition=\"esg-fade\">\n\n<a class=\"eg-invisiblebutton  esgbox\" href=\"https:\/\/galerijajaksic.com\/wp-content\/uploads\/2019\/03\/4_kamene_skulpture_portreti_brac\u030cki_kamen_lovre_jaksic1.jpg\" data-thumb=\"https:\/\/galerijajaksic.com\/wp-content\/uploads\/2019\/03\/4_kamene_skulpture_portreti_brac\u030cki_kamen_lovre_jaksic1-200x265.jpg\"  data-caption=\"&lt;div class=&quot;esgbox-caption-title&quot;&gt;MUTE MAN&lt;\/div&gt;\"  data-width=\"815\"  data-height=\"1080\" ><\/a>                <div class=\"esg-overlay esg-transition eg-jaksic-izlozbe-container\" data-delay=\"0\" data-duration=\"default\" data-transition=\"esg-fade\"><\/div>\n\n              <div class=\"esg-center eg-jaksic-izlozbe-element-8 esg-none esg-clear esg-line-break\"><\/div>\n\t\t\t\t<div class=\"esg-center eg-jaksic-izlozbe-element-14 esg-transition\" data-delay=\"0.1\" data-duration=\"default\" data-transition=\"esg-flipup\">MUTE MAN<\/div>\n\t\t\t\t<div class=\"esg-center eg-jaksic-izlozbe-element-15 esg-transition\" data-delay=\"0.46\" data-duration=\"default\" data-transition=\"esg-flipdown\">bijeli bra\u010dki kamen \/ visina: 62 cm<\/div>\n              <div class=\"esg-center eg-jaksic-izlozbe-element-9 esg-none esg-clear esg-line-break\"><\/div>\n           <\/div>\n   <\/div>\n\n<\/li>\n<li id=\"eg-8-post-id-10_9607\" data-skin=\"jaksic-izlozbe\" class=\"filterall filter-moderneskulpture eg-jaksic-izlozbe-wrapper eg-post-id-10\" data-date=\"\">\n    <div class=\"esg-media-cover-wrapper\">\n<div class=\"esg-entry-media\"><img src=\"https:\/\/galerijajaksic.com\/wp-content\/plugins\/essential-grid\/public\/assets\/images\/300x200transparent.png\" data-lazythumb=\"https:\/\/galerijajaksic.com\/wp-content\/uploads\/2019\/03\/4_kamene_skulpture_portreti_brac\u030cki_kamen_lovre_jaksic6-25x25.jpg\" data-no-lazy=\"1\" data-lazysrc=\"https:\/\/galerijajaksic.com\/wp-content\/uploads\/2019\/03\/4_kamene_skulpture_portreti_brac\u030cki_kamen_lovre_jaksic6.jpg\" alt=\"kamena skulptura portret bijeli bra\u010dki kamen Lovre Jak\u0161i\u0107\" width=\"797\" height=\"1060\" data-bgposition=\"center top\"><\/div>\n\n            <div class=\"esg-entry-cover esg-transition\" data-delay=\"0\" data-duration=\"deafult\" data-clickable=\"on\" data-transition=\"esg-fade\">\n\n<a class=\"eg-invisiblebutton  esgbox\" href=\"https:\/\/galerijajaksic.com\/wp-content\/uploads\/2019\/03\/4_kamene_skulpture_portreti_brac\u030cki_kamen_lovre_jaksic6.jpg\" data-thumb=\"https:\/\/galerijajaksic.com\/wp-content\/uploads\/2019\/03\/4_kamene_skulpture_portreti_brac\u030cki_kamen_lovre_jaksic6-200x266.jpg\"  data-caption=\"&lt;div class=&quot;esgbox-caption-title&quot;&gt;GHOST IN STONE&lt;\/div&gt;\"  data-width=\"797\"  data-height=\"1060\" ><\/a>                <div class=\"esg-overlay esg-transition eg-jaksic-izlozbe-container\" data-delay=\"0\" data-duration=\"default\" data-transition=\"esg-fade\"><\/div>\n\n              <div class=\"esg-center eg-jaksic-izlozbe-element-8 esg-none esg-clear esg-line-break\"><\/div>\n\t\t\t\t<div class=\"esg-center eg-jaksic-izlozbe-element-14 esg-transition\" data-delay=\"0.1\" data-duration=\"default\" data-transition=\"esg-flipup\">GHOST IN STONE<\/div>\n\t\t\t\t<div class=\"esg-center eg-jaksic-izlozbe-element-15 esg-transition\" data-delay=\"0.46\" data-duration=\"default\" data-transition=\"esg-flipdown\">bijeli bra\u010dki kamen \/ visina: 62 cm<\/div>\n              <div class=\"esg-center eg-jaksic-izlozbe-element-9 esg-none esg-clear esg-line-break\"><\/div>\n           <\/div>\n   <\/div>\n\n<\/li>\n<li id=\"eg-8-post-id-11_6761\" data-skin=\"jaksic-izlozbe\" class=\"filterall filter-moderneskulpture eg-jaksic-izlozbe-wrapper eg-post-id-11\" data-date=\"\">\n    <div class=\"esg-media-cover-wrapper\">\n<div class=\"esg-entry-media\"><img src=\"https:\/\/galerijajaksic.com\/wp-content\/plugins\/essential-grid\/public\/assets\/images\/300x200transparent.png\" data-lazythumb=\"https:\/\/galerijajaksic.com\/wp-content\/uploads\/2019\/03\/4_kamene_skulpture_portreti_brac\u030cki_kamen_lovre_jaksic8-25x25.jpg\" data-no-lazy=\"1\" data-lazysrc=\"https:\/\/galerijajaksic.com\/wp-content\/uploads\/2019\/03\/4_kamene_skulpture_portreti_brac\u030cki_kamen_lovre_jaksic8.jpg\" alt=\"kamena skulptura portret bijeli bra\u010dki kamen Lovre Jak\u0161i\u0107\" width=\"1080\" height=\"810\" data-bgposition=\"center top\"><\/div>\n\n            <div class=\"esg-entry-cover esg-transition\" data-delay=\"0\" data-duration=\"deafult\" data-clickable=\"on\" data-transition=\"esg-fade\">\n\n<a class=\"eg-invisiblebutton  esgbox\" href=\"https:\/\/galerijajaksic.com\/wp-content\/uploads\/2019\/03\/4_kamene_skulpture_portreti_brac\u030cki_kamen_lovre_jaksic8.jpg\" data-thumb=\"https:\/\/galerijajaksic.com\/wp-content\/uploads\/2019\/03\/4_kamene_skulpture_portreti_brac\u030cki_kamen_lovre_jaksic8-200x150.jpg\"  data-caption=\"&lt;div class=&quot;esgbox-caption-title&quot;&gt;POET&lt;\/div&gt;\"  data-width=\"1080\"  data-height=\"810\" ><\/a>                <div class=\"esg-overlay esg-transition eg-jaksic-izlozbe-container\" data-delay=\"0\" data-duration=\"default\" data-transition=\"esg-fade\"><\/div>\n\n              <div class=\"esg-center eg-jaksic-izlozbe-element-8 esg-none esg-clear esg-line-break\"><\/div>\n\t\t\t\t<div class=\"esg-center eg-jaksic-izlozbe-element-14 esg-transition\" data-delay=\"0.1\" data-duration=\"default\" data-transition=\"esg-flipup\">POET<\/div>\n\t\t\t\t<div class=\"esg-center eg-jaksic-izlozbe-element-15 esg-transition\" data-delay=\"0.46\" data-duration=\"default\" data-transition=\"esg-flipdown\">bijeli bra\u010dki kamen \/ visina: 40 cm<\/div>\n              <div class=\"esg-center eg-jaksic-izlozbe-element-9 esg-none esg-clear esg-line-break\"><\/div>\n           <\/div>\n   <\/div>\n\n<\/li>\n<li id=\"eg-8-post-id-12_4994\" data-skin=\"jaksic-izlozbe\" class=\"filterall filter-moderneskulpture eg-jaksic-izlozbe-wrapper eg-post-id-12\" data-date=\"\">\n    <div class=\"esg-media-cover-wrapper\">\n<div class=\"esg-entry-media\"><img src=\"https:\/\/galerijajaksic.com\/wp-content\/plugins\/essential-grid\/public\/assets\/images\/300x200transparent.png\" data-lazythumb=\"https:\/\/galerijajaksic.com\/wp-content\/uploads\/2019\/03\/5_kamene_skulpture_lovre_jaksic1-25x25.jpg\" data-no-lazy=\"1\" data-lazysrc=\"https:\/\/galerijajaksic.com\/wp-content\/uploads\/2019\/03\/5_kamene_skulpture_lovre_jaksic1.jpg\" alt=\"Kamene skulpture bra\u010dki kamen Lovre Jaksic\" width=\"659\" height=\"1060\" data-bgposition=\"center top\"><\/div>\n\n            <div class=\"esg-entry-cover esg-transition\" data-delay=\"0\" data-duration=\"deafult\" data-clickable=\"on\" data-transition=\"esg-fade\">\n\n<a class=\"eg-invisiblebutton  esgbox\" href=\"https:\/\/galerijajaksic.com\/wp-content\/uploads\/2019\/03\/5_kamene_skulpture_lovre_jaksic1.jpg\" data-thumb=\"https:\/\/galerijajaksic.com\/wp-content\/uploads\/2019\/03\/5_kamene_skulpture_lovre_jaksic1-200x322.jpg\"  data-caption=\"&lt;div class=&quot;esgbox-caption-title&quot;&gt;ON&lt;\/div&gt;\"  data-width=\"659\"  data-height=\"1060\" ><\/a>                <div class=\"esg-overlay esg-transition eg-jaksic-izlozbe-container\" data-delay=\"0\" data-duration=\"default\" data-transition=\"esg-fade\"><\/div>\n\n              <div class=\"esg-center eg-jaksic-izlozbe-element-8 esg-none esg-clear esg-line-break\"><\/div>\n\t\t\t\t<div class=\"esg-center eg-jaksic-izlozbe-element-14 esg-transition\" data-delay=\"0.1\" data-duration=\"default\" data-transition=\"esg-flipup\">ON<\/div>\n\t\t\t\t<div class=\"esg-center eg-jaksic-izlozbe-element-15 esg-transition\" data-delay=\"0.46\" data-duration=\"default\" data-transition=\"esg-flipdown\">bijeli bra\u010dki kamen \/ visina: 42 cm<\/div>\n              <div class=\"esg-center eg-jaksic-izlozbe-element-9 esg-none esg-clear esg-line-break\"><\/div>\n           <\/div>\n   <\/div>\n\n<\/li>\n<li id=\"eg-8-post-id-13_4228\" data-skin=\"jaksic-izlozbe\" class=\"filterall filter-moderneskulpture eg-jaksic-izlozbe-wrapper eg-post-id-13\" data-date=\"\">\n    <div class=\"esg-media-cover-wrapper\">\n<div class=\"esg-entry-media\"><img src=\"https:\/\/galerijajaksic.com\/wp-content\/plugins\/essential-grid\/public\/assets\/images\/300x200transparent.png\" data-lazythumb=\"https:\/\/galerijajaksic.com\/wp-content\/uploads\/2019\/03\/5_kamene_skulpture_lovre_jaksic2-25x25.jpg\" data-no-lazy=\"1\" data-lazysrc=\"https:\/\/galerijajaksic.com\/wp-content\/uploads\/2019\/03\/5_kamene_skulpture_lovre_jaksic2.jpg\" alt=\"Kamene skulpture bra\u010dki kamen Lovre Jaksic\" width=\"844\" height=\"1060\" data-bgposition=\"center top\"><\/div>\n\n            <div class=\"esg-entry-cover esg-transition\" data-delay=\"0\" data-duration=\"deafult\" data-clickable=\"on\" data-transition=\"esg-fade\">\n\n<a class=\"eg-invisiblebutton  esgbox\" href=\"https:\/\/galerijajaksic.com\/wp-content\/uploads\/2019\/03\/5_kamene_skulpture_lovre_jaksic2.jpg\" data-thumb=\"https:\/\/galerijajaksic.com\/wp-content\/uploads\/2019\/03\/5_kamene_skulpture_lovre_jaksic2-200x251.jpg\"  data-caption=\"&lt;div class=&quot;esgbox-caption-title&quot;&gt;\u017dENSKA FIGURA&lt;\/div&gt;\"  data-width=\"844\"  data-height=\"1060\" ><\/a>                <div class=\"esg-overlay esg-transition eg-jaksic-izlozbe-container\" data-delay=\"0\" data-duration=\"default\" data-transition=\"esg-fade\"><\/div>\n\n              <div class=\"esg-center eg-jaksic-izlozbe-element-8 esg-none esg-clear esg-line-break\"><\/div>\n\t\t\t\t<div class=\"esg-center eg-jaksic-izlozbe-element-14 esg-transition\" data-delay=\"0.1\" data-duration=\"default\" data-transition=\"esg-flipup\">\u017dENSKA FIGURA<\/div>\n\t\t\t\t<div class=\"esg-center eg-jaksic-izlozbe-element-15 esg-transition\" data-delay=\"0.46\" data-duration=\"default\" data-transition=\"esg-flipdown\">bijeli bra\u010dki kamen<\/div>\n              <div class=\"esg-center eg-jaksic-izlozbe-element-9 esg-none esg-clear esg-line-break\"><\/div>\n           <\/div>\n   <\/div>\n\n<\/li>\n<li id=\"eg-8-post-id-14_4913\" data-skin=\"jaksic-izlozbe\" class=\"filterall filter-moderneskulpture eg-jaksic-izlozbe-wrapper eg-post-id-14\" data-date=\"\">\n    <div class=\"esg-media-cover-wrapper\">\n<div class=\"esg-entry-media\"><img src=\"https:\/\/galerijajaksic.com\/wp-content\/plugins\/essential-grid\/public\/assets\/images\/300x200transparent.png\" data-lazythumb=\"https:\/\/galerijajaksic.com\/wp-content\/uploads\/2019\/03\/5_kamene_skulpture_lovre_jaksic4-25x25.jpg\" data-no-lazy=\"1\" data-lazysrc=\"https:\/\/galerijajaksic.com\/wp-content\/uploads\/2019\/03\/5_kamene_skulpture_lovre_jaksic4.jpg\" alt=\"Kamene skulpture bra\u010dki kamen Lovre Jaksic\" width=\"720\" height=\"1080\" data-bgposition=\"center top\"><\/div>\n\n            <div class=\"esg-entry-cover esg-transition\" data-delay=\"0\" data-duration=\"deafult\" data-clickable=\"on\" data-transition=\"esg-fade\">\n\n<a class=\"eg-invisiblebutton  esgbox\" href=\"https:\/\/galerijajaksic.com\/wp-content\/uploads\/2019\/03\/5_kamene_skulpture_lovre_jaksic4.jpg\" data-thumb=\"https:\/\/galerijajaksic.com\/wp-content\/uploads\/2019\/03\/5_kamene_skulpture_lovre_jaksic4-200x300.jpg\"  data-caption=\"&lt;div class=&quot;esgbox-caption-title&quot;&gt;ONA&lt;\/div&gt;\"  data-width=\"720\"  data-height=\"1080\" ><\/a>                <div class=\"esg-overlay esg-transition eg-jaksic-izlozbe-container\" data-delay=\"0\" data-duration=\"default\" data-transition=\"esg-fade\"><\/div>\n\n              <div class=\"esg-center eg-jaksic-izlozbe-element-8 esg-none esg-clear esg-line-break\"><\/div>\n\t\t\t\t<div class=\"esg-center eg-jaksic-izlozbe-element-14 esg-transition\" data-delay=\"0.1\" data-duration=\"default\" data-transition=\"esg-flipup\">ONA<\/div>\n\t\t\t\t<div class=\"esg-center eg-jaksic-izlozbe-element-15 esg-transition\" data-delay=\"0.46\" data-duration=\"default\" data-transition=\"esg-flipdown\">bijeli bra\u010dki kamen \/ visina: 60 cm<\/div>\n              <div class=\"esg-center eg-jaksic-izlozbe-element-9 esg-none esg-clear esg-line-break\"><\/div>\n           <\/div>\n   <\/div>\n\n<\/li>\n<li id=\"eg-8-post-id-15_8353\" data-skin=\"jaksic-izlozbe\" class=\"filterall filter-moderneskulpture eg-jaksic-izlozbe-wrapper eg-post-id-15\" data-date=\"\">\n    <div class=\"esg-media-cover-wrapper\">\n<div class=\"esg-entry-media\"><img src=\"https:\/\/galerijajaksic.com\/wp-content\/plugins\/essential-grid\/public\/assets\/images\/300x200transparent.png\" data-lazythumb=\"https:\/\/galerijajaksic.com\/wp-content\/uploads\/2019\/03\/5_kamene_skulpture_lovre_jaksic3-25x25.jpg\" data-no-lazy=\"1\" data-lazysrc=\"https:\/\/galerijajaksic.com\/wp-content\/uploads\/2019\/03\/5_kamene_skulpture_lovre_jaksic3.jpg\" alt=\"Kamene skulpture bra\u010dki kamen Lovre Jaksic\" width=\"720\" height=\"1080\" data-bgposition=\"center top\"><\/div>\n\n            <div class=\"esg-entry-cover esg-transition\" data-delay=\"0\" data-duration=\"deafult\" data-clickable=\"on\" data-transition=\"esg-fade\">\n\n<a class=\"eg-invisiblebutton  esgbox\" href=\"https:\/\/galerijajaksic.com\/wp-content\/uploads\/2019\/03\/5_kamene_skulpture_lovre_jaksic3.jpg\" data-thumb=\"https:\/\/galerijajaksic.com\/wp-content\/uploads\/2019\/03\/5_kamene_skulpture_lovre_jaksic3-200x300.jpg\"  data-caption=\"&lt;div class=&quot;esgbox-caption-title&quot;&gt;\u017dENSKA FIGURA&lt;\/div&gt;\"  data-width=\"720\"  data-height=\"1080\" ><\/a>                <div class=\"esg-overlay esg-transition eg-jaksic-izlozbe-container\" data-delay=\"0\" data-duration=\"default\" data-transition=\"esg-fade\"><\/div>\n\n              <div class=\"esg-center eg-jaksic-izlozbe-element-8 esg-none esg-clear esg-line-break\"><\/div>\n\t\t\t\t<div class=\"esg-center eg-jaksic-izlozbe-element-14 esg-transition\" data-delay=\"0.1\" data-duration=\"default\" data-transition=\"esg-flipup\">\u017dENSKA FIGURA<\/div>\n\t\t\t\t<div class=\"esg-center eg-jaksic-izlozbe-element-15 esg-transition\" data-delay=\"0.46\" data-duration=\"default\" data-transition=\"esg-flipdown\">bijeli bra\u010dki kamen<\/div>\n              <div class=\"esg-center eg-jaksic-izlozbe-element-9 esg-none esg-clear esg-line-break\"><\/div>\n           <\/div>\n   <\/div>\n\n<\/li>\n<li id=\"eg-8-post-id-16_249\" data-skin=\"jaksic-izlozbe\" class=\"filterall filter-moderneskulpture eg-jaksic-izlozbe-wrapper eg-post-id-16\" data-date=\"\">\n    <div class=\"esg-media-cover-wrapper\">\n<div class=\"esg-entry-media\"><img src=\"https:\/\/galerijajaksic.com\/wp-content\/plugins\/essential-grid\/public\/assets\/images\/300x200transparent.png\" data-lazythumb=\"https:\/\/galerijajaksic.com\/wp-content\/uploads\/2019\/03\/10_kamene_skulpture_brac\u030cki_kamen_lovre_jaksic3-25x25.jpg\" data-no-lazy=\"1\" data-lazysrc=\"https:\/\/galerijajaksic.com\/wp-content\/uploads\/2019\/03\/10_kamene_skulpture_brac\u030cki_kamen_lovre_jaksic3.jpg\" alt=\"Kamene skulpture bra\u010dki kamen Lovre Jaksic\" width=\"1080\" height=\"810\"><\/div>\n\n            <div class=\"esg-entry-cover esg-transition\" data-delay=\"0\" data-duration=\"deafult\" data-clickable=\"on\" data-transition=\"esg-fade\">\n\n<a class=\"eg-invisiblebutton  esgbox\" href=\"https:\/\/galerijajaksic.com\/wp-content\/uploads\/2019\/03\/10_kamene_skulpture_brac\u030cki_kamen_lovre_jaksic3.jpg\" data-thumb=\"https:\/\/galerijajaksic.com\/wp-content\/uploads\/2019\/03\/10_kamene_skulpture_brac\u030cki_kamen_lovre_jaksic3-200x150.jpg\"  data-caption=\"&lt;div class=&quot;esgbox-caption-title&quot;&gt;LE\u017dE\u0106A FIGURA&lt;\/div&gt;\"  data-width=\"1080\"  data-height=\"810\" ><\/a>                <div class=\"esg-overlay esg-transition eg-jaksic-izlozbe-container\" data-delay=\"0\" data-duration=\"default\" data-transition=\"esg-fade\"><\/div>\n\n              <div class=\"esg-center eg-jaksic-izlozbe-element-8 esg-none esg-clear esg-line-break\"><\/div>\n\t\t\t\t<div class=\"esg-center eg-jaksic-izlozbe-element-14 esg-transition\" data-delay=\"0.1\" data-duration=\"default\" data-transition=\"esg-flipup\">LE\u017dE\u0106A FIGURA<\/div>\n\t\t\t\t<div class=\"esg-center eg-jaksic-izlozbe-element-15 esg-transition\" data-delay=\"0.46\" data-duration=\"default\" data-transition=\"esg-flipdown\">bijeli bra\u010dki kamen \/ du\u017eina: 63 cm<\/div>\n              <div class=\"esg-center eg-jaksic-izlozbe-element-9 esg-none esg-clear esg-line-break\"><\/div>\n           <\/div>\n   <\/div>\n\n<\/li>\n<li id=\"eg-8-post-id-17_6266\" data-skin=\"jaksic-izlozbe\" class=\"filterall filter-moderneskulpture eg-jaksic-izlozbe-wrapper eg-post-id-17\" data-date=\"\">\n    <div class=\"esg-media-cover-wrapper\">\n<div class=\"esg-entry-media\"><img src=\"https:\/\/galerijajaksic.com\/wp-content\/plugins\/essential-grid\/public\/assets\/images\/300x200transparent.png\" data-lazythumb=\"https:\/\/galerijajaksic.com\/wp-content\/uploads\/2019\/03\/10_kamene_skulpture_brac\u030cki_kamen_lovre_jaksic4-25x25.jpg\" data-no-lazy=\"1\" data-lazysrc=\"https:\/\/galerijajaksic.com\/wp-content\/uploads\/2019\/03\/10_kamene_skulpture_brac\u030cki_kamen_lovre_jaksic4.jpg\" alt=\"\" width=\"1080\" height=\"810\"><\/div>\n\n            <div class=\"esg-entry-cover esg-transition\" data-delay=\"0\" data-duration=\"deafult\" data-clickable=\"on\" data-transition=\"esg-fade\">\n\n<a class=\"eg-invisiblebutton  esgbox\" href=\"https:\/\/galerijajaksic.com\/wp-content\/uploads\/2019\/03\/10_kamene_skulpture_brac\u030cki_kamen_lovre_jaksic4.jpg\" data-thumb=\"https:\/\/galerijajaksic.com\/wp-content\/uploads\/2019\/03\/10_kamene_skulpture_brac\u030cki_kamen_lovre_jaksic4-200x150.jpg\"  data-caption=\"&lt;div class=&quot;esgbox-caption-title&quot;&gt;SJEDE\u0106A FIGURA&lt;\/div&gt;\"  data-width=\"1080\"  data-height=\"810\" ><\/a>                <div class=\"esg-overlay esg-transition eg-jaksic-izlozbe-container\" data-delay=\"0\" data-duration=\"default\" data-transition=\"esg-fade\"><\/div>\n\n              <div class=\"esg-center eg-jaksic-izlozbe-element-8 esg-none esg-clear esg-line-break\"><\/div>\n\t\t\t\t<div class=\"esg-center eg-jaksic-izlozbe-element-14 esg-transition\" data-delay=\"0.1\" data-duration=\"default\" data-transition=\"esg-flipup\">SJEDE\u0106A FIGURA<\/div>\n\t\t\t\t<div class=\"esg-center eg-jaksic-izlozbe-element-15 esg-transition\" data-delay=\"0.46\" data-duration=\"default\" data-transition=\"esg-flipdown\">bijeli bra\u010dki kamen \/ visina: 27 cm<\/div>\n              <div class=\"esg-center eg-jaksic-izlozbe-element-9 esg-none esg-clear esg-line-break\"><\/div>\n           <\/div>\n   <\/div>\n\n<\/li>\n<li id=\"eg-8-post-id-18_9802\" data-skin=\"jaksic-izlozbe\" class=\"filterall filter-moderneskulpture eg-jaksic-izlozbe-wrapper eg-post-id-18\" data-date=\"\">\n    <div class=\"esg-media-cover-wrapper\">\n<div class=\"esg-entry-media\"><img src=\"https:\/\/galerijajaksic.com\/wp-content\/plugins\/essential-grid\/public\/assets\/images\/300x200transparent.png\" data-lazythumb=\"https:\/\/galerijajaksic.com\/wp-content\/uploads\/2019\/03\/10_kamene_skulpture_brac\u030cki_kamen_lovre_jaksic2-25x25.jpg\" data-no-lazy=\"1\" data-lazysrc=\"https:\/\/galerijajaksic.com\/wp-content\/uploads\/2019\/03\/10_kamene_skulpture_brac\u030cki_kamen_lovre_jaksic2.jpg\" alt=\"an\u0111eo Kamene skulpture bra\u010dki kamen Lovre Jaksic\" width=\"1080\" height=\"810\" data-bgposition=\"center top\"><\/div>\n\n            <div class=\"esg-entry-cover esg-transition\" data-delay=\"0\" data-duration=\"deafult\" data-clickable=\"on\" data-transition=\"esg-fade\">\n\n<a class=\"eg-invisiblebutton  esgbox\" href=\"https:\/\/galerijajaksic.com\/wp-content\/uploads\/2019\/03\/10_kamene_skulpture_brac\u030cki_kamen_lovre_jaksic2.jpg\" data-thumb=\"https:\/\/galerijajaksic.com\/wp-content\/uploads\/2019\/03\/10_kamene_skulpture_brac\u030cki_kamen_lovre_jaksic2-200x150.jpg\"  data-caption=\"&lt;div class=&quot;esgbox-caption-title&quot;&gt;AN\u0110EO&lt;\/div&gt;\"  data-width=\"1080\"  data-height=\"810\" ><\/a>                <div class=\"esg-overlay esg-transition eg-jaksic-izlozbe-container\" data-delay=\"0\" data-duration=\"default\" data-transition=\"esg-fade\"><\/div>\n\n              <div class=\"esg-center eg-jaksic-izlozbe-element-8 esg-none esg-clear esg-line-break\"><\/div>\n\t\t\t\t<div class=\"esg-center eg-jaksic-izlozbe-element-14 esg-transition\" data-delay=\"0.1\" data-duration=\"default\" data-transition=\"esg-flipup\">AN\u0110EO<\/div>\n\t\t\t\t<div class=\"esg-center eg-jaksic-izlozbe-element-15 esg-transition\" data-delay=\"0.46\" data-duration=\"default\" data-transition=\"esg-flipdown\">bijeli bra\u010dki kamen \/ du\u017eina: 38 cm<\/div>\n              <div class=\"esg-center eg-jaksic-izlozbe-element-9 esg-none esg-clear esg-line-break\"><\/div>\n           <\/div>\n   <\/div>\n\n<\/li>\n<li id=\"eg-8-post-id-19_896\" data-skin=\"jaksic-izlozbe\" class=\"filterall filter-moderneskulpture eg-jaksic-izlozbe-wrapper eg-post-id-19\" data-date=\"\">\n    <div class=\"esg-media-cover-wrapper\">\n<div class=\"esg-entry-media\"><img src=\"https:\/\/galerijajaksic.com\/wp-content\/plugins\/essential-grid\/public\/assets\/images\/300x200transparent.png\" data-lazythumb=\"https:\/\/galerijajaksic.com\/wp-content\/uploads\/2019\/03\/10_kamene_skulpture_brac\u030cki_kamen_lovre_jaksic1-25x25.jpg\" data-no-lazy=\"1\" data-lazysrc=\"https:\/\/galerijajaksic.com\/wp-content\/uploads\/2019\/03\/10_kamene_skulpture_brac\u030cki_kamen_lovre_jaksic1.jpg\" alt=\"An\u0111eo Kamene skulpture bra\u010dki kamen Lovre Jaksic\" width=\"766\" height=\"1060\" data-bgposition=\"center top\"><\/div>\n\n            <div class=\"esg-entry-cover esg-transition\" data-delay=\"0\" data-duration=\"deafult\" data-clickable=\"on\" data-transition=\"esg-fade\">\n\n<a class=\"eg-invisiblebutton  esgbox\" href=\"https:\/\/galerijajaksic.com\/wp-content\/uploads\/2019\/03\/10_kamene_skulpture_brac\u030cki_kamen_lovre_jaksic1.jpg\" data-thumb=\"https:\/\/galerijajaksic.com\/wp-content\/uploads\/2019\/03\/10_kamene_skulpture_brac\u030cki_kamen_lovre_jaksic1-200x277.jpg\"  data-caption=\"&lt;div class=&quot;esgbox-caption-title&quot;&gt;AN\u0110EO&lt;\/div&gt;\"  data-width=\"766\"  data-height=\"1060\" ><\/a>                <div class=\"esg-overlay esg-transition eg-jaksic-izlozbe-container\" data-delay=\"0\" data-duration=\"default\" data-transition=\"esg-fade\"><\/div>\n\n              <div class=\"esg-center eg-jaksic-izlozbe-element-8 esg-none esg-clear esg-line-break\"><\/div>\n\t\t\t\t<div class=\"esg-center eg-jaksic-izlozbe-element-14 esg-transition\" data-delay=\"0.1\" data-duration=\"default\" data-transition=\"esg-flipup\">AN\u0110EO<\/div>\n\t\t\t\t<div class=\"esg-center eg-jaksic-izlozbe-element-15 esg-transition\" data-delay=\"0.46\" data-duration=\"default\" data-transition=\"esg-flipdown\">bijeli bra\u010dki kamen \/ visina: 50 cm<\/div>\n              <div class=\"esg-center eg-jaksic-izlozbe-element-9 esg-none esg-clear esg-line-break\"><\/div>\n           <\/div>\n   <\/div>\n\n<\/li>\n<li id=\"eg-8-post-id-20_9684\" data-skin=\"jaksic-izlozbe\" class=\"filterall filter-moderneskulpture eg-jaksic-izlozbe-wrapper eg-post-id-20\" data-date=\"\">\n    <div class=\"esg-media-cover-wrapper\">\n<div class=\"esg-entry-media\"><img src=\"https:\/\/galerijajaksic.com\/wp-content\/plugins\/essential-grid\/public\/assets\/images\/300x200transparent.png\" data-lazythumb=\"https:\/\/galerijajaksic.com\/wp-content\/uploads\/2019\/03\/8_kamena_velike_skulptute_brac\u030cki_kamen_lovre_jaksic3-25x25.jpg\" data-no-lazy=\"1\" data-lazysrc=\"https:\/\/galerijajaksic.com\/wp-content\/uploads\/2019\/03\/8_kamena_velike_skulptute_brac\u030cki_kamen_lovre_jaksic3.jpg\" alt=\"Kamene skulpture bra\u010dki kamen Lovre Jaksic\" width=\"1080\" height=\"810\"><\/div>\n\n            <div class=\"esg-entry-cover esg-transition\" data-delay=\"0\" data-duration=\"deafult\" data-clickable=\"on\" data-transition=\"esg-fade\">\n\n<a class=\"eg-invisiblebutton  esgbox\" href=\"https:\/\/galerijajaksic.com\/wp-content\/uploads\/2019\/03\/8_kamena_velike_skulptute_brac\u030cki_kamen_lovre_jaksic3.jpg\" data-thumb=\"https:\/\/galerijajaksic.com\/wp-content\/uploads\/2019\/03\/8_kamena_velike_skulptute_brac\u030cki_kamen_lovre_jaksic3-200x150.jpg\"  data-caption=\"&lt;div class=&quot;esgbox-caption-title&quot;&gt;PAR \/ privatna vila u Novi Vinodolski&lt;\/div&gt;\"  data-width=\"1080\"  data-height=\"810\" ><\/a>                <div class=\"esg-overlay esg-transition eg-jaksic-izlozbe-container\" data-delay=\"0\" data-duration=\"default\" data-transition=\"esg-fade\"><\/div>\n\n              <div class=\"esg-center eg-jaksic-izlozbe-element-8 esg-none esg-clear esg-line-break\"><\/div>\n\t\t\t\t<div class=\"esg-center eg-jaksic-izlozbe-element-14 esg-transition\" data-delay=\"0.1\" data-duration=\"default\" data-transition=\"esg-flipup\">PAR \/ privatna vila u Novi Vinodolski<\/div>\n\t\t\t\t<div class=\"esg-center eg-jaksic-izlozbe-element-15 esg-transition\" data-delay=\"0.46\" data-duration=\"default\" data-transition=\"esg-flipdown\">bijeli bra\u010dki kamen \/ visina: 220 cm<\/div>\n              <div class=\"esg-center eg-jaksic-izlozbe-element-9 esg-none esg-clear esg-line-break\"><\/div>\n           <\/div>\n   <\/div>\n\n<\/li>\n<li id=\"eg-8-post-id-21_9298\" data-skin=\"jaksic-izlozbe\" class=\"filterall filter-moderneskulpture eg-jaksic-izlozbe-wrapper eg-post-id-21\" data-date=\"\">\n    <div class=\"esg-media-cover-wrapper\">\n<div class=\"esg-entry-media\"><img src=\"https:\/\/galerijajaksic.com\/wp-content\/plugins\/essential-grid\/public\/assets\/images\/300x200transparent.png\" data-lazythumb=\"https:\/\/galerijajaksic.com\/wp-content\/uploads\/2019\/03\/8_kamena_velike_skulptute_brac\u030cki_kamen_lovre_jaksic2-25x25.jpg\" data-no-lazy=\"1\" data-lazysrc=\"https:\/\/galerijajaksic.com\/wp-content\/uploads\/2019\/03\/8_kamena_velike_skulptute_brac\u030cki_kamen_lovre_jaksic2.jpg\" alt=\"Kamene skulpture bra\u010dki kamen Lovre Jaksic\" width=\"1080\" height=\"994\" data-bgposition=\"center top\"><\/div>\n\n            <div class=\"esg-entry-cover esg-transition\" data-delay=\"0\" data-duration=\"deafult\" data-clickable=\"on\" data-transition=\"esg-fade\">\n\n<a class=\"eg-invisiblebutton  esgbox\" href=\"https:\/\/galerijajaksic.com\/wp-content\/uploads\/2019\/03\/8_kamena_velike_skulptute_brac\u030cki_kamen_lovre_jaksic2.jpg\" data-thumb=\"https:\/\/galerijajaksic.com\/wp-content\/uploads\/2019\/03\/8_kamena_velike_skulptute_brac\u030cki_kamen_lovre_jaksic2-200x184.jpg\"  data-caption=\"&lt;div class=&quot;esgbox-caption-title&quot;&gt;PAR&lt;\/div&gt;\"  data-width=\"1080\"  data-height=\"994\" ><\/a>                <div class=\"esg-overlay esg-transition eg-jaksic-izlozbe-container\" data-delay=\"0\" data-duration=\"default\" data-transition=\"esg-fade\"><\/div>\n\n              <div class=\"esg-center eg-jaksic-izlozbe-element-8 esg-none esg-clear esg-line-break\"><\/div>\n\t\t\t\t<div class=\"esg-center eg-jaksic-izlozbe-element-14 esg-transition\" data-delay=\"0.1\" data-duration=\"default\" data-transition=\"esg-flipup\">PAR<\/div>\n\t\t\t\t<div class=\"esg-center eg-jaksic-izlozbe-element-15 esg-transition\" data-delay=\"0.46\" data-duration=\"default\" data-transition=\"esg-flipdown\">bijeli bra\u010dki kamen \/ visina: 56 cm<\/div>\n              <div class=\"esg-center eg-jaksic-izlozbe-element-9 esg-none esg-clear esg-line-break\"><\/div>\n           <\/div>\n   <\/div>\n\n<\/li>\n<li id=\"eg-8-post-id-22_1604\" data-skin=\"jaksic-izlozbe\" class=\"filterall filter-moderneskulpture eg-jaksic-izlozbe-wrapper eg-post-id-22\" data-date=\"\">\n    <div class=\"esg-media-cover-wrapper\">\n<div class=\"esg-entry-media\"><img src=\"https:\/\/galerijajaksic.com\/wp-content\/plugins\/essential-grid\/public\/assets\/images\/300x200transparent.png\" data-lazythumb=\"https:\/\/galerijajaksic.com\/wp-content\/uploads\/2019\/03\/8_kamena_velike_skulptute_brac\u030cki_kamen_lovre_jaksic4-25x25.jpg\" data-no-lazy=\"1\" data-lazysrc=\"https:\/\/galerijajaksic.com\/wp-content\/uploads\/2019\/03\/8_kamena_velike_skulptute_brac\u030cki_kamen_lovre_jaksic4.jpg\" alt=\"Kamene skulpture bra\u010dki kamen Lovre Jaksic\" width=\"747\" height=\"1080\" data-bgposition=\"center top\"><\/div>\n\n            <div class=\"esg-entry-cover esg-transition\" data-delay=\"0\" data-duration=\"deafult\" data-clickable=\"on\" data-transition=\"esg-fade\">\n\n<a class=\"eg-invisiblebutton  esgbox\" href=\"https:\/\/galerijajaksic.com\/wp-content\/uploads\/2019\/03\/8_kamena_velike_skulptute_brac\u030cki_kamen_lovre_jaksic4.jpg\" data-thumb=\"https:\/\/galerijajaksic.com\/wp-content\/uploads\/2019\/03\/8_kamena_velike_skulptute_brac\u030cki_kamen_lovre_jaksic4-200x289.jpg\"  data-caption=\"&lt;div class=&quot;esgbox-caption-title&quot;&gt;DAMA&lt;\/div&gt;\"  data-width=\"747\"  data-height=\"1080\" ><\/a>                <div class=\"esg-overlay esg-transition eg-jaksic-izlozbe-container\" data-delay=\"0\" data-duration=\"default\" data-transition=\"esg-fade\"><\/div>\n\n              <div class=\"esg-center eg-jaksic-izlozbe-element-8 esg-none esg-clear esg-line-break\"><\/div>\n\t\t\t\t<div class=\"esg-center eg-jaksic-izlozbe-element-14 esg-transition\" data-delay=\"0.1\" data-duration=\"default\" data-transition=\"esg-flipup\">DAMA<\/div>\n\t\t\t\t<div class=\"esg-center eg-jaksic-izlozbe-element-15 esg-transition\" data-delay=\"0.46\" data-duration=\"default\" data-transition=\"esg-flipdown\">bijeli bra\u010dki kamen \/ visina: 185 cm<\/div>\n              <div class=\"esg-center eg-jaksic-izlozbe-element-9 esg-none esg-clear esg-line-break\"><\/div>\n           <\/div>\n   <\/div>\n\n<\/li>\n<li id=\"eg-8-post-id-23_3322\" data-skin=\"jaksic-izlozbe\" class=\"filterall filter-moderneskulpture eg-jaksic-izlozbe-wrapper eg-post-id-23\" data-date=\"\">\n    <div class=\"esg-media-cover-wrapper\">\n<div class=\"esg-entry-media\"><img src=\"https:\/\/galerijajaksic.com\/wp-content\/plugins\/essential-grid\/public\/assets\/images\/300x200transparent.png\" data-lazythumb=\"https:\/\/galerijajaksic.com\/wp-content\/uploads\/2019\/03\/8_kamena_velike_skulptute_brac\u030cki_kamen_lovre_jaksic1-25x25.jpg\" data-no-lazy=\"1\" data-lazysrc=\"https:\/\/galerijajaksic.com\/wp-content\/uploads\/2019\/03\/8_kamena_velike_skulptute_brac\u030cki_kamen_lovre_jaksic1.jpg\" alt=\"Kamene skulpture bra\u010dki kamen Lovre Jaksic\" width=\"1080\" height=\"810\"><\/div>\n\n            <div class=\"esg-entry-cover esg-transition\" data-delay=\"0\" data-duration=\"deafult\" data-clickable=\"on\" data-transition=\"esg-fade\">\n\n<a class=\"eg-invisiblebutton  esgbox\" href=\"https:\/\/galerijajaksic.com\/wp-content\/uploads\/2019\/03\/8_kamena_velike_skulptute_brac\u030cki_kamen_lovre_jaksic1.jpg\" data-thumb=\"https:\/\/galerijajaksic.com\/wp-content\/uploads\/2019\/03\/8_kamena_velike_skulptute_brac\u030cki_kamen_lovre_jaksic1-200x150.jpg\"  data-caption=\"&lt;div class=&quot;esgbox-caption-title&quot;&gt;LE\u017dE\u0106A FIGURA&lt;\/div&gt;\"  data-width=\"1080\"  data-height=\"810\" ><\/a>                <div class=\"esg-overlay esg-transition eg-jaksic-izlozbe-container\" data-delay=\"0\" data-duration=\"default\" data-transition=\"esg-fade\"><\/div>\n\n              <div class=\"esg-center eg-jaksic-izlozbe-element-8 esg-none esg-clear esg-line-break\"><\/div>\n\t\t\t\t<div class=\"esg-center eg-jaksic-izlozbe-element-14 esg-transition\" data-delay=\"0.1\" data-duration=\"default\" data-transition=\"esg-flipup\">LE\u017dE\u0106A FIGURA<\/div>\n\t\t\t\t<div class=\"esg-center eg-jaksic-izlozbe-element-15 esg-transition\" data-delay=\"0.46\" data-duration=\"default\" data-transition=\"esg-flipdown\">bijeli bra\u010dki kamen \/ DU\u017dINA: 195 cm<\/div>\n              <div class=\"esg-center eg-jaksic-izlozbe-element-9 esg-none esg-clear esg-line-break\"><\/div>\n           <\/div>\n   <\/div>\n\n<\/li>\n<li id=\"eg-8-post-id-24_7601\" data-skin=\"jaksic-izlozbe\" class=\"filterall filter-figurativneskulpture eg-jaksic-izlozbe-wrapper eg-post-id-24\" data-date=\"\">\n    <div class=\"esg-media-cover-wrapper\">\n<div class=\"esg-entry-media\"><img src=\"https:\/\/galerijajaksic.com\/wp-content\/plugins\/essential-grid\/public\/assets\/images\/300x200transparent.png\" data-lazythumb=\"https:\/\/galerijajaksic.com\/wp-content\/uploads\/2019\/03\/6_kamena_skulptura_puma_jaguar_lovre_jaksic1-25x25.jpg\" data-no-lazy=\"1\" data-lazysrc=\"https:\/\/galerijajaksic.com\/wp-content\/uploads\/2019\/03\/6_kamena_skulptura_puma_jaguar_lovre_jaksic1.jpg\" alt=\"kamena skulptura Puma Jaguar Lovre Jaksic\" width=\"1080\" height=\"810\"><\/div>\n\n            <div class=\"esg-entry-cover esg-transition\" data-delay=\"0\" data-duration=\"deafult\" data-clickable=\"on\" data-transition=\"esg-fade\">\n\n<a class=\"eg-invisiblebutton  esgbox\" href=\"https:\/\/galerijajaksic.com\/wp-content\/uploads\/2019\/03\/6_kamena_skulptura_puma_jaguar_lovre_jaksic1.jpg\" data-thumb=\"https:\/\/galerijajaksic.com\/wp-content\/uploads\/2019\/03\/6_kamena_skulptura_puma_jaguar_lovre_jaksic1-200x150.jpg\"  data-caption=\"&lt;div class=&quot;esgbox-caption-title&quot;&gt;JAGUAR&lt;\/div&gt;\"  data-width=\"1080\"  data-height=\"810\" ><\/a>                <div class=\"esg-overlay esg-transition eg-jaksic-izlozbe-container\" data-delay=\"0\" data-duration=\"default\" data-transition=\"esg-fade\"><\/div>\n\n              <div class=\"esg-center eg-jaksic-izlozbe-element-8 esg-none esg-clear esg-line-break\"><\/div>\n\t\t\t\t<div class=\"esg-center eg-jaksic-izlozbe-element-14 esg-transition\" data-delay=\"0.1\" data-duration=\"default\" data-transition=\"esg-flipup\">JAGUAR<\/div>\n\t\t\t\t<div class=\"esg-center eg-jaksic-izlozbe-element-15 esg-transition\" data-delay=\"0.46\" data-duration=\"default\" data-transition=\"esg-flipdown\">kamen Sira\u010d \/ du\u017eina: 170 cm<\/div>\n              <div class=\"esg-center eg-jaksic-izlozbe-element-9 esg-none esg-clear esg-line-break\"><\/div>\n           <\/div>\n   <\/div>\n\n<\/li>\n<li id=\"eg-8-post-id-25_4360\" data-skin=\"jaksic-izlozbe\" class=\"filterall filter-figurativneskulpture eg-jaksic-izlozbe-wrapper eg-post-id-25\" data-date=\"\">\n    <div class=\"esg-media-cover-wrapper\">\n<div class=\"esg-entry-media\"><img src=\"https:\/\/galerijajaksic.com\/wp-content\/plugins\/essential-grid\/public\/assets\/images\/300x200transparent.png\" data-lazythumb=\"https:\/\/galerijajaksic.com\/wp-content\/uploads\/2019\/03\/6_kamena_skulptura_puma_jaguar_lovre_jaksic2-25x25.jpg\" data-no-lazy=\"1\" data-lazysrc=\"https:\/\/galerijajaksic.com\/wp-content\/uploads\/2019\/03\/6_kamena_skulptura_puma_jaguar_lovre_jaksic2.jpg\" alt=\"kamena skulptura Puma Jaguar Lovre Jaksic\" width=\"1080\" height=\"810\"><\/div>\n\n            <div class=\"esg-entry-cover esg-transition\" data-delay=\"0\" data-duration=\"deafult\" data-clickable=\"on\" data-transition=\"esg-fade\">\n\n<a class=\"eg-invisiblebutton  esgbox\" href=\"https:\/\/galerijajaksic.com\/wp-content\/uploads\/2019\/03\/6_kamena_skulptura_puma_jaguar_lovre_jaksic2.jpg\" data-thumb=\"https:\/\/galerijajaksic.com\/wp-content\/uploads\/2019\/03\/6_kamena_skulptura_puma_jaguar_lovre_jaksic2-200x150.jpg\"  data-caption=\"&lt;div class=&quot;esgbox-caption-title&quot;&gt;JAGUAR&lt;\/div&gt;\"  data-width=\"1080\"  data-height=\"810\" ><\/a>                <div class=\"esg-overlay esg-transition eg-jaksic-izlozbe-container\" data-delay=\"0\" data-duration=\"default\" data-transition=\"esg-fade\"><\/div>\n\n              <div class=\"esg-center eg-jaksic-izlozbe-element-8 esg-none esg-clear esg-line-break\"><\/div>\n\t\t\t\t<div class=\"esg-center eg-jaksic-izlozbe-element-14 esg-transition\" data-delay=\"0.1\" data-duration=\"default\" data-transition=\"esg-flipup\">JAGUAR<\/div>\n\t\t\t\t<div class=\"esg-center eg-jaksic-izlozbe-element-15 esg-transition\" data-delay=\"0.46\" data-duration=\"default\" data-transition=\"esg-flipdown\">kamen Sira\u010d \/ du\u017eina: 170 cm<\/div>\n              <div class=\"esg-center eg-jaksic-izlozbe-element-9 esg-none esg-clear esg-line-break\"><\/div>\n           <\/div>\n   <\/div>\n\n<\/li>\n<li id=\"eg-8-post-id-26_2019\" data-skin=\"jaksic-izlozbe\" class=\"filterall filter-figurativneskulpture eg-jaksic-izlozbe-wrapper eg-post-id-26\" data-date=\"\">\n    <div class=\"esg-media-cover-wrapper\">\n<div class=\"esg-entry-media\"><img src=\"https:\/\/galerijajaksic.com\/wp-content\/plugins\/essential-grid\/public\/assets\/images\/300x200transparent.png\" data-lazythumb=\"https:\/\/galerijajaksic.com\/wp-content\/uploads\/2019\/03\/6_kamena_skulptura_puma_jaguar_lovre_jaksic3-25x25.jpg\" data-no-lazy=\"1\" data-lazysrc=\"https:\/\/galerijajaksic.com\/wp-content\/uploads\/2019\/03\/6_kamena_skulptura_puma_jaguar_lovre_jaksic3.jpg\" alt=\"kamena skulptura Puma Jaguar Lovre Jaksic\" width=\"1080\" height=\"810\"><\/div>\n\n            <div class=\"esg-entry-cover esg-transition\" data-delay=\"0\" data-duration=\"deafult\" data-clickable=\"on\" data-transition=\"esg-fade\">\n\n<a class=\"eg-invisiblebutton  esgbox\" href=\"https:\/\/galerijajaksic.com\/wp-content\/uploads\/2019\/03\/6_kamena_skulptura_puma_jaguar_lovre_jaksic3.jpg\" data-thumb=\"https:\/\/galerijajaksic.com\/wp-content\/uploads\/2019\/03\/6_kamena_skulptura_puma_jaguar_lovre_jaksic3-200x150.jpg\"  data-caption=\"&lt;div class=&quot;esgbox-caption-title&quot;&gt;JAGUAR&lt;\/div&gt;\"  data-width=\"1080\"  data-height=\"810\" ><\/a>                <div class=\"esg-overlay esg-transition eg-jaksic-izlozbe-container\" data-delay=\"0\" data-duration=\"default\" data-transition=\"esg-fade\"><\/div>\n\n              <div class=\"esg-center eg-jaksic-izlozbe-element-8 esg-none esg-clear esg-line-break\"><\/div>\n\t\t\t\t<div class=\"esg-center eg-jaksic-izlozbe-element-14 esg-transition\" data-delay=\"0.1\" data-duration=\"default\" data-transition=\"esg-flipup\">JAGUAR<\/div>\n\t\t\t\t<div class=\"esg-center eg-jaksic-izlozbe-element-15 esg-transition\" data-delay=\"0.46\" data-duration=\"default\" data-transition=\"esg-flipdown\">kamen Sira\u010d \/ du\u017eina: 170 cm<\/div>\n              <div class=\"esg-center eg-jaksic-izlozbe-element-9 esg-none esg-clear esg-line-break\"><\/div>\n           <\/div>\n   <\/div>\n\n<\/li>\n<li id=\"eg-8-post-id-27_8516\" data-skin=\"jaksic-izlozbe\" class=\"filterall filter-figurativneskulpture eg-jaksic-izlozbe-wrapper eg-post-id-27\" data-date=\"\">\n    <div class=\"esg-media-cover-wrapper\">\n<div class=\"esg-entry-media\"><img src=\"https:\/\/galerijajaksic.com\/wp-content\/plugins\/essential-grid\/public\/assets\/images\/300x200transparent.png\" data-lazythumb=\"https:\/\/galerijajaksic.com\/wp-content\/uploads\/2019\/03\/6_kamena_skulptura_puma_jaguar_lovre_jaksic4-25x25.jpg\" data-no-lazy=\"1\" data-lazysrc=\"https:\/\/galerijajaksic.com\/wp-content\/uploads\/2019\/03\/6_kamena_skulptura_puma_jaguar_lovre_jaksic4.jpg\" alt=\"kamena skulptura Puma Jaguar Lovre Jaksic\" width=\"1080\" height=\"810\"><\/div>\n\n            <div class=\"esg-entry-cover esg-transition\" data-delay=\"0\" data-duration=\"deafult\" data-clickable=\"on\" data-transition=\"esg-fade\">\n\n<a class=\"eg-invisiblebutton  esgbox\" href=\"https:\/\/galerijajaksic.com\/wp-content\/uploads\/2019\/03\/6_kamena_skulptura_puma_jaguar_lovre_jaksic4.jpg\" data-thumb=\"https:\/\/galerijajaksic.com\/wp-content\/uploads\/2019\/03\/6_kamena_skulptura_puma_jaguar_lovre_jaksic4-200x150.jpg\"  data-caption=\"&lt;div class=&quot;esgbox-caption-title&quot;&gt;JAGUAR&lt;\/div&gt;\"  data-width=\"1080\"  data-height=\"810\" ><\/a>                <div class=\"esg-overlay esg-transition eg-jaksic-izlozbe-container\" data-delay=\"0\" data-duration=\"default\" data-transition=\"esg-fade\"><\/div>\n\n              <div class=\"esg-center eg-jaksic-izlozbe-element-8 esg-none esg-clear esg-line-break\"><\/div>\n\t\t\t\t<div class=\"esg-center eg-jaksic-izlozbe-element-14 esg-transition\" data-delay=\"0.1\" data-duration=\"default\" data-transition=\"esg-flipup\">JAGUAR<\/div>\n\t\t\t\t<div class=\"esg-center eg-jaksic-izlozbe-element-15 esg-transition\" data-delay=\"0.46\" data-duration=\"default\" data-transition=\"esg-flipdown\">kamen Sira\u010d \/ du\u017eina: 170 cm<\/div>\n              <div class=\"esg-center eg-jaksic-izlozbe-element-9 esg-none esg-clear esg-line-break\"><\/div>\n           <\/div>\n   <\/div>\n\n<\/li>\n<li id=\"eg-8-post-id-28_8334\" data-skin=\"jaksic-izlozbe\" class=\"filterall filter-figurativneskulpture eg-jaksic-izlozbe-wrapper eg-post-id-28\" data-date=\"\">\n    <div class=\"esg-media-cover-wrapper\">\n<div class=\"esg-entry-media\"><img src=\"https:\/\/galerijajaksic.com\/wp-content\/plugins\/essential-grid\/public\/assets\/images\/300x200transparent.png\" data-lazythumb=\"https:\/\/galerijajaksic.com\/wp-content\/uploads\/2019\/02\/1_kamene_skulpture_po_narudz\u030cbi_portreti_lovre_jaksic4-25x25.jpg\" data-no-lazy=\"1\" data-lazysrc=\"https:\/\/galerijajaksic.com\/wp-content\/uploads\/2019\/02\/1_kamene_skulpture_po_narudz\u030cbi_portreti_lovre_jaksic4.jpg\" alt=\"kamena skulptura po narud\u017ebi dje\u010dak\" width=\"795\" height=\"1080\" data-bgposition=\"center top\"><\/div>\n\n            <div class=\"esg-entry-cover esg-transition\" data-delay=\"0\" data-duration=\"deafult\" data-clickable=\"on\" data-transition=\"esg-fade\">\n\n<a class=\"eg-invisiblebutton  esgbox\" href=\"https:\/\/galerijajaksic.com\/wp-content\/uploads\/2019\/02\/1_kamene_skulpture_po_narudz\u030cbi_portreti_lovre_jaksic4.jpg\" data-thumb=\"https:\/\/galerijajaksic.com\/wp-content\/uploads\/2019\/02\/1_kamene_skulpture_po_narudz\u030cbi_portreti_lovre_jaksic4-200x272.jpg\"  data-caption=\"&lt;div class=&quot;esgbox-caption-title&quot;&gt;DJE\u010cAK \/ privatna narud\u017eba&lt;\/div&gt;\"  data-width=\"795\"  data-height=\"1080\" ><\/a>                <div class=\"esg-overlay esg-transition eg-jaksic-izlozbe-container\" data-delay=\"0\" data-duration=\"default\" data-transition=\"esg-fade\"><\/div>\n\n              <div class=\"esg-center eg-jaksic-izlozbe-element-8 esg-none esg-clear esg-line-break\"><\/div>\n\t\t\t\t<div class=\"esg-center eg-jaksic-izlozbe-element-14 esg-transition\" data-delay=\"0.1\" data-duration=\"default\" data-transition=\"esg-flipup\">DJE\u010cAK \/ privatna narud\u017eba<\/div>\n\t\t\t\t<div class=\"esg-center eg-jaksic-izlozbe-element-15 esg-transition\" data-delay=\"0.46\" data-duration=\"default\" data-transition=\"esg-flipdown\">bijeli bra\u010dki kamen<\/div>\n              <div class=\"esg-center eg-jaksic-izlozbe-element-9 esg-none esg-clear esg-line-break\"><\/div>\n           <\/div>\n   <\/div>\n\n<\/li>\n<li id=\"eg-8-post-id-29_7808\" data-skin=\"jaksic-izlozbe\" class=\"filterall filter-figurativneskulpture eg-jaksic-izlozbe-wrapper eg-post-id-29\" data-date=\"\">\n    <div class=\"esg-media-cover-wrapper\">\n<div class=\"esg-entry-media\"><img src=\"https:\/\/galerijajaksic.com\/wp-content\/plugins\/essential-grid\/public\/assets\/images\/300x200transparent.png\" data-lazythumb=\"https:\/\/galerijajaksic.com\/wp-content\/uploads\/2019\/02\/1_kamene_skulpture_po_narudz\u030cbi_portreti_lovre_jaksic1-25x25.jpg\" data-no-lazy=\"1\" data-lazysrc=\"https:\/\/galerijajaksic.com\/wp-content\/uploads\/2019\/02\/1_kamene_skulpture_po_narudz\u030cbi_portreti_lovre_jaksic1.jpg\" alt=\"kamena skulptura po narud\u017ebi dje\u010dak\" width=\"1080\" height=\"810\"><\/div>\n\n            <div class=\"esg-entry-cover esg-transition\" data-delay=\"0\" data-duration=\"deafult\" data-clickable=\"on\" data-transition=\"esg-fade\">\n\n<a class=\"eg-invisiblebutton  esgbox\" href=\"https:\/\/galerijajaksic.com\/wp-content\/uploads\/2019\/02\/1_kamene_skulpture_po_narudz\u030cbi_portreti_lovre_jaksic1.jpg\" data-thumb=\"https:\/\/galerijajaksic.com\/wp-content\/uploads\/2019\/02\/1_kamene_skulpture_po_narudz\u030cbi_portreti_lovre_jaksic1-200x150.jpg\"  data-caption=\"&lt;div class=&quot;esgbox-caption-title&quot;&gt;DJE\u010cAK \/ privatna narud\u017eba&lt;\/div&gt;\"  data-width=\"1080\"  data-height=\"810\" ><\/a>                <div class=\"esg-overlay esg-transition eg-jaksic-izlozbe-container\" data-delay=\"0\" data-duration=\"default\" data-transition=\"esg-fade\"><\/div>\n\n              <div class=\"esg-center eg-jaksic-izlozbe-element-8 esg-none esg-clear esg-line-break\"><\/div>\n\t\t\t\t<div class=\"esg-center eg-jaksic-izlozbe-element-14 esg-transition\" data-delay=\"0.1\" data-duration=\"default\" data-transition=\"esg-flipup\">DJE\u010cAK \/ privatna narud\u017eba<\/div>\n\t\t\t\t<div class=\"esg-center eg-jaksic-izlozbe-element-15 esg-transition\" data-delay=\"0.46\" data-duration=\"default\" data-transition=\"esg-flipdown\">bijeli bra\u010dki kamen<\/div>\n              <div class=\"esg-center eg-jaksic-izlozbe-element-9 esg-none esg-clear esg-line-break\"><\/div>\n           <\/div>\n   <\/div>\n\n<\/li>\n<li id=\"eg-8-post-id-30_1315\" data-skin=\"jaksic-izlozbe\" class=\"filterall filter-figurativneskulpture eg-jaksic-izlozbe-wrapper eg-post-id-30\" data-date=\"\">\n    <div class=\"esg-media-cover-wrapper\">\n<div class=\"esg-entry-media\"><img src=\"https:\/\/galerijajaksic.com\/wp-content\/plugins\/essential-grid\/public\/assets\/images\/300x200transparent.png\" data-lazythumb=\"https:\/\/galerijajaksic.com\/wp-content\/uploads\/2019\/02\/1_kamene_skulpture_po_narudz\u030cbi_portreti_lovre_jaksic3-25x25.jpg\" data-no-lazy=\"1\" data-lazysrc=\"https:\/\/galerijajaksic.com\/wp-content\/uploads\/2019\/02\/1_kamene_skulpture_po_narudz\u030cbi_portreti_lovre_jaksic3.jpg\" alt=\"kamena skulptura po narud\u017ebi djevojka sa kormilom\" width=\"1080\" height=\"810\"><\/div>\n\n            <div class=\"esg-entry-cover esg-transition\" data-delay=\"0\" data-duration=\"deafult\" data-clickable=\"on\" data-transition=\"esg-fade\">\n\n<a class=\"eg-invisiblebutton  esgbox\" href=\"https:\/\/galerijajaksic.com\/wp-content\/uploads\/2019\/02\/1_kamene_skulpture_po_narudz\u030cbi_portreti_lovre_jaksic3.jpg\" data-thumb=\"https:\/\/galerijajaksic.com\/wp-content\/uploads\/2019\/02\/1_kamene_skulpture_po_narudz\u030cbi_portreti_lovre_jaksic3-200x150.jpg\"  data-caption=\"&lt;div class=&quot;esgbox-caption-title&quot;&gt;ALEGORIJA PLOVIDBE \/ privatna nadru\u017eba&lt;\/div&gt;\"  data-width=\"1080\"  data-height=\"810\" ><\/a>                <div class=\"esg-overlay esg-transition eg-jaksic-izlozbe-container\" data-delay=\"0\" data-duration=\"default\" data-transition=\"esg-fade\"><\/div>\n\n              <div class=\"esg-center eg-jaksic-izlozbe-element-8 esg-none esg-clear esg-line-break\"><\/div>\n\t\t\t\t<div class=\"esg-center eg-jaksic-izlozbe-element-14 esg-transition\" data-delay=\"0.1\" data-duration=\"default\" data-transition=\"esg-flipup\">ALEGORIJA PLOVIDBE \/ privatna nadru\u017eba<\/div>\n\t\t\t\t<div class=\"esg-center eg-jaksic-izlozbe-element-15 esg-transition\" data-delay=\"0.46\" data-duration=\"default\" data-transition=\"esg-flipdown\">bijeli bra\u010dki kamen<\/div>\n              <div class=\"esg-center eg-jaksic-izlozbe-element-9 esg-none esg-clear esg-line-break\"><\/div>\n           <\/div>\n   <\/div>\n\n<\/li>\n<li id=\"eg-8-post-id-31_1466\" data-skin=\"jaksic-izlozbe\" class=\"filterall filter-figurativneskulpture eg-jaksic-izlozbe-wrapper eg-post-id-31\" data-date=\"\">\n    <div class=\"esg-media-cover-wrapper\">\n<div class=\"esg-entry-media\"><img src=\"https:\/\/galerijajaksic.com\/wp-content\/plugins\/essential-grid\/public\/assets\/images\/300x200transparent.png\" data-lazythumb=\"https:\/\/galerijajaksic.com\/wp-content\/uploads\/2019\/02\/1_kamene_skulpture_po_narudz\u030cbi_portreti_lovre_jaksic2-25x25.jpg\" data-no-lazy=\"1\" data-lazysrc=\"https:\/\/galerijajaksic.com\/wp-content\/uploads\/2019\/02\/1_kamene_skulpture_po_narudz\u030cbi_portreti_lovre_jaksic2.jpg\" alt=\"kamena skulptura po narud\u017ebi djevojka sa kormilom\" width=\"775\" height=\"1080\" data-bgposition=\"center top\"><\/div>\n\n            <div class=\"esg-entry-cover esg-transition\" data-delay=\"0\" data-duration=\"deafult\" data-clickable=\"on\" data-transition=\"esg-fade\">\n\n<a class=\"eg-invisiblebutton  esgbox\" href=\"https:\/\/galerijajaksic.com\/wp-content\/uploads\/2019\/02\/1_kamene_skulpture_po_narudz\u030cbi_portreti_lovre_jaksic2.jpg\" data-thumb=\"https:\/\/galerijajaksic.com\/wp-content\/uploads\/2019\/02\/1_kamene_skulpture_po_narudz\u030cbi_portreti_lovre_jaksic2-200x279.jpg\"  data-caption=\"&lt;div class=&quot;esgbox-caption-title&quot;&gt;ALEGORIJA PLOVIDBE \/ privatna nadru\u017eba&lt;\/div&gt;\"  data-width=\"775\"  data-height=\"1080\" ><\/a>                <div class=\"esg-overlay esg-transition eg-jaksic-izlozbe-container\" data-delay=\"0\" data-duration=\"default\" data-transition=\"esg-fade\"><\/div>\n\n              <div class=\"esg-center eg-jaksic-izlozbe-element-8 esg-none esg-clear esg-line-break\"><\/div>\n\t\t\t\t<div class=\"esg-center eg-jaksic-izlozbe-element-14 esg-transition\" data-delay=\"0.1\" data-duration=\"default\" data-transition=\"esg-flipup\">ALEGORIJA PLOVIDBE \/ privatna nadru\u017eba<\/div>\n\t\t\t\t<div class=\"esg-center eg-jaksic-izlozbe-element-15 esg-transition\" data-delay=\"0.46\" data-duration=\"default\" data-transition=\"esg-flipdown\">bijeli bra\u010dki kamen<\/div>\n              <div class=\"esg-center eg-jaksic-izlozbe-element-9 esg-none esg-clear esg-line-break\"><\/div>\n           <\/div>\n   <\/div>\n\n<\/li>\n<li id=\"eg-8-post-id-32_5096\" data-skin=\"jaksic-izlozbe\" class=\"filterall filter-figurativneskulpture filter-javniradovi eg-jaksic-izlozbe-wrapper eg-post-id-32\" data-date=\"\">\n    <div class=\"esg-media-cover-wrapper\">\n<div class=\"esg-entry-media\"><img src=\"https:\/\/galerijajaksic.com\/wp-content\/plugins\/essential-grid\/public\/assets\/images\/300x200transparent.png\" data-lazythumb=\"https:\/\/galerijajaksic.com\/wp-content\/uploads\/2019\/03\/Jean-Michel-Nicolier_lovreJaksic-25x25.jpg\" data-no-lazy=\"1\" data-lazysrc=\"https:\/\/galerijajaksic.com\/wp-content\/uploads\/2019\/03\/Jean-Michel-Nicolier_lovreJaksic.jpg\" alt=\"kamena bista Jean-Michel Nicolier\" width=\"1060\" height=\"1426\" data-bgposition=\"center top\"><\/div>\n\n            <div class=\"esg-entry-cover esg-transition\" data-delay=\"0\" data-duration=\"deafult\" data-clickable=\"on\" data-transition=\"esg-fade\">\n\n<a class=\"eg-invisiblebutton  esgbox\" href=\"https:\/\/galerijajaksic.com\/wp-content\/uploads\/2019\/03\/Jean-Michel-Nicolier_lovreJaksic.jpg\" data-thumb=\"https:\/\/galerijajaksic.com\/wp-content\/uploads\/2019\/03\/Jean-Michel-Nicolier_lovreJaksic-200x269.jpg\"  data-caption=\"&lt;div class=&quot;esgbox-caption-title&quot;&gt;JEAN-MICHEL NICOLIER \/ Vukovar&lt;\/div&gt;\"  data-width=\"1060\"  data-height=\"1426\" ><\/a>                <div class=\"esg-overlay esg-transition eg-jaksic-izlozbe-container\" data-delay=\"0\" data-duration=\"default\" data-transition=\"esg-fade\"><\/div>\n\n              <div class=\"esg-center eg-jaksic-izlozbe-element-8 esg-none esg-clear esg-line-break\"><\/div>\n\t\t\t\t<div class=\"esg-center eg-jaksic-izlozbe-element-14 esg-transition\" data-delay=\"0.1\" data-duration=\"default\" data-transition=\"esg-flipup\">JEAN-MICHEL NICOLIER \/ Vukovar<\/div>\n\t\t\t\t<div class=\"esg-center eg-jaksic-izlozbe-element-15 esg-transition\" data-delay=\"0.46\" data-duration=\"default\" data-transition=\"esg-flipdown\">bijeli bra\u010dki kamen<\/div>\n              <div class=\"esg-center eg-jaksic-izlozbe-element-9 esg-none esg-clear esg-line-break\"><\/div>\n           <\/div>\n   <\/div>\n\n<\/li>\n<li id=\"eg-8-post-id-33_1674\" data-skin=\"jaksic-izlozbe\" class=\"filterall filter-figurativneskulpture filter-javniradovi eg-jaksic-izlozbe-wrapper eg-post-id-33\" data-date=\"\">\n    <div class=\"esg-media-cover-wrapper\">\n<div class=\"esg-entry-media\"><img src=\"https:\/\/galerijajaksic.com\/wp-content\/plugins\/essential-grid\/public\/assets\/images\/300x200transparent.png\" data-lazythumb=\"https:\/\/galerijajaksic.com\/wp-content\/uploads\/2019\/03\/Jean-Michel-Nicolier-25x25.jpg\" data-no-lazy=\"1\" data-lazysrc=\"https:\/\/galerijajaksic.com\/wp-content\/uploads\/2019\/03\/Jean-Michel-Nicolier.jpg\" alt=\"\" width=\"1080\" height=\"1080\" data-bgposition=\"center top\"><\/div>\n\n            <div class=\"esg-entry-cover esg-transition\" data-delay=\"0\" data-duration=\"deafult\" data-clickable=\"on\" data-transition=\"esg-fade\">\n\n<a class=\"eg-invisiblebutton  esgbox\" href=\"https:\/\/galerijajaksic.com\/wp-content\/uploads\/2019\/03\/Jean-Michel-Nicolier.jpg\" data-thumb=\"https:\/\/galerijajaksic.com\/wp-content\/uploads\/2019\/03\/Jean-Michel-Nicolier-200x200.jpg\"  data-caption=\"&lt;div class=&quot;esgbox-caption-title&quot;&gt;JEAN-MICHEL NICOLIER \/ Vukovar&lt;\/div&gt;\"  data-width=\"1080\"  data-height=\"1080\" ><\/a>                <div class=\"esg-overlay esg-transition eg-jaksic-izlozbe-container\" data-delay=\"0\" data-duration=\"default\" data-transition=\"esg-fade\"><\/div>\n\n              <div class=\"esg-center eg-jaksic-izlozbe-element-8 esg-none esg-clear esg-line-break\"><\/div>\n\t\t\t\t<div class=\"esg-center eg-jaksic-izlozbe-element-14 esg-transition\" data-delay=\"0.1\" data-duration=\"default\" data-transition=\"esg-flipup\">JEAN-MICHEL NICOLIER \/ Vukovar<\/div>\n\t\t\t\t<div class=\"esg-center eg-jaksic-izlozbe-element-15 esg-transition\" data-delay=\"0.46\" data-duration=\"default\" data-transition=\"esg-flipdown\">bijeli bra\u010dki kamen<\/div>\n              <div class=\"esg-center eg-jaksic-izlozbe-element-9 esg-none esg-clear esg-line-break\"><\/div>\n           <\/div>\n   <\/div>\n\n<\/li>\n<li id=\"eg-8-post-id-34_8781\" data-skin=\"jaksic-izlozbe\" class=\"filterall filter-figurativneskulpture eg-jaksic-izlozbe-wrapper eg-post-id-34\" data-date=\"\">\n    <div class=\"esg-media-cover-wrapper\">\n<div class=\"esg-entry-media\"><img src=\"https:\/\/galerijajaksic.com\/wp-content\/plugins\/essential-grid\/public\/assets\/images\/300x200transparent.png\" data-lazythumb=\"https:\/\/galerijajaksic.com\/wp-content\/uploads\/2019\/03\/kamena_bista_skulptura_lovre_jaksic2-25x25.jpg\" data-no-lazy=\"1\" data-lazysrc=\"https:\/\/galerijajaksic.com\/wp-content\/uploads\/2019\/03\/kamena_bista_skulptura_lovre_jaksic2.jpg\" alt=\"Portret u kamenu bista bijeli bra\u010dki kamen\" width=\"740\" height=\"1080\" data-bgposition=\"center top\"><\/div>\n\n            <div class=\"esg-entry-cover esg-transition\" data-delay=\"0\" data-duration=\"deafult\" data-clickable=\"on\" data-transition=\"esg-fade\">\n\n<a class=\"eg-invisiblebutton  esgbox\" href=\"https:\/\/galerijajaksic.com\/wp-content\/uploads\/2019\/03\/kamena_bista_skulptura_lovre_jaksic2.jpg\" data-thumb=\"https:\/\/galerijajaksic.com\/wp-content\/uploads\/2019\/03\/kamena_bista_skulptura_lovre_jaksic2-200x292.jpg\"  data-caption=\"&lt;div class=&quot;esgbox-caption-title&quot;&gt;PORTRET \/ privatna narud\u017eba&lt;\/div&gt;\"  data-width=\"740\"  data-height=\"1080\" ><\/a>                <div class=\"esg-overlay esg-transition eg-jaksic-izlozbe-container\" data-delay=\"0\" data-duration=\"default\" data-transition=\"esg-fade\"><\/div>\n\n              <div class=\"esg-center eg-jaksic-izlozbe-element-8 esg-none esg-clear esg-line-break\"><\/div>\n\t\t\t\t<div class=\"esg-center eg-jaksic-izlozbe-element-14 esg-transition\" data-delay=\"0.1\" data-duration=\"default\" data-transition=\"esg-flipup\">PORTRET \/ privatna narud\u017eba<\/div>\n\t\t\t\t<div class=\"esg-center eg-jaksic-izlozbe-element-15 esg-transition\" data-delay=\"0.46\" data-duration=\"default\" data-transition=\"esg-flipdown\">bijeli bra\u010dki kamen<\/div>\n              <div class=\"esg-center eg-jaksic-izlozbe-element-9 esg-none esg-clear esg-line-break\"><\/div>\n           <\/div>\n   <\/div>\n\n<\/li>\n<li id=\"eg-8-post-id-35_1613\" data-skin=\"jaksic-izlozbe\" class=\"filterall filter-figurativneskulpture eg-jaksic-izlozbe-wrapper eg-post-id-35\" data-date=\"\">\n    <div class=\"esg-media-cover-wrapper\">\n<div class=\"esg-entry-media\"><img src=\"https:\/\/galerijajaksic.com\/wp-content\/plugins\/essential-grid\/public\/assets\/images\/300x200transparent.png\" data-lazythumb=\"https:\/\/galerijajaksic.com\/wp-content\/uploads\/2019\/03\/kamena_bista_skulptura_lovre_jaksic1-25x25.jpg\" data-no-lazy=\"1\" data-lazysrc=\"https:\/\/galerijajaksic.com\/wp-content\/uploads\/2019\/03\/kamena_bista_skulptura_lovre_jaksic1.jpg\" alt=\"Portret u kamenu bista bijeli bra\u010dki kamen\" width=\"1080\" height=\"1080\"><\/div>\n\n            <div class=\"esg-entry-cover esg-transition\" data-delay=\"0\" data-duration=\"deafult\" data-clickable=\"on\" data-transition=\"esg-fade\">\n\n<a class=\"eg-invisiblebutton  esgbox\" href=\"https:\/\/galerijajaksic.com\/wp-content\/uploads\/2019\/03\/kamena_bista_skulptura_lovre_jaksic1.jpg\" data-thumb=\"https:\/\/galerijajaksic.com\/wp-content\/uploads\/2019\/03\/kamena_bista_skulptura_lovre_jaksic1-200x200.jpg\"  data-caption=\"&lt;div class=&quot;esgbox-caption-title&quot;&gt;PORTRET \/ privatna narud\u017eba&lt;\/div&gt;\"  data-width=\"1080\"  data-height=\"1080\" ><\/a>                <div class=\"esg-overlay esg-transition eg-jaksic-izlozbe-container\" data-delay=\"0\" data-duration=\"default\" data-transition=\"esg-fade\"><\/div>\n\n              <div class=\"esg-center eg-jaksic-izlozbe-element-8 esg-none esg-clear esg-line-break\"><\/div>\n\t\t\t\t<div class=\"esg-center eg-jaksic-izlozbe-element-14 esg-transition\" data-delay=\"0.1\" data-duration=\"default\" data-transition=\"esg-flipup\">PORTRET \/ privatna narud\u017eba<\/div>\n\t\t\t\t<div class=\"esg-center eg-jaksic-izlozbe-element-15 esg-transition\" data-delay=\"0.46\" data-duration=\"default\" data-transition=\"esg-flipdown\">bijeli bra\u010dki kamen<\/div>\n              <div class=\"esg-center eg-jaksic-izlozbe-element-9 esg-none esg-clear esg-line-break\"><\/div>\n           <\/div>\n   <\/div>\n\n<\/li>\n<li id=\"eg-8-post-id-36_5863\" data-skin=\"jaksic-izlozbe\" class=\"filterall filter-figurativneskulpture eg-jaksic-izlozbe-wrapper eg-post-id-36\" data-date=\"\">\n    <div class=\"esg-media-cover-wrapper\">\n<div class=\"esg-entry-media\"><img src=\"https:\/\/galerijajaksic.com\/wp-content\/plugins\/essential-grid\/public\/assets\/images\/300x200transparent.png\" data-lazythumb=\"https:\/\/galerijajaksic.com\/wp-content\/uploads\/2019\/03\/Kamena_skulptura_portret_torzo_lovre_jaksic4-25x25.jpg\" data-no-lazy=\"1\" data-lazysrc=\"https:\/\/galerijajaksic.com\/wp-content\/uploads\/2019\/03\/Kamena_skulptura_portret_torzo_lovre_jaksic4.jpg\" alt=\"torzo u kamenu bijeli bra\u010dki kamen\" width=\"1152\" height=\"862\"><\/div>\n\n            <div class=\"esg-entry-cover esg-transition\" data-delay=\"0\" data-duration=\"deafult\" data-clickable=\"on\" data-transition=\"esg-fade\">\n\n<a class=\"eg-invisiblebutton  esgbox\" href=\"https:\/\/galerijajaksic.com\/wp-content\/uploads\/2019\/03\/Kamena_skulptura_portret_torzo_lovre_jaksic4.jpg\" data-thumb=\"https:\/\/galerijajaksic.com\/wp-content\/uploads\/2019\/03\/Kamena_skulptura_portret_torzo_lovre_jaksic4-200x150.jpg\"  data-caption=\"&lt;div class=&quot;esgbox-caption-title&quot;&gt;TORZO&lt;\/div&gt;\"  data-width=\"1152\"  data-height=\"862\" ><\/a>                <div class=\"esg-overlay esg-transition eg-jaksic-izlozbe-container\" data-delay=\"0\" data-duration=\"default\" data-transition=\"esg-fade\"><\/div>\n\n              <div class=\"esg-center eg-jaksic-izlozbe-element-8 esg-none esg-clear esg-line-break\"><\/div>\n\t\t\t\t<div class=\"esg-center eg-jaksic-izlozbe-element-14 esg-transition\" data-delay=\"0.1\" data-duration=\"default\" data-transition=\"esg-flipup\">TORZO<\/div>\n\t\t\t\t<div class=\"esg-center eg-jaksic-izlozbe-element-15 esg-transition\" data-delay=\"0.46\" data-duration=\"default\" data-transition=\"esg-flipdown\">bijeli bra\u010dki kamen \/ visina: 98 cm<\/div>\n              <div class=\"esg-center eg-jaksic-izlozbe-element-9 esg-none esg-clear esg-line-break\"><\/div>\n           <\/div>\n   <\/div>\n\n<\/li>\n<li id=\"eg-8-post-id-37_5077\" data-skin=\"jaksic-izlozbe\" class=\"filterall filter-figurativneskulpture eg-jaksic-izlozbe-wrapper eg-post-id-37\" data-date=\"\">\n    <div class=\"esg-media-cover-wrapper\">\n<div class=\"esg-entry-media\"><img src=\"https:\/\/galerijajaksic.com\/wp-content\/plugins\/essential-grid\/public\/assets\/images\/300x200transparent.png\" data-lazythumb=\"https:\/\/galerijajaksic.com\/wp-content\/uploads\/2019\/03\/Kamena_skulptura_portret_torzo_lovre_jaksic3-25x25.jpg\" data-no-lazy=\"1\" data-lazysrc=\"https:\/\/galerijajaksic.com\/wp-content\/uploads\/2019\/03\/Kamena_skulptura_portret_torzo_lovre_jaksic3.jpg\" alt=\"torzo u kamenu bijeli bra\u010dki kamen\" width=\"602\" height=\"1060\" data-bgposition=\"center top\"><\/div>\n\n            <div class=\"esg-entry-cover esg-transition\" data-delay=\"0\" data-duration=\"deafult\" data-clickable=\"on\" data-transition=\"esg-fade\">\n\n<a class=\"eg-invisiblebutton  esgbox\" href=\"https:\/\/galerijajaksic.com\/wp-content\/uploads\/2019\/03\/Kamena_skulptura_portret_torzo_lovre_jaksic3.jpg\" data-thumb=\"https:\/\/galerijajaksic.com\/wp-content\/uploads\/2019\/03\/Kamena_skulptura_portret_torzo_lovre_jaksic3-200x352.jpg\"  data-caption=\"&lt;div class=&quot;esgbox-caption-title&quot;&gt;TORZO&lt;\/div&gt;\"  data-width=\"602\"  data-height=\"1060\" ><\/a>                <div class=\"esg-overlay esg-transition eg-jaksic-izlozbe-container\" data-delay=\"0\" data-duration=\"default\" data-transition=\"esg-fade\"><\/div>\n\n              <div class=\"esg-center eg-jaksic-izlozbe-element-8 esg-none esg-clear esg-line-break\"><\/div>\n\t\t\t\t<div class=\"esg-center eg-jaksic-izlozbe-element-14 esg-transition\" data-delay=\"0.1\" data-duration=\"default\" data-transition=\"esg-flipup\">TORZO<\/div>\n\t\t\t\t<div class=\"esg-center eg-jaksic-izlozbe-element-15 esg-transition\" data-delay=\"0.46\" data-duration=\"default\" data-transition=\"esg-flipdown\">mramor Sivec \/ visina: 98 cm<\/div>\n              <div class=\"esg-center eg-jaksic-izlozbe-element-9 esg-none esg-clear esg-line-break\"><\/div>\n           <\/div>\n   <\/div>\n\n<\/li>\n<li id=\"eg-8-post-id-38_432\" data-skin=\"jaksic-izlozbe\" class=\"filterall filter-figurativneskulpture eg-jaksic-izlozbe-wrapper eg-post-id-38\" data-date=\"\">\n    <div class=\"esg-media-cover-wrapper\">\n<div class=\"esg-entry-media\"><img src=\"https:\/\/galerijajaksic.com\/wp-content\/plugins\/essential-grid\/public\/assets\/images\/300x200transparent.png\" data-lazythumb=\"https:\/\/galerijajaksic.com\/wp-content\/uploads\/2019\/03\/Kamena_skulptura_portret_torzo_lovre_jaksic2-25x25.jpg\" data-no-lazy=\"1\" data-lazysrc=\"https:\/\/galerijajaksic.com\/wp-content\/uploads\/2019\/03\/Kamena_skulptura_portret_torzo_lovre_jaksic2.jpg\" alt=\"Portret u kamenu bijeli bra\u010dki kamen\" width=\"1060\" height=\"1060\"><\/div>\n\n            <div class=\"esg-entry-cover esg-transition\" data-delay=\"0\" data-duration=\"deafult\" data-clickable=\"on\" data-transition=\"esg-fade\">\n\n<a class=\"eg-invisiblebutton  esgbox\" href=\"https:\/\/galerijajaksic.com\/wp-content\/uploads\/2019\/03\/Kamena_skulptura_portret_torzo_lovre_jaksic2.jpg\" data-thumb=\"https:\/\/galerijajaksic.com\/wp-content\/uploads\/2019\/03\/Kamena_skulptura_portret_torzo_lovre_jaksic2-200x200.jpg\"  data-caption=\"&lt;div class=&quot;esgbox-caption-title&quot;&gt;LICE U KAMENU&lt;\/div&gt;\"  data-width=\"1060\"  data-height=\"1060\" ><\/a>                <div class=\"esg-overlay esg-transition eg-jaksic-izlozbe-container\" data-delay=\"0\" data-duration=\"default\" data-transition=\"esg-fade\"><\/div>\n\n              <div class=\"esg-center eg-jaksic-izlozbe-element-8 esg-none esg-clear esg-line-break\"><\/div>\n\t\t\t\t<div class=\"esg-center eg-jaksic-izlozbe-element-14 esg-transition\" data-delay=\"0.1\" data-duration=\"default\" data-transition=\"esg-flipup\">LICE U KAMENU<\/div>\n\t\t\t\t<div class=\"esg-center eg-jaksic-izlozbe-element-15 esg-transition\" data-delay=\"0.46\" data-duration=\"default\" data-transition=\"esg-flipdown\">bijeli bra\u010dki kamen \/ visina:73 cm<\/div>\n              <div class=\"esg-center eg-jaksic-izlozbe-element-9 esg-none esg-clear esg-line-break\"><\/div>\n           <\/div>\n   <\/div>\n\n<\/li>\n<li id=\"eg-8-post-id-39_1204\" data-skin=\"jaksic-izlozbe\" class=\"filterall filter-figurativneskulpture eg-jaksic-izlozbe-wrapper eg-post-id-39\" data-date=\"\">\n    <div class=\"esg-media-cover-wrapper\">\n<div class=\"esg-entry-media\"><img src=\"https:\/\/galerijajaksic.com\/wp-content\/plugins\/essential-grid\/public\/assets\/images\/300x200transparent.png\" data-lazythumb=\"https:\/\/galerijajaksic.com\/wp-content\/uploads\/2019\/03\/Kamena_skulptura_portret_torzo_lovre_jaksic1-25x25.jpg\" data-no-lazy=\"1\" data-lazysrc=\"https:\/\/galerijajaksic.com\/wp-content\/uploads\/2019\/03\/Kamena_skulptura_portret_torzo_lovre_jaksic1.jpg\" alt=\"Portret u kamenu bijeli bra\u010dki kamen\" width=\"1152\" height=\"862\"><\/div>\n\n            <div class=\"esg-entry-cover esg-transition\" data-delay=\"0\" data-duration=\"deafult\" data-clickable=\"on\" data-transition=\"esg-fade\">\n\n<a class=\"eg-invisiblebutton  esgbox\" href=\"https:\/\/galerijajaksic.com\/wp-content\/uploads\/2019\/03\/Kamena_skulptura_portret_torzo_lovre_jaksic1.jpg\" data-thumb=\"https:\/\/galerijajaksic.com\/wp-content\/uploads\/2019\/03\/Kamena_skulptura_portret_torzo_lovre_jaksic1-200x150.jpg\"  data-caption=\"&lt;div class=&quot;esgbox-caption-title&quot;&gt;GLAVA U KAMENU&lt;\/div&gt;\"  data-width=\"1152\"  data-height=\"862\" ><\/a>                <div class=\"esg-overlay esg-transition eg-jaksic-izlozbe-container\" data-delay=\"0\" data-duration=\"default\" data-transition=\"esg-fade\"><\/div>\n\n              <div class=\"esg-center eg-jaksic-izlozbe-element-8 esg-none esg-clear esg-line-break\"><\/div>\n\t\t\t\t<div class=\"esg-center eg-jaksic-izlozbe-element-14 esg-transition\" data-delay=\"0.1\" data-duration=\"default\" data-transition=\"esg-flipup\">GLAVA U KAMENU<\/div>\n\t\t\t\t<div class=\"esg-center eg-jaksic-izlozbe-element-15 esg-transition\" data-delay=\"0.46\" data-duration=\"default\" data-transition=\"esg-flipdown\">bijeli bra\u010dki kamen<\/div>\n              <div class=\"esg-center eg-jaksic-izlozbe-element-9 esg-none esg-clear esg-line-break\"><\/div>\n           <\/div>\n   <\/div>\n\n<\/li>\n<li id=\"eg-8-post-id-40_6430\" data-skin=\"jaksic-izlozbe\" class=\"filterall filter-figurativneskulpture eg-jaksic-izlozbe-wrapper eg-post-id-40\" data-date=\"\">\n    <div class=\"esg-media-cover-wrapper\">\n<div class=\"esg-entry-media\"><img src=\"https:\/\/galerijajaksic.com\/wp-content\/plugins\/essential-grid\/public\/assets\/images\/300x200transparent.png\" data-lazythumb=\"https:\/\/galerijajaksic.com\/wp-content\/uploads\/2019\/03\/2_kamene_skulpture_Portreti_lovre_jaksic2-25x25.jpg\" data-no-lazy=\"1\" data-lazysrc=\"https:\/\/galerijajaksic.com\/wp-content\/uploads\/2019\/03\/2_kamene_skulpture_Portreti_lovre_jaksic2.jpg\" alt=\"Kamene skulpture portreti Lovre Jak\u0161i\u0107\" width=\"1152\" height=\"862\" data-bgposition=\"center top\"><\/div>\n\n            <div class=\"esg-entry-cover esg-transition\" data-delay=\"0\" data-duration=\"deafult\" data-clickable=\"on\" data-transition=\"esg-fade\">\n\n<a class=\"eg-invisiblebutton  esgbox\" href=\"https:\/\/galerijajaksic.com\/wp-content\/uploads\/2019\/03\/2_kamene_skulpture_Portreti_lovre_jaksic2.jpg\" data-thumb=\"https:\/\/galerijajaksic.com\/wp-content\/uploads\/2019\/03\/2_kamene_skulpture_Portreti_lovre_jaksic2-200x150.jpg\"  data-caption=\"&lt;div class=&quot;esgbox-caption-title&quot;&gt;\u017dENSKA GLAVA&lt;\/div&gt;\"  data-width=\"1152\"  data-height=\"862\" ><\/a>                <div class=\"esg-overlay esg-transition eg-jaksic-izlozbe-container\" data-delay=\"0\" data-duration=\"default\" data-transition=\"esg-fade\"><\/div>\n\n              <div class=\"esg-center eg-jaksic-izlozbe-element-8 esg-none esg-clear esg-line-break\"><\/div>\n\t\t\t\t<div class=\"esg-center eg-jaksic-izlozbe-element-14 esg-transition\" data-delay=\"0.1\" data-duration=\"default\" data-transition=\"esg-flipup\">\u017dENSKA GLAVA<\/div>\n\t\t\t\t<div class=\"esg-center eg-jaksic-izlozbe-element-15 esg-transition\" data-delay=\"0.46\" data-duration=\"default\" data-transition=\"esg-flipdown\">bijeli bra\u010dki kamen \/ visina:50 cm<\/div>\n              <div class=\"esg-center eg-jaksic-izlozbe-element-9 esg-none esg-clear esg-line-break\"><\/div>\n           <\/div>\n   <\/div>\n\n<\/li>\n<li id=\"eg-8-post-id-41_38\" data-skin=\"jaksic-izlozbe\" class=\"filterall filter-figurativneskulpture eg-jaksic-izlozbe-wrapper eg-post-id-41\" data-date=\"\">\n    <div class=\"esg-media-cover-wrapper\">\n<div class=\"esg-entry-media\"><img src=\"https:\/\/galerijajaksic.com\/wp-content\/plugins\/essential-grid\/public\/assets\/images\/300x200transparent.png\" data-lazythumb=\"https:\/\/galerijajaksic.com\/wp-content\/uploads\/2019\/03\/2_kamene_skulpture_Portreti_lovre_jaksic1-25x25.jpg\" data-no-lazy=\"1\" data-lazysrc=\"https:\/\/galerijajaksic.com\/wp-content\/uploads\/2019\/03\/2_kamene_skulpture_Portreti_lovre_jaksic1.jpg\" alt=\"Kamene skulpture portreti Lovre Jak\u0161i\u0107\" width=\"640\" height=\"701\" data-bgposition=\"center top\"><\/div>\n\n            <div class=\"esg-entry-cover esg-transition\" data-delay=\"0\" data-duration=\"deafult\" data-clickable=\"on\" data-transition=\"esg-fade\">\n\n<a class=\"eg-invisiblebutton  esgbox\" href=\"https:\/\/galerijajaksic.com\/wp-content\/uploads\/2019\/03\/2_kamene_skulpture_Portreti_lovre_jaksic1.jpg\" data-thumb=\"https:\/\/galerijajaksic.com\/wp-content\/uploads\/2019\/03\/2_kamene_skulpture_Portreti_lovre_jaksic1-200x219.jpg\"  data-caption=\"&lt;div class=&quot;esgbox-caption-title&quot;&gt;\u017dENSKA GLAVA&lt;\/div&gt;\"  data-width=\"640\"  data-height=\"701\" ><\/a>                <div class=\"esg-overlay esg-transition eg-jaksic-izlozbe-container\" data-delay=\"0\" data-duration=\"default\" data-transition=\"esg-fade\"><\/div>\n\n              <div class=\"esg-center eg-jaksic-izlozbe-element-8 esg-none esg-clear esg-line-break\"><\/div>\n\t\t\t\t<div class=\"esg-center eg-jaksic-izlozbe-element-14 esg-transition\" data-delay=\"0.1\" data-duration=\"default\" data-transition=\"esg-flipup\">\u017dENSKA GLAVA<\/div>\n\t\t\t\t<div class=\"esg-center eg-jaksic-izlozbe-element-15 esg-transition\" data-delay=\"0.46\" data-duration=\"default\" data-transition=\"esg-flipdown\">bijeli bra\u010dki kamen \/ visina:50 cm<\/div>\n              <div class=\"esg-center eg-jaksic-izlozbe-element-9 esg-none esg-clear esg-line-break\"><\/div>\n           <\/div>\n   <\/div>\n\n<\/li>\n<li id=\"eg-8-post-id-42_7966\" data-skin=\"jaksic-izlozbe\" class=\"filterall filter-figurativneskulpture eg-jaksic-izlozbe-wrapper eg-post-id-42\" data-date=\"\">\n    <div class=\"esg-media-cover-wrapper\">\n<div class=\"esg-entry-media\"><img src=\"https:\/\/galerijajaksic.com\/wp-content\/plugins\/essential-grid\/public\/assets\/images\/300x200transparent.png\" data-lazythumb=\"https:\/\/galerijajaksic.com\/wp-content\/uploads\/2019\/03\/2_kamene_skulpture_Portreti_lovre_jaksic3-25x25.jpg\" data-no-lazy=\"1\" data-lazysrc=\"https:\/\/galerijajaksic.com\/wp-content\/uploads\/2019\/03\/2_kamene_skulpture_Portreti_lovre_jaksic3.jpg\" alt=\"Kamene skulpture portreti Lovre Jak\u0161i\u0107\" width=\"684\" height=\"1060\"><\/div>\n\n            <div class=\"esg-entry-cover esg-transition\" data-delay=\"0\" data-duration=\"deafult\" data-clickable=\"on\" data-transition=\"esg-fade\">\n\n<a class=\"eg-invisiblebutton  esgbox\" href=\"https:\/\/galerijajaksic.com\/wp-content\/uploads\/2019\/03\/2_kamene_skulpture_Portreti_lovre_jaksic3.jpg\" data-thumb=\"https:\/\/galerijajaksic.com\/wp-content\/uploads\/2019\/03\/2_kamene_skulpture_Portreti_lovre_jaksic3-200x310.jpg\"  data-caption=\"&lt;div class=&quot;esgbox-caption-title&quot;&gt;\u017dENSKA GLAVA&lt;\/div&gt;\"  data-width=\"684\"  data-height=\"1060\" ><\/a>                <div class=\"esg-overlay esg-transition eg-jaksic-izlozbe-container\" data-delay=\"0\" data-duration=\"default\" data-transition=\"esg-fade\"><\/div>\n\n              <div class=\"esg-center eg-jaksic-izlozbe-element-8 esg-none esg-clear esg-line-break\"><\/div>\n\t\t\t\t<div class=\"esg-center eg-jaksic-izlozbe-element-14 esg-transition\" data-delay=\"0.1\" data-duration=\"default\" data-transition=\"esg-flipup\">\u017dENSKA GLAVA<\/div>\n\t\t\t\t<div class=\"esg-center eg-jaksic-izlozbe-element-15 esg-transition\" data-delay=\"0.46\" data-duration=\"default\" data-transition=\"esg-flipdown\">bijeli bra\u010dki kamen \/ visina:50 cm<\/div>\n              <div class=\"esg-center eg-jaksic-izlozbe-element-9 esg-none esg-clear esg-line-break\"><\/div>\n           <\/div>\n   <\/div>\n\n<\/li>\n<li id=\"eg-8-post-id-43_1423\" data-skin=\"jaksic-izlozbe\" class=\"filterall filter-figurativneskulpture eg-jaksic-izlozbe-wrapper eg-post-id-43\" data-date=\"\">\n    <div class=\"esg-media-cover-wrapper\">\n<div class=\"esg-entry-media\"><img src=\"https:\/\/galerijajaksic.com\/wp-content\/plugins\/essential-grid\/public\/assets\/images\/300x200transparent.png\" data-lazythumb=\"https:\/\/galerijajaksic.com\/wp-content\/uploads\/2019\/03\/2_kamene_skulpture_Portreti_lovre_jaksic4-25x25.jpg\" data-no-lazy=\"1\" data-lazysrc=\"https:\/\/galerijajaksic.com\/wp-content\/uploads\/2019\/03\/2_kamene_skulpture_Portreti_lovre_jaksic4.jpg\" alt=\"\" width=\"815\" height=\"1060\" data-bgposition=\"center top\"><\/div>\n\n            <div class=\"esg-entry-cover esg-transition\" data-delay=\"0\" data-duration=\"deafult\" data-clickable=\"on\" data-transition=\"esg-fade\">\n\n<a class=\"eg-invisiblebutton  esgbox\" href=\"https:\/\/galerijajaksic.com\/wp-content\/uploads\/2019\/03\/2_kamene_skulpture_Portreti_lovre_jaksic4.jpg\" data-thumb=\"https:\/\/galerijajaksic.com\/wp-content\/uploads\/2019\/03\/2_kamene_skulpture_Portreti_lovre_jaksic4-200x260.jpg\"  data-caption=\"&lt;div class=&quot;esgbox-caption-title&quot;&gt;\u017dENSKA GLAVA&lt;\/div&gt;\"  data-width=\"815\"  data-height=\"1060\" ><\/a>                <div class=\"esg-overlay esg-transition eg-jaksic-izlozbe-container\" data-delay=\"0\" data-duration=\"default\" data-transition=\"esg-fade\"><\/div>\n\n              <div class=\"esg-center eg-jaksic-izlozbe-element-8 esg-none esg-clear esg-line-break\"><\/div>\n\t\t\t\t<div class=\"esg-center eg-jaksic-izlozbe-element-14 esg-transition\" data-delay=\"0.1\" data-duration=\"default\" data-transition=\"esg-flipup\">\u017dENSKA GLAVA<\/div>\n\t\t\t\t<div class=\"esg-center eg-jaksic-izlozbe-element-15 esg-transition\" data-delay=\"0.46\" data-duration=\"default\" data-transition=\"esg-flipdown\">bijeli bra\u010dki kamen \/ visina:70 cm<\/div>\n              <div class=\"esg-center eg-jaksic-izlozbe-element-9 esg-none esg-clear esg-line-break\"><\/div>\n           <\/div>\n   <\/div>\n\n<\/li>\n<li id=\"eg-8-post-id-44_4267\" data-skin=\"jaksic-izlozbe\" class=\"filterall filter-javniradovi eg-jaksic-izlozbe-wrapper eg-post-id-44\" data-date=\"\">\n    <div class=\"esg-media-cover-wrapper\">\n<div class=\"esg-entry-media\"><img src=\"https:\/\/galerijajaksic.com\/wp-content\/plugins\/essential-grid\/public\/assets\/images\/300x200transparent.png\" data-lazythumb=\"https:\/\/galerijajaksic.com\/wp-content\/uploads\/2019\/03\/kamena_skulptur_gospa_lovre_jaksic-25x25.jpg\" data-no-lazy=\"1\" data-lazysrc=\"https:\/\/galerijajaksic.com\/wp-content\/uploads\/2019\/03\/kamena_skulptur_gospa_lovre_jaksic.jpg\" alt=\"Kameni kip gospe\" width=\"666\" height=\"1080\" data-bgposition=\"center top\"><\/div>\n\n            <div class=\"esg-entry-cover esg-transition\" data-delay=\"0\" data-duration=\"deafult\" data-clickable=\"on\" data-transition=\"esg-fade\">\n\n<a class=\"eg-invisiblebutton  esgbox\" href=\"https:\/\/galerijajaksic.com\/wp-content\/uploads\/2019\/03\/kamena_skulptur_gospa_lovre_jaksic.jpg\" data-thumb=\"https:\/\/galerijajaksic.com\/wp-content\/uploads\/2019\/03\/kamena_skulptur_gospa_lovre_jaksic-200x324.jpg\"  data-caption=\"&lt;div class=&quot;esgbox-caption-title&quot;&gt;GOSPA&lt;\/div&gt;\"  data-width=\"666\"  data-height=\"1080\" ><\/a>                <div class=\"esg-overlay esg-transition eg-jaksic-izlozbe-container\" data-delay=\"0\" data-duration=\"default\" data-transition=\"esg-fade\"><\/div>\n\n              <div class=\"esg-center eg-jaksic-izlozbe-element-8 esg-none esg-clear esg-line-break\"><\/div>\n\t\t\t\t<div class=\"esg-center eg-jaksic-izlozbe-element-14 esg-transition\" data-delay=\"0.1\" data-duration=\"default\" data-transition=\"esg-flipup\">GOSPA<\/div>\n\t\t\t\t<div class=\"esg-center eg-jaksic-izlozbe-element-15 esg-transition\" data-delay=\"0.46\" data-duration=\"default\" data-transition=\"esg-flipdown\">bijeli bra\u010dki kamen<\/div>\n              <div class=\"esg-center eg-jaksic-izlozbe-element-9 esg-none esg-clear esg-line-break\"><\/div>\n           <\/div>\n   <\/div>\n\n<\/li>\n<li id=\"eg-8-post-id-45_2879\" data-skin=\"jaksic-izlozbe\" class=\"filterall filter-javniradovi eg-jaksic-izlozbe-wrapper eg-post-id-45\" data-date=\"\">\n    <div class=\"esg-media-cover-wrapper\">\n<div class=\"esg-entry-media\"><img src=\"https:\/\/galerijajaksic.com\/wp-content\/plugins\/essential-grid\/public\/assets\/images\/300x200transparent.png\" data-lazythumb=\"https:\/\/galerijajaksic.com\/wp-content\/uploads\/2019\/03\/trg_sv_ane_brgate_gospa_lovre_jaksic-25x25.jpg\" data-no-lazy=\"1\" data-lazysrc=\"https:\/\/galerijajaksic.com\/wp-content\/uploads\/2019\/03\/trg_sv_ane_brgate_gospa_lovre_jaksic.jpg\" alt=\"Kip gospe trg sv.Ane u Brgate\" width=\"1080\" height=\"810\"><\/div>\n\n            <div class=\"esg-entry-cover esg-transition\" data-delay=\"0\" data-duration=\"deafult\" data-clickable=\"on\" data-transition=\"esg-fade\">\n\n<a class=\"eg-invisiblebutton  esgbox\" href=\"https:\/\/galerijajaksic.com\/wp-content\/uploads\/2019\/03\/trg_sv_ane_brgate_gospa_lovre_jaksic.jpg\" data-thumb=\"https:\/\/galerijajaksic.com\/wp-content\/uploads\/2019\/03\/trg_sv_ane_brgate_gospa_lovre_jaksic-200x150.jpg\"  data-caption=\"&lt;div class=&quot;esgbox-caption-title&quot;&gt;GOSPA \/ Trg Sv. Ane, Brgata&lt;\/div&gt;\"  data-width=\"1080\"  data-height=\"810\" ><\/a>                <div class=\"esg-overlay esg-transition eg-jaksic-izlozbe-container\" data-delay=\"0\" data-duration=\"default\" data-transition=\"esg-fade\"><\/div>\n\n              <div class=\"esg-center eg-jaksic-izlozbe-element-8 esg-none esg-clear esg-line-break\"><\/div>\n\t\t\t\t<div class=\"esg-center eg-jaksic-izlozbe-element-14 esg-transition\" data-delay=\"0.1\" data-duration=\"default\" data-transition=\"esg-flipup\">GOSPA \/ Trg Sv. Ane, Brgata<\/div>\n\t\t\t\t<div class=\"esg-center eg-jaksic-izlozbe-element-15 esg-transition\" data-delay=\"0.46\" data-duration=\"default\" data-transition=\"esg-flipdown\">bijeli bra\u010dki kamen<\/div>\n              <div class=\"esg-center eg-jaksic-izlozbe-element-9 esg-none esg-clear esg-line-break\"><\/div>\n           <\/div>\n   <\/div>\n\n<\/li>\n<li id=\"eg-8-post-id-46_9777\" data-skin=\"jaksic-izlozbe\" class=\"filterall filter-javniradovi eg-jaksic-izlozbe-wrapper eg-post-id-46\" data-date=\"\">\n    <div class=\"esg-media-cover-wrapper\">\n<div class=\"esg-entry-media\"><img src=\"https:\/\/galerijajaksic.com\/wp-content\/plugins\/essential-grid\/public\/assets\/images\/300x200transparent.png\" data-lazythumb=\"https:\/\/galerijajaksic.com\/wp-content\/uploads\/2019\/03\/skulptura_majka_i_dijete_novo_rodilis\u030cte_Lovre_jaksic-25x25.jpg\" data-no-lazy=\"1\" data-lazysrc=\"https:\/\/galerijajaksic.com\/wp-content\/uploads\/2019\/03\/skulptura_majka_i_dijete_novo_rodilis\u030cte_Lovre_jaksic.jpg\" alt=\"Majka i dijete_rodili\u0161te Split\" width=\"810\" height=\"1080\" data-bgposition=\"center top\"><\/div>\n\n            <div class=\"esg-entry-cover esg-transition\" data-delay=\"0\" data-duration=\"deafult\" data-clickable=\"on\" data-transition=\"esg-fade\">\n\n<a class=\"eg-invisiblebutton  esgbox\" href=\"https:\/\/galerijajaksic.com\/wp-content\/uploads\/2019\/03\/skulptura_majka_i_dijete_novo_rodilis\u030cte_Lovre_jaksic.jpg\" data-thumb=\"https:\/\/galerijajaksic.com\/wp-content\/uploads\/2019\/03\/skulptura_majka_i_dijete_novo_rodilis\u030cte_Lovre_jaksic-200x267.jpg\"  data-caption=\"&lt;div class=&quot;esgbox-caption-title&quot;&gt;MAJKA I DIJETE&lt;\/div&gt;\"  data-width=\"810\"  data-height=\"1080\" ><\/a>                <div class=\"esg-overlay esg-transition eg-jaksic-izlozbe-container\" data-delay=\"0\" data-duration=\"default\" data-transition=\"esg-fade\"><\/div>\n\n              <div class=\"esg-center eg-jaksic-izlozbe-element-8 esg-none esg-clear esg-line-break\"><\/div>\n\t\t\t\t<div class=\"esg-center eg-jaksic-izlozbe-element-14 esg-transition\" data-delay=\"0.1\" data-duration=\"default\" data-transition=\"esg-flipup\">MAJKA I DIJETE<\/div>\n\t\t\t\t<div class=\"esg-center eg-jaksic-izlozbe-element-15 esg-transition\" data-delay=\"0.46\" data-duration=\"default\" data-transition=\"esg-flipdown\">bijeli bra\u010dki kamen<\/div>\n              <div class=\"esg-center eg-jaksic-izlozbe-element-9 esg-none esg-clear esg-line-break\"><\/div>\n           <\/div>\n   <\/div>\n\n<\/li>\n<li id=\"eg-8-post-id-47_4516\" data-skin=\"jaksic-izlozbe\" class=\"filterall filter-javniradovi eg-jaksic-izlozbe-wrapper eg-post-id-47\" data-date=\"\">\n    <div class=\"esg-media-cover-wrapper\">\n<div class=\"esg-entry-media\"><img src=\"https:\/\/galerijajaksic.com\/wp-content\/plugins\/essential-grid\/public\/assets\/images\/300x200transparent.png\" data-lazythumb=\"https:\/\/galerijajaksic.com\/wp-content\/uploads\/2019\/03\/Majka_i_dijete_kamena_skulptura_lovre_jaksic2-25x25.jpg\" data-no-lazy=\"1\" data-lazysrc=\"https:\/\/galerijajaksic.com\/wp-content\/uploads\/2019\/03\/Majka_i_dijete_kamena_skulptura_lovre_jaksic2.jpg\" alt=\"Majka i dijete, novo rodili\u0161te u Splitu, Lovre jak\u0161i\u0107\" width=\"790\" height=\"1080\" data-bgposition=\"center top\"><\/div>\n\n            <div class=\"esg-entry-cover esg-transition\" data-delay=\"0\" data-duration=\"deafult\" data-clickable=\"on\" data-transition=\"esg-fade\">\n\n<a class=\"eg-invisiblebutton  esgbox\" href=\"https:\/\/galerijajaksic.com\/wp-content\/uploads\/2019\/03\/Majka_i_dijete_kamena_skulptura_lovre_jaksic2.jpg\" data-thumb=\"https:\/\/galerijajaksic.com\/wp-content\/uploads\/2019\/03\/Majka_i_dijete_kamena_skulptura_lovre_jaksic2-200x273.jpg\"  data-caption=\"&lt;div class=&quot;esgbox-caption-title&quot;&gt;MAJKA I DIJETE&lt;\/div&gt;\"  data-width=\"790\"  data-height=\"1080\" ><\/a>                <div class=\"esg-overlay esg-transition eg-jaksic-izlozbe-container\" data-delay=\"0\" data-duration=\"default\" data-transition=\"esg-fade\"><\/div>\n\n              <div class=\"esg-center eg-jaksic-izlozbe-element-8 esg-none esg-clear esg-line-break\"><\/div>\n\t\t\t\t<div class=\"esg-center eg-jaksic-izlozbe-element-14 esg-transition\" data-delay=\"0.1\" data-duration=\"default\" data-transition=\"esg-flipup\">MAJKA I DIJETE<\/div>\n\t\t\t\t<div class=\"esg-center eg-jaksic-izlozbe-element-15 esg-transition\" data-delay=\"0.46\" data-duration=\"default\" data-transition=\"esg-flipdown\">Novo rodili\u0161te u Splitu<\/div>\n              <div class=\"esg-center eg-jaksic-izlozbe-element-9 esg-none esg-clear esg-line-break\"><\/div>\n           <\/div>\n   <\/div>\n\n<\/li>\n<li id=\"eg-8-post-id-48_9145\" data-skin=\"jaksic-izlozbe\" class=\"filterall filter-javniradovi eg-jaksic-izlozbe-wrapper eg-post-id-48\" data-date=\"\">\n    <div class=\"esg-media-cover-wrapper\">\n<div class=\"esg-entry-media\"><img src=\"https:\/\/galerijajaksic.com\/wp-content\/plugins\/essential-grid\/public\/assets\/images\/300x200transparent.png\" data-lazythumb=\"https:\/\/galerijajaksic.com\/wp-content\/uploads\/2019\/03\/Vitez_golo_brdo_otok_brac_lovre_jaksic-25x25.jpg\" data-no-lazy=\"1\" data-lazysrc=\"https:\/\/galerijajaksic.com\/wp-content\/uploads\/2019\/03\/Vitez_golo_brdo_otok_brac_lovre_jaksic.jpg\" alt=\"Vitez Golo brdo otok Bra\u010d\" width=\"1080\" height=\"815\"><\/div>\n\n            <div class=\"esg-entry-cover esg-transition\" data-delay=\"0\" data-duration=\"deafult\" data-clickable=\"on\" data-transition=\"esg-fade\">\n\n<a class=\"eg-invisiblebutton  esgbox\" href=\"https:\/\/galerijajaksic.com\/wp-content\/uploads\/2019\/03\/Vitez_golo_brdo_otok_brac_lovre_jaksic.jpg\" data-thumb=\"https:\/\/galerijajaksic.com\/wp-content\/uploads\/2019\/03\/Vitez_golo_brdo_otok_brac_lovre_jaksic-200x151.jpg\"  data-caption=\"&lt;div class=&quot;esgbox-caption-title&quot;&gt;VITEZ \/ Golo brdo, otok Bra\u010d&lt;\/div&gt;\"  data-width=\"1080\"  data-height=\"815\" ><\/a>                <div class=\"esg-overlay esg-transition eg-jaksic-izlozbe-container\" data-delay=\"0\" data-duration=\"default\" data-transition=\"esg-fade\"><\/div>\n\n              <div class=\"esg-center eg-jaksic-izlozbe-element-8 esg-none esg-clear esg-line-break\"><\/div>\n\t\t\t\t<div class=\"esg-center eg-jaksic-izlozbe-element-14 esg-transition\" data-delay=\"0.1\" data-duration=\"default\" data-transition=\"esg-flipup\">VITEZ \/ Golo brdo, otok Bra\u010d<\/div>\n\t\t\t\t<div class=\"esg-center eg-jaksic-izlozbe-element-15 esg-transition\" data-delay=\"0.46\" data-duration=\"default\" data-transition=\"esg-flipdown\">bijeli bra\u010dki kamen<\/div>\n              <div class=\"esg-center eg-jaksic-izlozbe-element-9 esg-none esg-clear esg-line-break\"><\/div>\n           <\/div>\n   <\/div>\n\n<\/li>\n<li id=\"eg-8-post-id-49_9579\" data-skin=\"jaksic-izlozbe\" class=\"filterall filter-javniradovi eg-jaksic-izlozbe-wrapper eg-post-id-49\" data-date=\"\">\n    <div class=\"esg-media-cover-wrapper\">\n<div class=\"esg-entry-media\"><img src=\"https:\/\/galerijajaksic.com\/wp-content\/plugins\/essential-grid\/public\/assets\/images\/300x200transparent.png\" data-lazythumb=\"https:\/\/galerijajaksic.com\/wp-content\/uploads\/2019\/03\/Kamena_skulptura_Vitez_golo_brdo_otok_brac_lovre_jaksic.jpg-25x25.jpg\" data-no-lazy=\"1\" data-lazysrc=\"https:\/\/galerijajaksic.com\/wp-content\/uploads\/2019\/03\/Kamena_skulptura_Vitez_golo_brdo_otok_brac_lovre_jaksic.jpg.jpg\" alt=\"Vitez Golo brdo otok Bra\u010d\" width=\"839\" height=\"1080\"><\/div>\n\n            <div class=\"esg-entry-cover esg-transition\" data-delay=\"0\" data-duration=\"deafult\" data-clickable=\"on\" data-transition=\"esg-fade\">\n\n<a class=\"eg-invisiblebutton  esgbox\" href=\"https:\/\/galerijajaksic.com\/wp-content\/uploads\/2019\/03\/Kamena_skulptura_Vitez_golo_brdo_otok_brac_lovre_jaksic.jpg.jpg\" data-thumb=\"https:\/\/galerijajaksic.com\/wp-content\/uploads\/2019\/03\/Kamena_skulptura_Vitez_golo_brdo_otok_brac_lovre_jaksic.jpg-200x257.jpg\"  data-caption=\"&lt;div class=&quot;esgbox-caption-title&quot;&gt;VITEZ \/ Golo brdo, otok Bra\u010d&lt;\/div&gt;\"  data-width=\"839\"  data-height=\"1080\" ><\/a>                <div class=\"esg-overlay esg-transition eg-jaksic-izlozbe-container\" data-delay=\"0\" data-duration=\"default\" data-transition=\"esg-fade\"><\/div>\n\n              <div class=\"esg-center eg-jaksic-izlozbe-element-8 esg-none esg-clear esg-line-break\"><\/div>\n\t\t\t\t<div class=\"esg-center eg-jaksic-izlozbe-element-14 esg-transition\" data-delay=\"0.1\" data-duration=\"default\" data-transition=\"esg-flipup\">VITEZ \/ Golo brdo, otok Bra\u010d<\/div>\n\t\t\t\t<div class=\"esg-center eg-jaksic-izlozbe-element-15 esg-transition\" data-delay=\"0.46\" data-duration=\"default\" data-transition=\"esg-flipdown\">bijeli bra\u010dki kamen<\/div>\n              <div class=\"esg-center eg-jaksic-izlozbe-element-9 esg-none esg-clear esg-line-break\"><\/div>\n           <\/div>\n   <\/div>\n\n<\/li>\n<\/ul>\n<article class=\"esg-filters esg-singlefilters\" style=\"margin-top: 0px; text-align: center; \"><div class=\"esg-pagination  esg-fgc-8\" style=\"margin-left: 2.5px; margin-right: 2.5px;\"><\/div><\/article><div class=\"esg-clear-no-height\"><\/div>    <\/div>\n\n<\/article>\n<div class=\"clear\"><\/div>\n[\/vc_column_text][\/vc_column][\/vc_row][vc_row full_width=&#8221;stretch_row_content&#8221;][vc_column][vc_row_inner equal_height=&#8221;yes&#8221; content_placement=&#8221;middle&#8221; css=&#8221;.vc_custom_1542979991729{background-color: #f9f7ef !important;}&#8221;][vc_column_inner width=&#8221;1\/4&#8243; css=&#8221;.vc_custom_1542656447168{background-color: #4e4e50 !important;}&#8221;][vc_column_text css=&#8221;.vc_custom_1542700039283{padding-top: 0px !important;padding-right: 0px !important;padding-bottom: 0px !important;padding-left: 0px !important;}&#8221;]<\/p>\n<h2 style=\"text-align: center;\"><span style=\"color: #f9f7ef; font-size: 50px; font-weight: 200;\">News<\/span><\/h2>\n<p>[\/vc_column_text][\/vc_column_inner][vc_column_inner width=&#8221;3\/4&#8243;][vc_column_text]Here you can follow the news related to the work of the academic sculptor Lovre Jak\u0161i\u0107 as well as the events and exhibitions in which Lovre participates. [\/vc_column_text][\/vc_column_inner][\/vc_row_inner][\/vc_column][\/vc_row][vc_row][vc_column][vc_column_text]<style type=\"text\/css\">.minimal-light .esg-navigationbutton{margin-top:16px;background:#f9f7ef}.esgbox-caption{text-transform:uppercase}a.eg-henryharrison-element-1,a.eg-henryharrison-element-2{-webkit-transition:all .4s linear;   -moz-transition:all .4s linear;   -o-transition:all .4s linear;   -ms-transition:all .4s linear;   transition:all .4s linear}.eg-jimmy-carter-element-11 i:before{margin-left:0px; margin-right:0px}.eg-harding-element-17{letter-spacing:1px}.eg-harding-wrapper .esg-entry-media{overflow:hidden; box-sizing:border-box;   -webkit-box-sizing:border-box;   -moz-box-sizing:border-box;   padding:30px 30px 0px 30px}.eg-harding-wrapper .esg-media-poster{overflow:hidden; border-radius:50%;   -webkit-border-radius:50%;   -moz-border-radius:50%}.eg-ulysses-s-grant-wrapper .esg-entry-media{overflow:hidden; box-sizing:border-box;   -webkit-box-sizing:border-box;   -moz-box-sizing:border-box;   padding:30px 30px 0px 30px}.eg-ulysses-s-grant-wrapper .esg-media-poster{overflow:hidden; border-radius:50%;   -webkit-border-radius:50%;   -moz-border-radius:50%}.eg-richard-nixon-wrapper .esg-entry-media{overflow:hidden; box-sizing:border-box;   -webkit-box-sizing:border-box;   -moz-box-sizing:border-box;   padding:30px 30px 0px 30px}.eg-richard-nixon-wrapper .esg-media-poster{overflow:hidden; border-radius:50%;   -webkit-border-radius:50%;   -moz-border-radius:50%}.eg-herbert-hoover-wrapper .esg-media-poster{filter:url(\"data:image\/svg+xml;utf8,<svg xmlns='http:\/\/www.w3.org\/2000\/svg'><filter id='grayscale'><feColorMatrix type='matrix' values='0.3333 0.3333 0.3333 0 0 0.3333 0.3333 0.3333 0 0 0.3333 0.3333 0.3333 0 0 0 0 0 1 0'\/><\/filter><\/svg>#grayscale\");   filter:gray;   -webkit-filter:grayscale(100%)}.eg-herbert-hoover-wrapper:hover .esg-media-poster{filter:url(\"data:image\/svg+xml;utf8,<svg xmlns='http:\/\/www.w3.org\/2000\/svg'><filter id='grayscale'><feColorMatrix type='matrix' values='1 0 0 0 0,0 1 0 0 0,0 0 1 0 0,0 0 0 1 0'\/><\/filter><\/svg>#grayscale\");  -webkit-filter:grayscale(0%)}.eg-lyndon-johnson-wrapper .esg-media-poster{filter:url(\"data:image\/svg+xml;utf8,<svg xmlns='http:\/\/www.w3.org\/2000\/svg'><filter id='grayscale'><feColorMatrix type='matrix' values='0.3333 0.3333 0.3333 0 0 0.3333 0.3333 0.3333 0 0 0.3333 0.3333 0.3333 0 0 0 0 0 1 0'\/><\/filter><\/svg>#grayscale\");   filter:gray;   -webkit-filter:grayscale(100%)}.eg-lyndon-johnson-wrapper:hover .esg-media-poster{filter:url(\"data:image\/svg+xml;utf8,<svg xmlns='http:\/\/www.w3.org\/2000\/svg'><filter id='grayscale'><feColorMatrix type='matrix' values='1 0 0 0 0,0 1 0 0 0,0 0 1 0 0,0 0 0 1 0'\/><\/filter><\/svg>#grayscale\");  -webkit-filter:grayscale(0%)}.esg-overlay.eg-ronald-reagan-container{background:-moz-linear-gradient(top,rgba(0,0,0,0) 50%,rgba(0,0,0,0.83) 99%,rgba(0,0,0,0.85) 100%); background:-webkit-gradient(linear,left top,left bottom,color-stop(50%,rgba(0,0,0,0)),color-stop(99%,rgba(0,0,0,0.83)),color-stop(100%,rgba(0,0,0,0.85))); background:-webkit-linear-gradient(top,rgba(0,0,0,0) 50%,rgba(0,0,0,0.83) 99%,rgba(0,0,0,0.85) 100%); background:-o-linear-gradient(top,rgba(0,0,0,0) 50%,rgba(0,0,0,0.83) 99%,rgba(0,0,0,0.85) 100%); background:-ms-linear-gradient(top,rgba(0,0,0,0) 50%,rgba(0,0,0,0.83) 99%,rgba(0,0,0,0.85) 100%); background:linear-gradient(to bottom,rgba(0,0,0,0) 50%,rgba(0,0,0,0.83) 99%,rgba(0,0,0,0.85) 100%); filter:progid:DXImageTransform.Microsoft.gradient( startColorstr='#00000000',endColorstr='#d9000000',GradientType=0 )}.eg-georgebush-wrapper .esg-entry-cover{background:-moz-linear-gradient(top,rgba(0,0,0,0) 50%,rgba(0,0,0,0.83) 99%,rgba(0,0,0,0.85) 100%); background:-webkit-gradient(linear,left top,left bottom,color-stop(50%,rgba(0,0,0,0)),color-stop(99%,rgba(0,0,0,0.83)),color-stop(100%,rgba(0,0,0,0.85))); background:-webkit-linear-gradient(top,rgba(0,0,0,0) 50%,rgba(0,0,0,0.83) 99%,rgba(0,0,0,0.85) 100%); background:-o-linear-gradient(top,rgba(0,0,0,0) 50%,rgba(0,0,0,0.83) 99%,rgba(0,0,0,0.85) 100%); background:-ms-linear-gradient(top,rgba(0,0,0,0) 50%,rgba(0,0,0,0.83) 99%,rgba(0,0,0,0.85) 100%); background:linear-gradient(to bottom,rgba(0,0,0,0) 50%,rgba(0,0,0,0.83) 99%,rgba(0,0,0,0.85) 100%); filter:progid:DXImageTransform.Microsoft.gradient( startColorstr='#00000000',endColorstr='#d9000000',GradientType=0 )}.eg-jefferson-wrapper{-webkit-border-radius:5px !important; -moz-border-radius:5px !important; border-radius:5px !important; -webkit-mask-image:url(data:image\/png;base64,iVBORw0KGgoAAAANSUhEUgAAAAEAAAABCAIAAACQd1PeAAAAGXRFWHRTb2Z0d2FyZQBBZG9iZSBJbWFnZVJlYWR5ccllPAAAAA5JREFUeNpiYGBgAAgwAAAEAAGbA+oJAAAAAElFTkSuQmCC) !important}.eg-monroe-element-1{text-shadow:0px 1px 3px rgba(0,0,0,0.1)}.eg-lyndon-johnson-wrapper .esg-entry-cover{background:-moz-radial-gradient(center,ellipse cover,rgba(0,0,0,0.35) 0%,rgba(18,18,18,0) 96%,rgba(19,19,19,0) 100%); background:-webkit-gradient(radial,center center,0px,center center,100%,color-stop(0%,rgba(0,0,0,0.35)),color-stop(96%,rgba(18,18,18,0)),color-stop(100%,rgba(19,19,19,0))); background:-webkit-radial-gradient(center,ellipse cover,rgba(0,0,0,0.35) 0%,rgba(18,18,18,0) 96%,rgba(19,19,19,0) 100%); background:-o-radial-gradient(center,ellipse cover,rgba(0,0,0,0.35) 0%,rgba(18,18,18,0) 96%,rgba(19,19,19,0) 100%); background:-ms-radial-gradient(center,ellipse cover,rgba(0,0,0,0.35) 0%,rgba(18,18,18,0) 96%,rgba(19,19,19,0) 100%); background:radial-gradient(ellipse at center,rgba(0,0,0,0.35) 0%,rgba(18,18,18,0) 96%,rgba(19,19,19,0) 100%); filter:progid:DXImageTransform.Microsoft.gradient( startColorstr='#59000000',endColorstr='#00131313',GradientType=1 )}.eg-wilbert-wrapper .esg-entry-cover{background:-moz-radial-gradient(center,ellipse cover,rgba(0,0,0,0.35) 0%,rgba(18,18,18,0) 96%,rgba(19,19,19,0) 100%); background:-webkit-gradient(radial,center center,0px,center center,100%,color-stop(0%,rgba(0,0,0,0.35)),color-stop(96%,rgba(18,18,18,0)),color-stop(100%,rgba(19,19,19,0))); background:-webkit-radial-gradient(center,ellipse cover,rgba(0,0,0,0.35) 0%,rgba(18,18,18,0) 96%,rgba(19,19,19,0) 100%); background:-o-radial-gradient(center,ellipse cover,rgba(0,0,0,0.35) 0%,rgba(18,18,18,0) 96%,rgba(19,19,19,0) 100%); background:-ms-radial-gradient(center,ellipse cover,rgba(0,0,0,0.35) 0%,rgba(18,18,18,0) 96%,rgba(19,19,19,0) 100%); background:radial-gradient(ellipse at center,rgba(0,0,0,0.35) 0%,rgba(18,18,18,0) 96%,rgba(19,19,19,0) 100%); filter:progid:DXImageTransform.Microsoft.gradient( startColorstr='#59000000',endColorstr='#00131313',GradientType=1 )}.eg-wilbert-wrapper .esg-media-poster{-webkit-transition:0.4s ease-in-out;  -moz-transition:0.4s ease-in-out;  -o-transition:0.4s ease-in-out;  transition:0.4s ease-in-out;  filter:url(\"data:image\/svg+xml;utf8,<svg xmlns='http:\/\/www.w3.org\/2000\/svg'><filter id='grayscale'><feColorMatrix type='matrix' values='0.3333 0.3333 0.3333 0 0 0.3333 0.3333 0.3333 0 0 0.3333 0.3333 0.3333 0 0 0 0 0 1 0'\/><\/filter><\/svg>#grayscale\");   filter:gray;   -webkit-filter:grayscale(100%)}.eg-wilbert-wrapper:hover .esg-media-poster{filter:url(\"data:image\/svg+xml;utf8,<svg xmlns='http:\/\/www.w3.org\/2000\/svg'><filter id='grayscale'><feColorMatrix type='matrix' values='1 0 0 0 0,0 1 0 0 0,0 0 1 0 0,0 0 0 1 0'\/><\/filter><\/svg>#grayscale\");  -webkit-filter:grayscale(0%)}.eg-phillie-element-3:after{content:\" \";width:0px;height:0px;border-style:solid;border-width:5px 5px 0 5px;border-color:#000 transparent transparent transparent;left:50%;margin-left:-5px; bottom:-5px; position:absolute}.eg-howardtaft-wrapper .esg-media-poster{filter:url(\"data:image\/svg+xml;utf8,<svg xmlns='http:\/\/www.w3.org\/2000\/svg'><filter id='grayscale'><feColorMatrix type='matrix' values='1 0 0 0 0,0 1 0 0 0,0 0 1 0 0,0 0 0 1 0'\/><\/filter><\/svg>#grayscale\");  -webkit-filter:grayscale(0%)}.eg-howardtaft-wrapper:hover .esg-media-poster{filter:url(\"data:image\/svg+xml;utf8,<svg xmlns='http:\/\/www.w3.org\/2000\/svg'><filter id='grayscale'><feColorMatrix type='matrix' values='0.3333 0.3333 0.3333 0 0 0.3333 0.3333 0.3333 0 0 0.3333 0.3333 0.3333 0 0 0 0 0 1 0'\/><\/filter><\/svg>#grayscale\");   filter:gray;   -webkit-filter:grayscale(100%)}.myportfolio-container .added_to_cart.wc-forward{font-family:\"Open Sans\"; font-size:13px; color:#fff; margin-top:10px}.esgbox-title.esgbox-title-outside-wrap{font-size:15px; font-weight:700; text-align:center}.esgbox-title.esgbox-title-inside-wrap{padding-bottom:10px; font-size:15px; font-weight:700; text-align:center}.esg-content.eg-twitterstream-element-33-a{display:inline-block}.eg-twitterstream-element-35{word-break:break-all}.esg-overlay.eg-twitterstream-container{background:-moz-linear-gradient(top,rgba(0,0,0,0) 50%,rgba(0,0,0,0.83) 99%,rgba(0,0,0,0.85) 100%); background:-webkit-gradient(linear,left top,left bottom,color-stop(50%,rgba(0,0,0,0)),color-stop(99%,rgba(0,0,0,0.83)),color-stop(100%,rgba(0,0,0,0.85))); background:-webkit-linear-gradient(top,rgba(0,0,0,0) 50%,rgba(0,0,0,0.83) 99%,rgba(0,0,0,0.85) 100%); background:-o-linear-gradient(top,rgba(0,0,0,0) 50%,rgba(0,0,0,0.83) 99%,rgba(0,0,0,0.85) 100%); background:-ms-linear-gradient(top,rgba(0,0,0,0) 50%,rgba(0,0,0,0.83) 99%,rgba(0,0,0,0.85) 100%); background:linear-gradient(to bottom,rgba(0,0,0,0) 50%,rgba(0,0,0,0.83) 99%,rgba(0,0,0,0.85) 100%); filter:progid:DXImageTransform.Microsoft.gradient( startColorstr='#00000000',endColorstr='#d9000000',GradientType=0 )}.esg-content.eg-facebookstream-element-33-a{display:inline-block}.eg-facebookstream-element-0{word-break:break-all}.esg-overlay.eg-flickrstream-container{background:-moz-linear-gradient(top,rgba(0,0,0,0) 50%,rgba(0,0,0,0.83) 99%,rgba(0,0,0,0.85) 100%); background:-webkit-gradient(linear,left top,left bottom,color-stop(50%,rgba(0,0,0,0)),color-stop(99%,rgba(0,0,0,0.83)),color-stop(100%,rgba(0,0,0,0.85))); background:-webkit-linear-gradient(top,rgba(0,0,0,0) 50%,rgba(0,0,0,0.83) 99%,rgba(0,0,0,0.85) 100%); background:-o-linear-gradient(top,rgba(0,0,0,0) 50%,rgba(0,0,0,0.83) 99%,rgba(0,0,0,0.85) 100%); background:-ms-linear-gradient(top,rgba(0,0,0,0) 50%,rgba(0,0,0,0.83) 99%,rgba(0,0,0,0.85) 100%); background:linear-gradient(to bottom,rgba(0,0,0,0) 50%,rgba(0,0,0,0.83) 99%,rgba(0,0,0,0.85) 100%); filter:progid:DXImageTransform.Microsoft.gradient( startColorstr='#00000000',endColorstr='#d9000000',GradientType=0 )}<\/style>\n<style type=\"text\/css\">.minimal-light .navigationbuttons,.minimal-light .esg-pagination,.minimal-light .esg-filters{text-align:center}.minimal-light .esg-filterbutton,.minimal-light .esg-navigationbutton,.minimal-light .esg-sortbutton,.minimal-light .esg-cartbutton a{color:#999; margin-right:5px; cursor:pointer; padding:0px 16px; border:1px solid #e5e5e5; line-height:38px; border-radius:5px; -moz-border-radius:5px; -webkit-border-radius:5px; font-size:12px; font-weight:700; font-family:\"Open Sans\",sans-serif; display:inline-block; background:#fff; margin-bottom:5px}.minimal-light .esg-navigationbutton *{color:#999}.minimal-light .esg-navigationbutton{padding:0px 16px}.minimal-light .esg-pagination-button:last-child{margin-right:0}.minimal-light .esg-left,.minimal-light .esg-right{padding:0px 11px}.minimal-light .esg-sortbutton-wrapper,.minimal-light .esg-cartbutton-wrapper{display:inline-block}.minimal-light .esg-sortbutton-order,.minimal-light .esg-cartbutton-order{display:inline-block;  vertical-align:top;  border:1px solid #e5e5e5;  width:40px;  line-height:38px;  border-radius:0px 5px 5px 0px;  -moz-border-radius:0px 5px 5px 0px;  -webkit-border-radius:0px 5px 5px 0px;  font-size:12px;  font-weight:700;  color:#999;  cursor:pointer;  background:#fff}.minimal-light .esg-cartbutton{color:#333; cursor:default !important}.minimal-light .esg-cartbutton .esgicon-basket{color:#333;   font-size:15px;   line-height:15px;   margin-right:10px}.minimal-light .esg-cartbutton-wrapper{cursor:default !important}.minimal-light .esg-sortbutton,.minimal-light .esg-cartbutton{display:inline-block; position:relative; cursor:pointer; margin-right:0px; border-right:none; border-radius:5px 0px 0px 5px; -moz-border-radius:5px 0px 0px 5px; -webkit-border-radius:5px 0px 0px 5px}.minimal-light .esg-navigationbutton:hover,.minimal-light .esg-filterbutton:hover,.minimal-light .esg-sortbutton:hover,.minimal-light .esg-sortbutton-order:hover,.minimal-light .esg-cartbutton a:hover,.minimal-light .esg-filterbutton.selected{background-color:#fff;   border-color:#bbb;   color:#333;   box-shadow:0px 3px 5px 0px rgba(0,0,0,0.13)}.minimal-light .esg-navigationbutton:hover *{color:#333}.minimal-light .esg-sortbutton-order.tp-desc:hover{border-color:#bbb; color:#333; box-shadow:0px -3px 5px 0px rgba(0,0,0,0.13) !important}.minimal-light .esg-filter-checked{padding:1px 3px;  color:#cbcbcb;  background:#cbcbcb;  margin-left:7px;  font-size:9px;  font-weight:300;  line-height:9px;  vertical-align:middle}.minimal-light .esg-filterbutton.selected .esg-filter-checked,.minimal-light .esg-filterbutton:hover .esg-filter-checked{padding:1px 3px 1px 3px;  color:#fff;  background:#000;  margin-left:7px;  font-size:9px;  font-weight:300;  line-height:9px;  vertical-align:middle}<\/style>\n<style type=\"text\/css\">.eg-novosti-2-element-0{font-size:16px; line-height:18px; color:#ffffff; font-weight:700; display:block; text-align:center; clear:both; margin:0px 0px 10px 0px ; padding:0px 20px 0px 20px ; border-radius:0px 0px 0px 0px ; background:transparent; position:relative; z-index:2 !important; font-family:\"Raleway\"; text-transform:capitalize}.eg-novosti-2-element-3{font-size:12px !important; line-height:16px !important; color:#aaaaaa !important; font-weight:400 !important; display:inline-block !important; float:none !important; clear:none !important; margin:0px 0px 0px 0px !important; padding:0px 0px 0px 0px !important; border-radius:0px 0px 0px 0px !important; background:transparent !important; position:relative !important; z-index:2 !important; font-family:\"Raleway\" !important; text-transform:capitalize !important; border-top-width:0px !important; border-right-width:1px !important; border-bottom-width:0px !important; border-left-width:0px !important; border-color:#555555 !important; border-style:solid !important}<\/style>\n<style type=\"text\/css\"><\/style>\n<style type=\"text\/css\">.eg-novosti-2-container{background:rgba(51,51,51,0.9)}<\/style>\n<style type=\"text\/css\">.eg-novosti-2-content{background:#4e4e50; padding:30px 30px 30px 30px; border-width:0px 0px 0px 0px; border-radius:0px 0px 0px 0px; border-color:transparent; border-style:double; text-align:left; box-shadow:0px 1px 2px 0px rgba(255,255,255,0.2)}<\/style>\n<style type=\"text\/css\">.esg-grid .mainul li.eg-novosti-2-wrapper{background:#4e4e50; padding:0px 0px 0px 0px; border-width:0px 0px 0px 0px; border-radius:0px 0px 0px 0px; border-color:rgba(255,204,0,0); border-style:solid; overflow:hidden;-webkit-mask-image:url(data:image\/png;base64,iVBORw0KGgoAAAANSUhEUgAAAAEAAAABCAIAAACQd1PeAAAAGXRFWHRTb2Z0d2FyZQBBZG9iZSBJbWFnZVJlYWR5ccllPAAAAA5JREFUeNpiYGBgAAgwAAAEAAGbA+oJAAAAAElFTkSuQmCC) !important}<\/style>\n<style type=\"text\/css\">.esg-grid .mainul li.eg-novosti-2-wrapper .esg-media-poster{background-size:cover; background-position:center center; background-repeat:no-repeat}<\/style>\n<!-- THE ESSENTIAL GRID 3.0.14 POST -->\n\n<article class=\"myportfolio-container minimal-light esg-entry-skin-novosti-2 source_type_post\" id=\"esg-grid-21-2-wrap\">\n\n   <div id=\"esg-grid-21-2\" class=\"esg-grid\" style=\"background: transparent;padding: 0px 0px 0px 0px ; box-sizing:border-box; -moz-box-sizing:border-box; -webkit-box-sizing:border-box; display:none\">\n<ul>\n<li id=\"eg-21-post-id-4601_5413\" data-skin=\"novosti-2\" class=\"filterall filter-galerija-en filter-lovre-en filter-optional-en eg-novosti-2-wrapper eg-post-id-4601\" data-date=\"1758973703\">\n    <div class=\"esg-media-cover-wrapper\">\n<div class=\"esg-entry-media\"><img src=\"https:\/\/galerijajaksic.com\/wp-content\/plugins\/essential-grid\/public\/assets\/images\/300x200transparent.png\" data-lazythumb=\"https:\/\/galerijajaksic.com\/wp-content\/uploads\/2026\/03\/Skulptura-djevojke-i-psa_Lovre-Jaksic6-25x25.jpg\" data-no-lazy=\"1\" data-lazysrc=\"https:\/\/galerijajaksic.com\/wp-content\/uploads\/2026\/03\/Skulptura-djevojke-i-psa_Lovre-Jaksic6.jpg\" alt=\"Kipar Lovre Jak\u0161i\u0107 u radionici tijekom izrade kamene skulpture psa\" width=\"1200\" height=\"1200\"><\/div>\n\n            <div class=\"esg-entry-cover esg-transition\" data-delay=\"0\" data-duration=\"deafult\" data-clickable=\"on\" data-transition=\"esg-fade\">\n\n<a class=\"eg-invisiblebutton\" href=\"https:\/\/galerijajaksic.com\/en\/sculpture-of-a-girl-and-her-dog\/\" target=\"_self\"><\/a>                <div class=\"esg-overlay esg-transition eg-novosti-2-container\" data-delay=\"0\" data-duration=\"default\" data-transition=\"esg-fade\"><\/div>\n\n\t\t\t\t<div class=\"esg-center eg-post-4601 eg-novosti-2-element-0\">Sculpture of a girl and her dog<\/div>\n\t\t\t\t<div class=\"esg-center eg-post-4601 eg-novosti-2-element-3\">September 27, 2025<\/div>\n           <\/div>\n   <\/div>\n\n<\/li>\n<li id=\"eg-21-post-id-4482_8828\" data-skin=\"novosti-2\" class=\"filterall filter-dina-en filter-galerija-en filter-ida-en filter-kamen-en filter-lovre-en filter-optional-en eg-novosti-2-wrapper eg-post-id-4482\" data-date=\"1749997942\">\n    <div class=\"esg-media-cover-wrapper\">\n<div class=\"esg-entry-media\"><img src=\"https:\/\/galerijajaksic.com\/wp-content\/plugins\/essential-grid\/public\/assets\/images\/300x200transparent.png\" data-lazythumb=\"https:\/\/galerijajaksic.com\/wp-content\/uploads\/2026\/03\/Obitelj-Jaksic-u-Prostoriji6-25x25.jpg\" data-no-lazy=\"1\" data-lazysrc=\"https:\/\/galerijajaksic.com\/wp-content\/uploads\/2026\/03\/Obitelj-Jaksic-u-Prostoriji6.jpg\" alt=\"Portret \u010dlanova obitelji Jak\u0161i\u0107 u njihovoj galeriji na otoku Bra\u010du\" width=\"1474\" height=\"1474\"><\/div>\n\n            <div class=\"esg-entry-cover esg-transition\" data-delay=\"0\" data-duration=\"deafult\" data-clickable=\"on\" data-transition=\"esg-fade\">\n\n<a class=\"eg-invisiblebutton\" href=\"https:\/\/galerijajaksic.com\/en\/the-jaksic-family-in-prostorija-magazine\/\" target=\"_self\"><\/a>                <div class=\"esg-overlay esg-transition eg-novosti-2-container\" data-delay=\"0\" data-duration=\"default\" data-transition=\"esg-fade\"><\/div>\n\n\t\t\t\t<div class=\"esg-center eg-post-4482 eg-novosti-2-element-0\">The Jak\u0161i\u0107 Family in Prostorija Magazine<\/div>\n\t\t\t\t<div class=\"esg-center eg-post-4482 eg-novosti-2-element-3\">June 15, 2025<\/div>\n           <\/div>\n   <\/div>\n\n<\/li>\n<li id=\"eg-21-post-id-4412_8876\" data-skin=\"novosti-2\" class=\"filterall filter-galerija-en filter-lovre-en filter-optional-en eg-novosti-2-wrapper eg-post-id-4412\" data-date=\"1741010028\">\n    <div class=\"esg-media-cover-wrapper\">\n<div class=\"esg-entry-media\"><img src=\"https:\/\/galerijajaksic.com\/wp-content\/plugins\/essential-grid\/public\/assets\/images\/300x200transparent.png\" data-lazythumb=\"https:\/\/galerijajaksic.com\/wp-content\/uploads\/2026\/02\/Lovre-Jaksic_skulptura-katedrale_bijeli-bracki-kamen1-25x25.jpg\" data-no-lazy=\"1\" data-lazysrc=\"https:\/\/galerijajaksic.com\/wp-content\/uploads\/2026\/02\/Lovre-Jaksic_skulptura-katedrale_bijeli-bracki-kamen1.jpg\" alt=\"Skulptura kamene katedrale od bijelog bra\u010dkog kamena \u2013 detalj kri\u017ea\" width=\"1200\" height=\"1200\"><\/div>\n\n            <div class=\"esg-entry-cover esg-transition\" data-delay=\"0\" data-duration=\"deafult\" data-clickable=\"on\" data-transition=\"esg-fade\">\n\n<a class=\"eg-invisiblebutton\" href=\"https:\/\/galerijajaksic.com\/en\/cathedral-sculpture-of-sacred-silence\/\" target=\"_self\"><\/a>                <div class=\"esg-overlay esg-transition eg-novosti-2-container\" data-delay=\"0\" data-duration=\"default\" data-transition=\"esg-fade\"><\/div>\n\n\t\t\t\t<div class=\"esg-center eg-post-4412 eg-novosti-2-element-0\">Cathedral \u2013 sculpture of sacred silence<\/div>\n\t\t\t\t<div class=\"esg-center eg-post-4412 eg-novosti-2-element-3\">March 3, 2025<\/div>\n           <\/div>\n   <\/div>\n\n<\/li>\n<li id=\"eg-21-post-id-4262_7017\" data-skin=\"novosti-2\" class=\"filterall filter-galerija-en filter-kamen-en filter-lovre-en filter-optional-en eg-novosti-2-wrapper eg-post-id-4262\" data-date=\"1724839680\">\n    <div class=\"esg-media-cover-wrapper\">\n<div class=\"esg-entry-media\"><img src=\"https:\/\/galerijajaksic.com\/wp-content\/plugins\/essential-grid\/public\/assets\/images\/300x200transparent.png\" data-lazythumb=\"https:\/\/galerijajaksic.com\/wp-content\/uploads\/2026\/01\/Kameni-portret_lovre-Jaksic2-25x25.jpg\" data-no-lazy=\"1\" data-lazysrc=\"https:\/\/galerijajaksic.com\/wp-content\/uploads\/2026\/01\/Kameni-portret_lovre-Jaksic2.jpg\" alt=\"Kamena bista u bijelom bra\u010dkom kamenu \u2013 rad kipara Lovre Jak\u0161i\u0107a\" width=\"1200\" height=\"1200\"><\/div>\n\n            <div class=\"esg-entry-cover esg-transition\" data-delay=\"0\" data-duration=\"deafult\" data-clickable=\"on\" data-transition=\"esg-fade\">\n\n<a class=\"eg-invisiblebutton\" href=\"https:\/\/galerijajaksic.com\/en\/a-stone-portrait-as-a-public-monument\/\" target=\"_self\"><\/a>                <div class=\"esg-overlay esg-transition eg-novosti-2-container\" data-delay=\"0\" data-duration=\"default\" data-transition=\"esg-fade\"><\/div>\n\n\t\t\t\t<div class=\"esg-center eg-post-4262 eg-novosti-2-element-0\">A stone portrait as a public monument<\/div>\n\t\t\t\t<div class=\"esg-center eg-post-4262 eg-novosti-2-element-3\">August 28, 2024<\/div>\n           <\/div>\n   <\/div>\n\n<\/li>\n<li id=\"eg-21-post-id-4243_2149\" data-skin=\"novosti-2\" class=\"filterall filter-dina-en filter-galerija-en filter-lovre-en filter-optional-en eg-novosti-2-wrapper eg-post-id-4243\" data-date=\"1715602848\">\n    <div class=\"esg-media-cover-wrapper\">\n<div class=\"esg-entry-media\"><img src=\"https:\/\/galerijajaksic.com\/wp-content\/plugins\/essential-grid\/public\/assets\/images\/300x200transparent.png\" data-lazythumb=\"https:\/\/galerijajaksic.com\/wp-content\/uploads\/2026\/01\/pakovanje-umjetnickih-dijela_jaksic-galerija6-25x25.jpg\" data-no-lazy=\"1\" data-lazysrc=\"https:\/\/galerijajaksic.com\/wp-content\/uploads\/2026\/01\/pakovanje-umjetnickih-dijela_jaksic-galerija6.jpg\" alt=\"Priprema umjetni\u010dke slike za siguran transport u inozemstvo\" width=\"1200\" height=\"1200\"><\/div>\n\n            <div class=\"esg-entry-cover esg-transition\" data-delay=\"0\" data-duration=\"deafult\" data-clickable=\"on\" data-transition=\"esg-fade\">\n\n<a class=\"eg-invisiblebutton\" href=\"https:\/\/galerijajaksic.com\/en\/packaging-and-transport-of-artworks\/\" target=\"_self\"><\/a>                <div class=\"esg-overlay esg-transition eg-novosti-2-container\" data-delay=\"0\" data-duration=\"default\" data-transition=\"esg-fade\"><\/div>\n\n\t\t\t\t<div class=\"esg-center eg-post-4243 eg-novosti-2-element-0\">Packaging and Transport of Artworks<\/div>\n\t\t\t\t<div class=\"esg-center eg-post-4243 eg-novosti-2-element-3\">May 13, 2024<\/div>\n           <\/div>\n   <\/div>\n\n<\/li>\n<li id=\"eg-21-post-id-4171_6476\" data-skin=\"novosti-2\" class=\"filterall filter-galerija-en filter-kamen-en filter-lovre-en filter-optional-en eg-novosti-2-wrapper eg-post-id-4171\" data-date=\"1709906834\">\n    <div class=\"esg-media-cover-wrapper\">\n<div class=\"esg-entry-media\"><img src=\"https:\/\/galerijajaksic.com\/wp-content\/plugins\/essential-grid\/public\/assets\/images\/300x200transparent.png\" data-lazythumb=\"https:\/\/galerijajaksic.com\/wp-content\/uploads\/2026\/01\/Spomenik-Mariu-Puraticu_rad-Lovre-Jaksica2-25x25.jpg\" data-no-lazy=\"1\" data-lazysrc=\"https:\/\/galerijajaksic.com\/wp-content\/uploads\/2026\/01\/Spomenik-Mariu-Puraticu_rad-Lovre-Jaksica2.jpg\" alt=\"Kameni portret Marija Purati\u0107a \u2013 detalj lica, rad kipara Lovre Jak\u0161i\u0107a\" width=\"1415\" height=\"1415\"><\/div>\n\n            <div class=\"esg-entry-cover esg-transition\" data-delay=\"0\" data-duration=\"deafult\" data-clickable=\"on\" data-transition=\"esg-fade\">\n\n<a class=\"eg-invisiblebutton\" href=\"https:\/\/galerijajaksic.com\/en\/stone-monument-to-mario-puratic\/\" target=\"_self\"><\/a>                <div class=\"esg-overlay esg-transition eg-novosti-2-container\" data-delay=\"0\" data-duration=\"default\" data-transition=\"esg-fade\"><\/div>\n\n\t\t\t\t<div class=\"esg-center eg-post-4171 eg-novosti-2-element-0\">Stone Monument to Mario Purati\u0107<\/div>\n\t\t\t\t<div class=\"esg-center eg-post-4171 eg-novosti-2-element-3\">March 8, 2024<\/div>\n           <\/div>\n   <\/div>\n\n<\/li>\n<li id=\"eg-21-post-id-3962_1377\" data-skin=\"novosti-2\" class=\"filterall filter-dina-en filter-galerija-en filter-ida-en filter-kamen-en filter-lovre-en filter-optional-en eg-novosti-2-wrapper eg-post-id-3962\" data-date=\"1693415163\">\n    <div class=\"esg-media-cover-wrapper\">\n<div class=\"esg-entry-media\"><img src=\"https:\/\/galerijajaksic.com\/wp-content\/plugins\/essential-grid\/public\/assets\/images\/300x200transparent.png\" data-lazythumb=\"https:\/\/galerijajaksic.com\/wp-content\/uploads\/2023\/11\/img20231119_160DW50474-25x25.jpg\" data-no-lazy=\"1\" data-lazysrc=\"https:\/\/galerijajaksic.com\/wp-content\/uploads\/2023\/11\/img20231119_160DW50474.jpg\" alt=\"\" width=\"1200\" height=\"1200\"><\/div>\n\n            <div class=\"esg-entry-cover esg-transition\" data-delay=\"0\" data-duration=\"deafult\" data-clickable=\"on\" data-transition=\"esg-fade\">\n\n<a class=\"eg-invisiblebutton\" href=\"https:\/\/galerijajaksic.com\/en\/well-known-journalist-zeljko-zutelija-visited-the-jaksic-family-and-wrote-a-large-article-about-their-work\/\" target=\"_self\"><\/a>                <div class=\"esg-overlay esg-transition eg-novosti-2-container\" data-delay=\"0\" data-duration=\"default\" data-transition=\"esg-fade\"><\/div>\n\n\t\t\t\t<div class=\"esg-center eg-post-3962 eg-novosti-2-element-0\">Well-known journalist \u017deljko \u017dutelija visited the Jak\u0161i\u0107 family and wrote a large article about their work<\/div>\n\t\t\t\t<div class=\"esg-center eg-post-3962 eg-novosti-2-element-3\">August 30, 2023<\/div>\n           <\/div>\n   <\/div>\n\n<\/li>\n<li id=\"eg-21-post-id-3897_4169\" data-skin=\"novosti-2\" class=\"filterall filter-galerija-en filter-lovre-en filter-optional-en eg-novosti-2-wrapper eg-post-id-3897\" data-date=\"1687959015\">\n    <div class=\"esg-media-cover-wrapper\">\n<div class=\"esg-entry-media\"><img src=\"https:\/\/galerijajaksic.com\/wp-content\/plugins\/essential-grid\/public\/assets\/images\/300x200transparent.png\" data-lazythumb=\"https:\/\/galerijajaksic.com\/wp-content\/uploads\/2023\/11\/MARIO-PURATIC-KIP-LOVRE-JAKSIC3-25x25.jpg\" data-no-lazy=\"1\" data-lazysrc=\"https:\/\/galerijajaksic.com\/wp-content\/uploads\/2023\/11\/MARIO-PURATIC-KIP-LOVRE-JAKSIC3.jpg\" alt=\"\" width=\"2320\" height=\"2320\"><\/div>\n\n            <div class=\"esg-entry-cover esg-transition\" data-delay=\"0\" data-duration=\"deafult\" data-clickable=\"on\" data-transition=\"esg-fade\">\n\n<a class=\"eg-invisiblebutton\" href=\"https:\/\/galerijajaksic.com\/en\/a-monument-to-bracs-inventor-mario-puratic-is-being-created-in-lovre-jaksics-studio\/\" target=\"_self\"><\/a>                <div class=\"esg-overlay esg-transition eg-novosti-2-container\" data-delay=\"0\" data-duration=\"default\" data-transition=\"esg-fade\"><\/div>\n\n\t\t\t\t<div class=\"esg-center eg-post-3897 eg-novosti-2-element-0\">A monument to Bra\u010d\u2019s inventor Mario Purati\u0107 is being created in Lovre Jak\u0161i\u0107\u2019s studio<\/div>\n\t\t\t\t<div class=\"esg-center eg-post-3897 eg-novosti-2-element-3\">June 28, 2023<\/div>\n           <\/div>\n   <\/div>\n\n<\/li>\n<li id=\"eg-21-post-id-3762_4991\" data-skin=\"novosti-2\" class=\"filterall filter-dina-en filter-galerija-en filter-lovre-en filter-optional-en eg-novosti-2-wrapper eg-post-id-3762\" data-date=\"1659620095\">\n    <div class=\"esg-media-cover-wrapper\">\n<div class=\"esg-entry-media\"><img src=\"https:\/\/galerijajaksic.com\/wp-content\/plugins\/essential-grid\/public\/assets\/images\/300x200transparent.png\" data-lazythumb=\"https:\/\/galerijajaksic.com\/wp-content\/uploads\/2023\/11\/art-night-milna-25x25.jpg\" data-no-lazy=\"1\" data-lazysrc=\"https:\/\/galerijajaksic.com\/wp-content\/uploads\/2023\/11\/art-night-milna.jpg\" alt=\"\" width=\"1200\" height=\"1200\"><\/div>\n\n            <div class=\"esg-entry-cover esg-transition\" data-delay=\"0\" data-duration=\"deafult\" data-clickable=\"on\" data-transition=\"esg-fade\">\n\n<a class=\"eg-invisiblebutton\" href=\"https:\/\/galerijajaksic.com\/en\/our-artists-lovre-and-dina-exhibit-at-the-evening-festival-of-contemporary-art-art-night-milna\/\" target=\"_self\"><\/a>                <div class=\"esg-overlay esg-transition eg-novosti-2-container\" data-delay=\"0\" data-duration=\"default\" data-transition=\"esg-fade\"><\/div>\n\n\t\t\t\t<div class=\"esg-center eg-post-3762 eg-novosti-2-element-0\">Our artists (Lovre and Dina) exhibit at the evening festival of contemporary art \"Art night Milna\"<\/div>\n\t\t\t\t<div class=\"esg-center eg-post-3762 eg-novosti-2-element-3\">August 4, 2022<\/div>\n           <\/div>\n   <\/div>\n\n<\/li>\n<li id=\"eg-21-post-id-3634_9712\" data-skin=\"novosti-2\" class=\"filterall filter-galerija-en filter-lovre-en filter-optional-en eg-novosti-2-wrapper eg-post-id-3634\" data-date=\"1638042329\">\n    <div class=\"esg-media-cover-wrapper\">\n<div class=\"esg-entry-media\"><img src=\"https:\/\/galerijajaksic.com\/wp-content\/plugins\/essential-grid\/public\/assets\/images\/300x200transparent.png\" data-lazythumb=\"https:\/\/galerijajaksic.com\/wp-content\/uploads\/2022\/03\/kip-ruza-hrvatska-lovre-jaksic-vukovar2-25x25.jpg\" data-no-lazy=\"1\" data-lazysrc=\"https:\/\/galerijajaksic.com\/wp-content\/uploads\/2022\/03\/kip-ruza-hrvatska-lovre-jaksic-vukovar2.jpg\" alt=\"Ru\u017ea hrvatska lovre jaksic\" width=\"1000\" height=\"1000\"><\/div>\n\n            <div class=\"esg-entry-cover esg-transition\" data-delay=\"0\" data-duration=\"deafult\" data-clickable=\"on\" data-transition=\"esg-fade\">\n\n<a class=\"eg-invisiblebutton\" href=\"https:\/\/galerijajaksic.com\/en\/croatias-rose-sculpture-by-lovre-jaksic-in-vukovar\/\" target=\"_self\"><\/a>                <div class=\"esg-overlay esg-transition eg-novosti-2-container\" data-delay=\"0\" data-duration=\"default\" data-transition=\"esg-fade\"><\/div>\n\n\t\t\t\t<div class=\"esg-center eg-post-3634 eg-novosti-2-element-0\">\u201eCroatia\u2019s Rose\u201c sculpture by Lovre Jak\u0161i\u0107 in Vukovar<\/div>\n\t\t\t\t<div class=\"esg-center eg-post-3634 eg-novosti-2-element-3\">November 27, 2021<\/div>\n           <\/div>\n   <\/div>\n\n<\/li>\n<li id=\"eg-21-post-id-3636_1977\" data-skin=\"novosti-2\" class=\"filterall filter-galerija-en filter-lovre-en filter-optional-en eg-novosti-2-wrapper eg-post-id-3636\" data-date=\"1635450448\">\n    <div class=\"esg-media-cover-wrapper\">\n<div class=\"esg-entry-media\"><img src=\"https:\/\/galerijajaksic.com\/wp-content\/plugins\/essential-grid\/public\/assets\/images\/300x200transparent.png\" data-lazythumb=\"https:\/\/galerijajaksic.com\/wp-content\/uploads\/2022\/03\/judita11-25x25.jpg\" data-no-lazy=\"1\" data-lazysrc=\"https:\/\/galerijajaksic.com\/wp-content\/uploads\/2022\/03\/judita11.jpg\" alt=\"Judita Marka Maruli\u0107a\" width=\"1200\" height=\"1200\"><\/div>\n\n            <div class=\"esg-entry-cover esg-transition\" data-delay=\"0\" data-duration=\"deafult\" data-clickable=\"on\" data-transition=\"esg-fade\">\n\n<a class=\"eg-invisiblebutton\" href=\"https:\/\/galerijajaksic.com\/en\/judith-sculpture-by-lovre-jaksic-in-split\/\" target=\"_self\"><\/a>                <div class=\"esg-overlay esg-transition eg-novosti-2-container\" data-delay=\"0\" data-duration=\"default\" data-transition=\"esg-fade\"><\/div>\n\n\t\t\t\t<div class=\"esg-center eg-post-3636 eg-novosti-2-element-0\">\"Judith\" sculpture by Lovre Jak\u0161i\u0107 in Split<\/div>\n\t\t\t\t<div class=\"esg-center eg-post-3636 eg-novosti-2-element-3\">October 28, 2021<\/div>\n           <\/div>\n   <\/div>\n\n<\/li>\n<li id=\"eg-21-post-id-3499_6307\" data-skin=\"novosti-2\" class=\"filterall filter-dina-en filter-galerija-en filter-lovre-en filter-optional-en eg-novosti-2-wrapper eg-post-id-3499\" data-date=\"1628614038\">\n    <div class=\"esg-media-cover-wrapper\">\n<div class=\"esg-entry-media\"><img src=\"https:\/\/galerijajaksic.com\/wp-content\/plugins\/essential-grid\/public\/assets\/images\/300x200transparent.png\" data-lazythumb=\"https:\/\/galerijajaksic.com\/wp-content\/uploads\/2022\/03\/jutranji-list-brat-i-sestra-25x25.jpg\" data-no-lazy=\"1\" data-lazysrc=\"https:\/\/galerijajaksic.com\/wp-content\/uploads\/2022\/03\/jutranji-list-brat-i-sestra.jpg\" alt=\"Sestra I brat nadahnjuju zivot hladnom kamenu\" width=\"1200\" height=\"1199\"><\/div>\n\n            <div class=\"esg-entry-cover esg-transition\" data-delay=\"0\" data-duration=\"deafult\" data-clickable=\"on\" data-transition=\"esg-fade\">\n\n<a class=\"eg-invisiblebutton\" href=\"https:\/\/galerijajaksic.com\/en\/an-article-in-jutarnji-list-about-brother-and-sister-jaksic\/\" target=\"_self\"><\/a>                <div class=\"esg-overlay esg-transition eg-novosti-2-container\" data-delay=\"0\" data-duration=\"default\" data-transition=\"esg-fade\"><\/div>\n\n\t\t\t\t<div class=\"esg-center eg-post-3499 eg-novosti-2-element-0\">An article in Jutarnji list about brother and sister Jaksic<\/div>\n\t\t\t\t<div class=\"esg-center eg-post-3499 eg-novosti-2-element-3\">August 10, 2021<\/div>\n           <\/div>\n   <\/div>\n\n<\/li>\n<li id=\"eg-21-post-id-3570_1178\" data-skin=\"novosti-2\" class=\"filterall filter-galerija-en filter-ida-en filter-kamen-en filter-lovre-en filter-optional-en eg-novosti-2-wrapper eg-post-id-3570\" data-date=\"1622917310\">\n    <div class=\"esg-media-cover-wrapper\">\n<div class=\"esg-entry-media\"><img src=\"https:\/\/galerijajaksic.com\/wp-content\/plugins\/essential-grid\/public\/assets\/images\/300x200transparent.png\" data-lazythumb=\"https:\/\/galerijajaksic.com\/wp-content\/uploads\/2022\/03\/styled_shoot_in_sculpture_school_marcijus_studio_359-25x25.jpg\" data-no-lazy=\"1\" data-lazysrc=\"https:\/\/galerijajaksic.com\/wp-content\/uploads\/2022\/03\/styled_shoot_in_sculpture_school_marcijus_studio_359.jpg\" alt=\"Ukrasi za vjen\u010danje\" width=\"1367\" height=\"1367\"><\/div>\n\n            <div class=\"esg-entry-cover esg-transition\" data-delay=\"0\" data-duration=\"deafult\" data-clickable=\"on\" data-transition=\"esg-fade\">\n\n<a class=\"eg-invisiblebutton\" href=\"https:\/\/galerijajaksic.com\/en\/an-unusual-wedding-marked-through-a-stone\/\" target=\"_self\"><\/a>                <div class=\"esg-overlay esg-transition eg-novosti-2-container\" data-delay=\"0\" data-duration=\"default\" data-transition=\"esg-fade\"><\/div>\n\n\t\t\t\t<div class=\"esg-center eg-post-3570 eg-novosti-2-element-0\">An unusual wedding marked through a stone<\/div>\n\t\t\t\t<div class=\"esg-center eg-post-3570 eg-novosti-2-element-3\">June 5, 2021<\/div>\n           <\/div>\n   <\/div>\n\n<\/li>\n<li id=\"eg-21-post-id-3036_7073\" data-skin=\"novosti-2\" class=\"filterall filter-dina-en filter-galerija-en filter-ida-en filter-kamen-en filter-lovre-en eg-novosti-2-wrapper eg-post-id-3036\" data-date=\"1614776456\">\n    <div class=\"esg-media-cover-wrapper\">\n<div class=\"esg-entry-media\"><img src=\"https:\/\/galerijajaksic.com\/wp-content\/plugins\/essential-grid\/public\/assets\/images\/300x200transparent.png\" data-lazythumb=\"https:\/\/galerijajaksic.com\/wp-content\/uploads\/2021\/03\/logo-arte-png-1-25x25.jpg\" data-no-lazy=\"1\" data-lazysrc=\"https:\/\/galerijajaksic.com\/wp-content\/uploads\/2021\/03\/logo-arte-png-1.jpg\" alt=\"\" width=\"538\" height=\"538\"><\/div>\n\n            <div class=\"esg-entry-cover esg-transition\" data-delay=\"0\" data-duration=\"deafult\" data-clickable=\"on\" data-transition=\"esg-fade\">\n\n<a class=\"eg-invisiblebutton\" href=\"https:\/\/galerijajaksic.com\/en\/tv-report-o-bijelom-zlatu-otoka-braca\/\" target=\"_self\"><\/a>                <div class=\"esg-overlay esg-transition eg-novosti-2-container\" data-delay=\"0\" data-duration=\"default\" data-transition=\"esg-fade\"><\/div>\n\n\t\t\t\t<div class=\"esg-center eg-post-3036 eg-novosti-2-element-0\">TV Report \"O bijelom zlatu otoka Bra\u010da\"<\/div>\n\t\t\t\t<div class=\"esg-center eg-post-3036 eg-novosti-2-element-3\">March 3, 2021<\/div>\n           <\/div>\n   <\/div>\n\n<\/li>\n<li id=\"eg-21-post-id-3039_7981\" data-skin=\"novosti-2\" class=\"filterall filter-galerija-en filter-ida-en filter-kamen-en filter-lovre-en eg-novosti-2-wrapper eg-post-id-3039\" data-date=\"1603976505\">\n    <div class=\"esg-media-cover-wrapper\">\n<div class=\"esg-entry-media\"><img src=\"https:\/\/galerijajaksic.com\/wp-content\/plugins\/essential-grid\/public\/assets\/images\/300x200transparent.png\" data-lazythumb=\"https:\/\/galerijajaksic.com\/wp-content\/uploads\/2021\/07\/tajen-otoka-braca-francuska-reportaza-25x25.jpg\" data-no-lazy=\"1\" data-lazysrc=\"https:\/\/galerijajaksic.com\/wp-content\/uploads\/2021\/07\/tajen-otoka-braca-francuska-reportaza.jpg\" alt=\"tajne otoka braca kameno cvije\u0107e\" width=\"1200\" height=\"1200\"><\/div>\n\n            <div class=\"esg-entry-cover esg-transition\" data-delay=\"0\" data-duration=\"deafult\" data-clickable=\"on\" data-transition=\"esg-fade\">\n\n<a class=\"eg-invisiblebutton\" href=\"https:\/\/galerijajaksic.com\/en\/report-secrets-of-the-island-of-brac\/\" target=\"_self\"><\/a>                <div class=\"esg-overlay esg-transition eg-novosti-2-container\" data-delay=\"0\" data-duration=\"default\" data-transition=\"esg-fade\"><\/div>\n\n\t\t\t\t<div class=\"esg-center eg-post-3039 eg-novosti-2-element-0\">TV feature \"Secrets of the island of Bra\u010d\"<\/div>\n\t\t\t\t<div class=\"esg-center eg-post-3039 eg-novosti-2-element-3\">October 29, 2020<\/div>\n           <\/div>\n   <\/div>\n\n<\/li>\n<li id=\"eg-21-post-id-3041_9959\" data-skin=\"novosti-2\" class=\"filterall filter-galerija-en filter-lovre-en eg-novosti-2-wrapper eg-post-id-3041\" data-date=\"1601816542\">\n    <div class=\"esg-media-cover-wrapper\">\n<div class=\"esg-entry-media\"><img src=\"https:\/\/galerijajaksic.com\/wp-content\/plugins\/essential-grid\/public\/assets\/images\/300x200transparent.png\" data-lazythumb=\"https:\/\/galerijajaksic.com\/wp-content\/uploads\/2021\/05\/20190420_Jaksic0178-25x25.jpg\" data-no-lazy=\"1\" data-lazysrc=\"https:\/\/galerijajaksic.com\/wp-content\/uploads\/2021\/05\/20190420_Jaksic0178.jpg\" alt=\"Bijeli bracki kamen\" width=\"1000\" height=\"1000\"><\/div>\n\n            <div class=\"esg-entry-cover esg-transition\" data-delay=\"0\" data-duration=\"deafult\" data-clickable=\"on\" data-transition=\"esg-fade\">\n\n<a class=\"eg-invisiblebutton\" href=\"https:\/\/galerijajaksic.com\/en\/after-the-exhibition-records-from-the-inner-quarry\/\" target=\"_self\"><\/a>                <div class=\"esg-overlay esg-transition eg-novosti-2-container\" data-delay=\"0\" data-duration=\"default\" data-transition=\"esg-fade\"><\/div>\n\n\t\t\t\t<div class=\"esg-center eg-post-3041 eg-novosti-2-element-0\">After the exhibition \"Records from the inner quarry\"<\/div>\n\t\t\t\t<div class=\"esg-center eg-post-3041 eg-novosti-2-element-3\">October 4, 2020<\/div>\n           <\/div>\n   <\/div>\n\n<\/li>\n<li id=\"eg-21-post-id-3047_8687\" data-skin=\"novosti-2\" class=\"filterall filter-galerija-en filter-lovre-en eg-novosti-2-wrapper eg-post-id-3047\" data-date=\"1596978267\">\n    <div class=\"esg-media-cover-wrapper\">\n<div class=\"esg-entry-media\"><img src=\"https:\/\/galerijajaksic.com\/wp-content\/plugins\/essential-grid\/public\/assets\/images\/300x200transparent.png\" data-lazythumb=\"https:\/\/galerijajaksic.com\/wp-content\/uploads\/2020\/10\/lovre_jaksic_izlozba_sculpture11-25x25.jpg\" data-no-lazy=\"1\" data-lazysrc=\"https:\/\/galerijajaksic.com\/wp-content\/uploads\/2020\/10\/lovre_jaksic_izlozba_sculpture11.jpg\" alt=\"Lovre_jaksic_hrvatski_kipar\" width=\"1200\" height=\"1200\"><\/div>\n\n            <div class=\"esg-entry-cover esg-transition\" data-delay=\"0\" data-duration=\"deafult\" data-clickable=\"on\" data-transition=\"esg-fade\">\n\n<a class=\"eg-invisiblebutton\" href=\"https:\/\/galerijajaksic.com\/en\/miroslav-pelikans-review-of-the-exhibition-of-our-sculptor-lovro-jaksic\/\" target=\"_self\"><\/a>                <div class=\"esg-overlay esg-transition eg-novosti-2-container\" data-delay=\"0\" data-duration=\"default\" data-transition=\"esg-fade\"><\/div>\n\n\t\t\t\t<div class=\"esg-center eg-post-3047 eg-novosti-2-element-0\">Miroslav Pelikan's review of the exhibition of our sculptor Lovre Jak\u0161i\u0107<\/div>\n\t\t\t\t<div class=\"esg-center eg-post-3047 eg-novosti-2-element-3\">August 9, 2020<\/div>\n           <\/div>\n   <\/div>\n\n<\/li>\n<li id=\"eg-21-post-id-3059_3843\" data-skin=\"novosti-2\" class=\"filterall filter-galerija-en filter-lovre-en eg-novosti-2-wrapper eg-post-id-3059\" data-date=\"1596805776\">\n    <div class=\"esg-media-cover-wrapper\">\n<div class=\"esg-entry-media\"><img src=\"https:\/\/galerijajaksic.com\/wp-content\/plugins\/essential-grid\/public\/assets\/images\/300x200transparent.png\" data-lazythumb=\"https:\/\/galerijajaksic.com\/wp-content\/uploads\/2020\/10\/tomislav-bekavac26-25x25.jpg\" data-no-lazy=\"1\" data-lazysrc=\"https:\/\/galerijajaksic.com\/wp-content\/uploads\/2020\/10\/tomislav-bekavac26.jpg\" alt=\"Lovre_jaksic_hrvatski_kipar\" width=\"1200\" height=\"1200\"><\/div>\n\n            <div class=\"esg-entry-cover esg-transition\" data-delay=\"0\" data-duration=\"deafult\" data-clickable=\"on\" data-transition=\"esg-fade\">\n\n<a class=\"eg-invisiblebutton\" href=\"https:\/\/galerijajaksic.com\/en\/exhibition-by-lovro-jaksic-entitled-records-from-the-inner-quarry\/\" target=\"_self\"><\/a>                <div class=\"esg-overlay esg-transition eg-novosti-2-container\" data-delay=\"0\" data-duration=\"default\" data-transition=\"esg-fade\"><\/div>\n\n\t\t\t\t<div class=\"esg-center eg-post-3059 eg-novosti-2-element-0\">Exhibition by Lovre Jak\u0161i\u0107 entitled \"Records from the inner quarry\"<\/div>\n\t\t\t\t<div class=\"esg-center eg-post-3059 eg-novosti-2-element-3\">August 7, 2020<\/div>\n           <\/div>\n   <\/div>\n\n<\/li>\n<li id=\"eg-21-post-id-3048_5036\" data-skin=\"novosti-2\" class=\"filterall filter-galerija-en filter-lovre-en eg-novosti-2-wrapper eg-post-id-3048\" data-date=\"1586955882\">\n    <div class=\"esg-media-cover-wrapper\">\n<div class=\"esg-entry-media\"><img src=\"https:\/\/galerijajaksic.com\/wp-content\/plugins\/essential-grid\/public\/assets\/images\/300x200transparent.png\" data-lazythumb=\"https:\/\/galerijajaksic.com\/wp-content\/uploads\/2020\/05\/Lovre_Jaksic_Kamene_skulpture_bijeli_bra\u010dki_kamen6-25x25.jpg\" data-no-lazy=\"1\" data-lazysrc=\"https:\/\/galerijajaksic.com\/wp-content\/uploads\/2020\/05\/Lovre_Jaksic_Kamene_skulpture_bijeli_bra\u010dki_kamen6.jpg\" alt=\"Model u glini Lovre Jaksic\" width=\"1500\" height=\"1500\"><\/div>\n\n            <div class=\"esg-entry-cover esg-transition\" data-delay=\"0\" data-duration=\"deafult\" data-clickable=\"on\" data-transition=\"esg-fade\">\n\n<a class=\"eg-invisiblebutton\" href=\"https:\/\/galerijajaksic.com\/en\/lovre-is-preparing-an-exhibition\/\" target=\"_self\"><\/a>                <div class=\"esg-overlay esg-transition eg-novosti-2-container\" data-delay=\"0\" data-duration=\"default\" data-transition=\"esg-fade\"><\/div>\n\n\t\t\t\t<div class=\"esg-center eg-post-3048 eg-novosti-2-element-0\">Lovre is preparing an exhibition<\/div>\n\t\t\t\t<div class=\"esg-center eg-post-3048 eg-novosti-2-element-3\">April 15, 2020<\/div>\n           <\/div>\n   <\/div>\n\n<\/li>\n<li id=\"eg-21-post-id-3057_9119\" data-skin=\"novosti-2\" class=\"filterall filter-dina-en filter-galerija-en filter-ida-en filter-kamen-en filter-lovre-en filter-post-format-link eg-novosti-2-wrapper eg-post-id-3057\" data-date=\"1570194544\">\n    <div class=\"esg-media-cover-wrapper\">\n<div class=\"esg-entry-media\"><img src=\"https:\/\/galerijajaksic.com\/wp-content\/plugins\/essential-grid\/public\/assets\/images\/300x200transparent.png\" data-lazythumb=\"https:\/\/galerijajaksic.com\/wp-content\/uploads\/2019\/11\/emisija-Puls_z\u030civot-u-kamenu_jaksici2-25x25.jpg\" data-no-lazy=\"1\" data-lazysrc=\"https:\/\/galerijajaksic.com\/wp-content\/uploads\/2019\/11\/emisija-Puls_z\u030civot-u-kamenu_jaksici2.jpg\" alt=\"Emisija Puls \u017divot od Kamena\" width=\"720\" height=\"720\"><\/div>\n\n            <div class=\"esg-entry-cover esg-transition\" data-delay=\"0\" data-duration=\"deafult\" data-clickable=\"on\" data-transition=\"esg-fade\">\n\n<a class=\"eg-invisiblebutton\" href=\"https:\/\/galerijajaksic.com\/en\/about-jaksic-in-the-show-pulse\/\" target=\"_self\"><\/a>                <div class=\"esg-overlay esg-transition eg-novosti-2-container\" data-delay=\"0\" data-duration=\"default\" data-transition=\"esg-fade\"><\/div>\n\n\t\t\t\t<div class=\"esg-center eg-post-3057 eg-novosti-2-element-0\">About Jaksic in the show \"Pulse\"<\/div>\n\t\t\t\t<div class=\"esg-center eg-post-3057 eg-novosti-2-element-3\">October 4, 2019<\/div>\n           <\/div>\n   <\/div>\n\n<\/li>\n<li id=\"eg-21-post-id-3073_5048\" data-skin=\"novosti-2\" class=\"filterall filter-galerija-en filter-lovre-en filter-post-format-link eg-novosti-2-wrapper eg-post-id-3073\" data-date=\"1564060707\">\n    <div class=\"esg-media-cover-wrapper\">\n<div class=\"esg-entry-media\"><img src=\"https:\/\/galerijajaksic.com\/wp-content\/plugins\/essential-grid\/public\/assets\/images\/300x200transparent.png\" data-lazythumb=\"https:\/\/galerijajaksic.com\/wp-content\/uploads\/2019\/11\/Lovre_jaksic_kamene_skulpture2-25x25.jpg\" data-no-lazy=\"1\" data-lazysrc=\"https:\/\/galerijajaksic.com\/wp-content\/uploads\/2019\/11\/Lovre_jaksic_kamene_skulpture2.jpg\" alt=\"Lovre_jaksic_kamene_skulpture\" width=\"1080\" height=\"1080\"><\/div>\n\n            <div class=\"esg-entry-cover esg-transition\" data-delay=\"0\" data-duration=\"deafult\" data-clickable=\"on\" data-transition=\"esg-fade\">\n\n<a class=\"eg-invisiblebutton\" href=\"https:\/\/galerijajaksic.com\/en\/interview-with-our-sculptor-lovro-jaksic\/\" target=\"_self\"><\/a>                <div class=\"esg-overlay esg-transition eg-novosti-2-container\" data-delay=\"0\" data-duration=\"default\" data-transition=\"esg-fade\"><\/div>\n\n\t\t\t\t<div class=\"esg-center eg-post-3073 eg-novosti-2-element-0\">Interview with our sculptor Lovre Jak\u0161i\u0107<\/div>\n\t\t\t\t<div class=\"esg-center eg-post-3073 eg-novosti-2-element-3\">July 25, 2019<\/div>\n           <\/div>\n   <\/div>\n\n<\/li>\n<li id=\"eg-21-post-id-3066_1466\" data-skin=\"novosti-2\" class=\"filterall filter-galerija-en filter-lovre-en eg-novosti-2-wrapper eg-post-id-3066\" data-date=\"1541423811\">\n    <div class=\"esg-media-cover-wrapper\">\n<div class=\"esg-entry-media\"><img src=\"https:\/\/galerijajaksic.com\/wp-content\/plugins\/essential-grid\/public\/assets\/images\/300x200transparent.png\" data-lazythumb=\"https:\/\/galerijajaksic.com\/wp-content\/uploads\/2018\/12\/3.lovre_jaksic_skulptura5-25x25.jpg\" data-no-lazy=\"1\" data-lazysrc=\"https:\/\/galerijajaksic.com\/wp-content\/uploads\/2018\/12\/3.lovre_jaksic_skulptura5.jpg\" alt=\"\" width=\"1200\" height=\"1200\"><\/div>\n\n            <div class=\"esg-entry-cover esg-transition\" data-delay=\"0\" data-duration=\"deafult\" data-clickable=\"on\" data-transition=\"esg-fade\">\n\n<a class=\"eg-invisiblebutton\" href=\"https:\/\/galerijajaksic.com\/en\/new-sculpture\/\" target=\"_self\"><\/a>                <div class=\"esg-overlay esg-transition eg-novosti-2-container\" data-delay=\"0\" data-duration=\"default\" data-transition=\"esg-fade\"><\/div>\n\n\t\t\t\t<div class=\"esg-center eg-post-3066 eg-novosti-2-element-0\">New sculpture<\/div>\n\t\t\t\t<div class=\"esg-center eg-post-3066 eg-novosti-2-element-3\">November 5, 2018<\/div>\n           <\/div>\n   <\/div>\n\n<\/li>\n<\/ul>\n<article class=\"esg-filters esg-singlefilters\" style=\"margin-top: 10px; text-align: center; \"><div class=\"esg-pagination  esg-fgc-21\" style=\"margin-left: 2.5px; margin-right: 2.5px;\"><\/div><\/article><div class=\"esg-clear-no-height\"><\/div>    <\/div>\n\n<\/article>\n<div class=\"clear\"><\/div>\n[\/vc_column_text][\/vc_column][\/vc_row]<\/p>\n","protected":false},"excerpt":{"rendered":"<p>[vc_row][vc_column width=&#8221;1\/3&#8243;][vc_single_image image=&#8221;480&#8243; img_size=&#8221;326&#215;270&#8243; alignment=&#8221;center&#8221; onclick=&#8221;link_image&#8221; css_animation=&#8221;fadeIn&#8221;][\/vc_column][vc_column width=&#8221;2\/3&#8243;][vc_column_text]Lovre Jak\u0161i\u0107 is an academic sculptor who, from the very beginning of his schooling, has actively created art for<span class=\"excerpt-hellip\"> [\u2026]<\/span><\/p>\n","protected":false},"author":1,"featured_media":2698,"parent":0,"menu_order":0,"comment_status":"closed","ping_status":"closed","template":"","meta":[],"_links":{"self":[{"href":"https:\/\/galerijajaksic.com\/en\/wp-json\/wp\/v2\/pages\/2951"}],"collection":[{"href":"https:\/\/galerijajaksic.com\/en\/wp-json\/wp\/v2\/pages"}],"about":[{"href":"https:\/\/galerijajaksic.com\/en\/wp-json\/wp\/v2\/types\/page"}],"author":[{"embeddable":true,"href":"https:\/\/galerijajaksic.com\/en\/wp-json\/wp\/v2\/users\/1"}],"replies":[{"embeddable":true,"href":"https:\/\/galerijajaksic.com\/en\/wp-json\/wp\/v2\/comments?post=2951"}],"version-history":[{"count":28,"href":"https:\/\/galerijajaksic.com\/en\/wp-json\/wp\/v2\/pages\/2951\/revisions"}],"predecessor-version":[{"id":3278,"href":"https:\/\/galerijajaksic.com\/en\/wp-json\/wp\/v2\/pages\/2951\/revisions\/3278"}],"wp:featuredmedia":[{"embeddable":true,"href":"https:\/\/galerijajaksic.com\/en\/wp-json\/wp\/v2\/media\/2698"}],"wp:attachment":[{"href":"https:\/\/galerijajaksic.com\/en\/wp-json\/wp\/v2\/media?parent=2951"}],"curies":[{"name":"wp","href":"https:\/\/api.w.org\/{rel}","templated":true}]}}